{"id":951,"date":"2014-01-29T10:55:52","date_gmt":"2014-01-29T09:55:52","guid":{"rendered":"https:\/\/www.vanhellenberghubar.org\/?page_id=951"},"modified":"2025-02-09T15:55:54","modified_gmt":"2025-02-09T14:55:54","slug":"biografie","status":"publish","type":"page","link":"https:\/\/www.vanhellenberghubar.org\/index.php\/biografie\/biografie\/","title":{"rendered":"Biografie Bernadette"},"content":{"rendered":"<p><a href=\"https:\/\/i0.wp.com\/www.vanhellenberghubar.org\/wp-content\/uploads\/2019\/12\/15972817263_67642a852d_o.jpg?ssl=1\"><img data-recalc-dims=\"1\" loading=\"lazy\" decoding=\"async\" data-attachment-id=\"16204\" data-permalink=\"https:\/\/www.vanhellenberghubar.org\/index.php\/biografie\/biografie\/15972817263_67642a852d_o\/#main\" data-orig-file=\"https:\/\/i0.wp.com\/www.vanhellenberghubar.org\/wp-content\/uploads\/2019\/12\/15972817263_67642a852d_o.jpg?fit=3456%2C2304&amp;ssl=1\" data-orig-size=\"3456,2304\" data-comments-opened=\"0\" data-image-meta=\"{&quot;aperture&quot;:&quot;9&quot;,&quot;credit&quot;:&quot;&quot;,&quot;camera&quot;:&quot;Canon EOS 350D DIGITAL&quot;,&quot;caption&quot;:&quot;&quot;,&quot;created_timestamp&quot;:&quot;1253274259&quot;,&quot;copyright&quot;:&quot;&quot;,&quot;focal_length&quot;:&quot;18&quot;,&quot;iso&quot;:&quot;200&quot;,&quot;shutter_speed&quot;:&quot;0.005&quot;,&quot;title&quot;:&quot;&quot;,&quot;orientation&quot;:&quot;1&quot;}\" data-image-title=\"15972817263_67642a852d_o\" data-image-description=\"\" data-image-caption=\"\" data-medium-file=\"https:\/\/i0.wp.com\/www.vanhellenberghubar.org\/wp-content\/uploads\/2019\/12\/15972817263_67642a852d_o.jpg?fit=800%2C533&amp;ssl=1\" data-large-file=\"https:\/\/i0.wp.com\/www.vanhellenberghubar.org\/wp-content\/uploads\/2019\/12\/15972817263_67642a852d_o.jpg?fit=640%2C427&amp;ssl=1\" class=\"alignnone wp-image-16204 size-large\" title=\"Bernadette in de Picardie met Kunst der Vormen. Foto Poul de Haan 2010.\" src=\"https:\/\/i0.wp.com\/www.vanhellenberghubar.org\/wp-content\/uploads\/2019\/12\/15972817263_67642a852d_o.jpg?resize=640%2C427&#038;ssl=1\" alt=\"Bernadette in de Picardie met Kunst der Vormen. Foto Poul de Haan 2010.\" width=\"640\" height=\"427\" srcset=\"https:\/\/i0.wp.com\/www.vanhellenberghubar.org\/wp-content\/uploads\/2019\/12\/15972817263_67642a852d_o.jpg?resize=1024%2C683&amp;ssl=1 1024w, https:\/\/i0.wp.com\/www.vanhellenberghubar.org\/wp-content\/uploads\/2019\/12\/15972817263_67642a852d_o.jpg?resize=300%2C200&amp;ssl=1 300w, https:\/\/i0.wp.com\/www.vanhellenberghubar.org\/wp-content\/uploads\/2019\/12\/15972817263_67642a852d_o.jpg?resize=800%2C533&amp;ssl=1 800w, https:\/\/i0.wp.com\/www.vanhellenberghubar.org\/wp-content\/uploads\/2019\/12\/15972817263_67642a852d_o.jpg?resize=768%2C512&amp;ssl=1 768w, https:\/\/i0.wp.com\/www.vanhellenberghubar.org\/wp-content\/uploads\/2019\/12\/15972817263_67642a852d_o.jpg?w=1280&amp;ssl=1 1280w, https:\/\/i0.wp.com\/www.vanhellenberghubar.org\/wp-content\/uploads\/2019\/12\/15972817263_67642a852d_o.jpg?w=1920&amp;ssl=1 1920w\" sizes=\"auto, (max-width: 640px) 100vw, 640px\" \/><\/a><br \/>\n<i><span style=\"font-size: 11pt;\">Bernadette van Hellenberg Hubar geeft uitleg bij een monument in Frankrijk (foto: Poul de Haan 2010).<\/span><\/i><\/p>\n<p>Bernadette van Hellenberg Hubar (1956) studeerde kunstgeschiedenis aan de Rijksuniversiteit te Utrecht en promoveerde aan de Katholieke Universiteit te Nijmegen op het proefschrift <i>Arbeid &amp; Bezieling, De esthetica van P.J.H. Cuypers, J.A. Alberdingk Thijm en V.E.L. de Stuers, en de voorgevel van het Rijksmuseum <\/i>in <i> <\/i>1995. De handelseditie van 1997 werd bekroond met de Karel van Manderprijs van de Nederlandse vereniging van kunsthistorici. November 2013 verscheen van haar hand <i>De genade van de steiger, monumentale kerkelijke schilderkunst uit het interbellum<\/i>, dat naar een idee en onder leiding van Gerard van Wezel van de Rijksdienst voor het Cultureel Erfgoed (<a href=\"http:\/\/www.cultureelerfgoed.nl\" target=\"_blank\" rel=\"noopener\">RCE<\/a>) werd uitgevoerd en door de Walburg Pers is uitgegeven. Dit boek, waarover hierna meer, is inmiddels uitverkocht!<\/p>\n<p>Het volgende project, waaraan ze van 2013 tot 2016 heeft gewerkt, was de monografie over de nieuwe Bavo te Haarlem. Dit boek over het kerkelijke meesterwerk van Joseph Th.J. Cuypers, zoon van Pierre J.H. Cuypers is geschreven in opdracht van de Stichting Kathedrale Basiliek Sint Bavo &#8211; op initiatief van de Rijksdienst voor het Cultureel Erfgoed (<a href=\"http:\/\/www.cultureelerfgoed.nl\" target=\"_blank\" rel=\"noopener\">RCE<\/a>) &#8211; en uitgegeven door WBOOKS te Zwolle. Het boek is sinds 2019 nog maar <a href=\"https:\/\/www.vanhellenberghubar.org\/index.php\/projecten\/nieuwe-bavokathedraal\/bestel-het-boek\/\">beperkt verkrijgbaar<\/a>. Hieronder volgt meer informatie.<\/p>\n<p><span style=\"color: #ebda8a;\">&#8230;<\/span><br \/>\n<a href=\"https:\/\/i0.wp.com\/www.vanhellenberghubar.org\/wp-content\/uploads\/2018\/03\/Recensie-Nieuwe-Bavo-WoordDienst-bitly.png?ssl=1\"><img data-recalc-dims=\"1\" loading=\"lazy\" decoding=\"async\" data-attachment-id=\"11169\" data-permalink=\"https:\/\/www.vanhellenberghubar.org\/index.php\/biografie\/biografie\/recensie-nieuwe-bavo-woorddienst-bitly\/#main\" data-orig-file=\"https:\/\/i0.wp.com\/www.vanhellenberghubar.org\/wp-content\/uploads\/2018\/03\/Recensie-Nieuwe-Bavo-WoordDienst-bitly.png?fit=2482%2C1755&amp;ssl=1\" data-orig-size=\"2482,1755\" data-comments-opened=\"0\" data-image-meta=\"{&quot;aperture&quot;:&quot;0&quot;,&quot;credit&quot;:&quot;&quot;,&quot;camera&quot;:&quot;&quot;,&quot;caption&quot;:&quot;&quot;,&quot;created_timestamp&quot;:&quot;0&quot;,&quot;copyright&quot;:&quot;&quot;,&quot;focal_length&quot;:&quot;0&quot;,&quot;iso&quot;:&quot;0&quot;,&quot;shutter_speed&quot;:&quot;0&quot;,&quot;title&quot;:&quot;&quot;,&quot;orientation&quot;:&quot;0&quot;}\" data-image-title=\"Recensie Nieuwe Bavo Woord&#038;Dienst (bitly)\" data-image-description=\"\" data-image-caption=\"\" data-medium-file=\"https:\/\/i0.wp.com\/www.vanhellenberghubar.org\/wp-content\/uploads\/2018\/03\/Recensie-Nieuwe-Bavo-WoordDienst-bitly.png?fit=600%2C424&amp;ssl=1\" data-large-file=\"https:\/\/i0.wp.com\/www.vanhellenberghubar.org\/wp-content\/uploads\/2018\/03\/Recensie-Nieuwe-Bavo-WoordDienst-bitly.png?fit=640%2C453&amp;ssl=1\" class=\"alignnone wp-image-11169 size-large\" src=\"https:\/\/i0.wp.com\/www.vanhellenberghubar.org\/wp-content\/uploads\/2018\/03\/Recensie-Nieuwe-Bavo-WoordDienst-bitly.png?resize=640%2C453&#038;ssl=1\" alt=\"\" width=\"640\" height=\"453\" srcset=\"https:\/\/i0.wp.com\/www.vanhellenberghubar.org\/wp-content\/uploads\/2018\/03\/Recensie-Nieuwe-Bavo-WoordDienst-bitly.png?resize=1024%2C724&amp;ssl=1 1024w, https:\/\/i0.wp.com\/www.vanhellenberghubar.org\/wp-content\/uploads\/2018\/03\/Recensie-Nieuwe-Bavo-WoordDienst-bitly.png?resize=300%2C212&amp;ssl=1 300w, https:\/\/i0.wp.com\/www.vanhellenberghubar.org\/wp-content\/uploads\/2018\/03\/Recensie-Nieuwe-Bavo-WoordDienst-bitly.png?resize=600%2C424&amp;ssl=1 600w, https:\/\/i0.wp.com\/www.vanhellenberghubar.org\/wp-content\/uploads\/2018\/03\/Recensie-Nieuwe-Bavo-WoordDienst-bitly.png?resize=768%2C543&amp;ssl=1 768w, https:\/\/i0.wp.com\/www.vanhellenberghubar.org\/wp-content\/uploads\/2018\/03\/Recensie-Nieuwe-Bavo-WoordDienst-bitly.png?w=1280&amp;ssl=1 1280w, https:\/\/i0.wp.com\/www.vanhellenberghubar.org\/wp-content\/uploads\/2018\/03\/Recensie-Nieuwe-Bavo-WoordDienst-bitly.png?w=1920&amp;ssl=1 1920w\" sizes=\"auto, (max-width: 640px) 100vw, 640px\" \/><\/a><br \/>\n<i><span style=\"font-size: 11pt;\">Een van de vondsten bij het onderzoek naar de nieuwe Bavo die (ook) in de pers aansloeg is die van de Unvollendete. Download&nbsp;<a href=\"http:\/\/bit.ly\/2rkFAV2\" target=\"_blank\" rel=\"noopener noreferrer\">hier<\/a>&nbsp;de PDF-versie van deze recensie. Het boek is te bestellen via<span class=\"_5yi-\"> deze <a href=\"https:\/\/www.vanhellenberghubar.org\/index.php\/ad-orientem\/\">link<\/a>.&nbsp;<\/span><\/span><\/i><\/p>\n<p><i><span style=\"color: #800000;\">Expertise<\/span> <span style=\"color: #800000;\"> \u2014<\/span> <\/i>Bernadette van Hellenberg Hubar profileerde zich als cultureel ondernemer en productontwikkelaar op het raakvlak van cultuurhistorie en juridisch instrumentarium. De basis hiervoor is gelegd gedurende 15 jaar secretariaat van het Cuypersgenootschap dat in 1997 de <a title=\"Prins Bernhardfondsprijs 1997 Cuypersgenootschap\" href=\"http:\/\/bit.ly\/2IfakCh-CG\" target=\"_blank\" rel=\"noopener\"> Prins Bernhardfondsprijs <\/a> toegekend kreeg voor de combinatie van wetenschappelijk onderzoek en juridisch optreden. Vanaf de entree van de nota Belvedere in 1999 is Bernadette op zoek gegaan naar methodes die inzetten op ruimtelijke bescherming en ontwikkeling. Een van deze producten &#8211; Praktijkboek en Concordans Atlas Sint Geertruid (Margraten) &#8211; die ze met Margreeth Bangert heeft uitgewerkt, werd in 2003 onderscheiden. Met name op het gebied van het stellen van waarden heeft Bernadette een bijzondere expertise die onder meer resulteerde in de <a title=\"De erfgoedSWOT\u00a9\" href=\"https:\/\/www.vanhellenberghubar.org\/index.php\/biografie\/erfgoedswot\/\" target=\"_blank\" rel=\"noopener\"><i>erfgoedSWOT\u00a9<\/i><\/a><i>, <\/i>bedacht bij het traceren van kernkwaliteiten voor wederopbouwgebieden in opdracht van het ministerie van OC&amp;W (2010). Door haar kennis van beleid en regelgeving, kan ze als weinig anderen waardestellingen synchroniseren met erfgoedprocedures. Dat is ook van pas gekomen bij grootschalige projecten als de herbestemming van Landgoed Rhederhof in samenwerking met Friso Woudstra Architecten te Vorden.<\/p>\n<p><i><span style=\"color: #800000;\">Uitvinder \u2014<\/span> <\/i>Bernadette van Hellenberg Hubar staat voor de inhoudelijke kant van het vak. Naast haar eigen projecten, begeleidt ze onderzoekers, verzorgt collegiale toetsen en participeert als coauteur. Daarnaast heeft ze grote interesse in het bedenken van nieuwe producten. Ze ontwikkelde in 2003 de formule voor <i>Fiscaal verhaal\u00a9<\/i> voor Rijksmonumenten en in 2004 het <span id=\"planologisch-erfgoedregime\" class=\"sta-anchor \" aria-hidden=\"true\">Planologisch erfgoedregime<\/span> (<i>PER\u00a9<\/i>) voor gemeenten, dat een modern alternatief biedt voor de klassieke monumentenverordening. De afgelopen jaren is dit bij bestemmingsplangebieden in Maastricht en Eindhoven ingevoerd. Het vernieuwende denken achter het (<i>PER\u00a9<\/i>) is gehonoreerd door minister Plasterk in de beleidsbrief MoMo (september 2009). Het beleid dat toen is ingezet heeft tot een wijziging van het B(esluit)ro geleid, waardoor het <i>PER\u00a9 <\/i>per 1 januari 2012 voortaan direct wettelijk verankerd was. Vanaf dat moment had het bovengrondse erfgoed heeft in het bestemmingsplan dezelfde status als het bodemarchief. In 2013 heeft ze met haar vroegere bureau Res nova een variant van het <i>PER\u00a9 <\/i>voor de gemeente Bunschoten afgerond. Het&nbsp;<i>PER\u00a9 <\/i> is actueler dan ooit, want met de nieuwe omgevingswet wordt planologische bescherming van erfgoed ge\u00efnstitutionaliseerd in de opvolger van het bestemmingsplan, het omgevingsplan (2021).<a href=\"https:\/\/cultureelerfgoed.nl\/dossiers\/omgevingswet\/cultureel-erfgoed-in-de-omgevingswet\" target=\"_blank\" rel=\"noopener\">*<\/a><\/p>\n<p><a href=\"https:\/\/i0.wp.com\/www.vanhellenberghubar.org\/wp-content\/uploads\/2019\/12\/23364882555_59cbdda5d2_o.jpg?ssl=1\"><img data-recalc-dims=\"1\" loading=\"lazy\" decoding=\"async\" data-attachment-id=\"16203\" data-permalink=\"https:\/\/www.vanhellenberghubar.org\/index.php\/biografie\/biografie\/23364882555_59cbdda5d2_o\/#main\" data-orig-file=\"https:\/\/i0.wp.com\/www.vanhellenberghubar.org\/wp-content\/uploads\/2019\/12\/23364882555_59cbdda5d2_o.jpg?fit=651%2C919&amp;ssl=1\" data-orig-size=\"651,919\" data-comments-opened=\"0\" data-image-meta=\"{&quot;aperture&quot;:&quot;0&quot;,&quot;credit&quot;:&quot;&quot;,&quot;camera&quot;:&quot;&quot;,&quot;caption&quot;:&quot;&quot;,&quot;created_timestamp&quot;:&quot;0&quot;,&quot;copyright&quot;:&quot;&quot;,&quot;focal_length&quot;:&quot;0&quot;,&quot;iso&quot;:&quot;0&quot;,&quot;shutter_speed&quot;:&quot;0&quot;,&quot;title&quot;:&quot;&quot;,&quot;orientation&quot;:&quot;1&quot;}\" data-image-title=\"23364882555_59cbdda5d2_o\" data-image-description=\"\" data-image-caption=\"\" data-medium-file=\"https:\/\/i0.wp.com\/www.vanhellenberghubar.org\/wp-content\/uploads\/2019\/12\/23364882555_59cbdda5d2_o.jpg?fit=567%2C800&amp;ssl=1\" data-large-file=\"https:\/\/i0.wp.com\/www.vanhellenberghubar.org\/wp-content\/uploads\/2019\/12\/23364882555_59cbdda5d2_o.jpg?fit=640%2C903&amp;ssl=1\" class=\"alignnone wp-image-16203 size-full\" title=\"Biografie | PER\u00a9 brochure 2010\" src=\"https:\/\/i0.wp.com\/www.vanhellenberghubar.org\/wp-content\/uploads\/2019\/12\/23364882555_59cbdda5d2_o.jpg?resize=640%2C903&#038;ssl=1\" alt=\"Biografie | PER\u00a9 brochure 2010\" width=\"640\" height=\"903\" srcset=\"https:\/\/i0.wp.com\/www.vanhellenberghubar.org\/wp-content\/uploads\/2019\/12\/23364882555_59cbdda5d2_o.jpg?w=651&amp;ssl=1 651w, https:\/\/i0.wp.com\/www.vanhellenberghubar.org\/wp-content\/uploads\/2019\/12\/23364882555_59cbdda5d2_o.jpg?resize=213%2C300&amp;ssl=1 213w, https:\/\/i0.wp.com\/www.vanhellenberghubar.org\/wp-content\/uploads\/2019\/12\/23364882555_59cbdda5d2_o.jpg?resize=567%2C800&amp;ssl=1 567w\" sizes=\"auto, (max-width: 640px) 100vw, 640px\" \/><\/a><br \/>\n<i><span style=\"font-size: 11pt;\"><span style=\"font-size: 11pt;\">Een van de uitvindingen is het Planologisch erfgoedregime of PER\u00a9 dat al vanaf 2005 in Maastricht wordt gebruikt. Dit type bescherming wordt <\/span><span style=\"font-size: 14.6667px;\">ge\u00efnstitutionaliseerd in de <a href=\"https:\/\/aandeslagmetdeomgevingswet.nl\/omgevingswet\/\" target=\"_blank\" rel=\"noopener\">Omgevingswet<\/a> die per 2021 in werking treedt.<\/span><span style=\"font-size: 11pt;\">&nbsp;De brochure kan gedownload worden via <\/span><a style=\"font-size: 11pt;\" href=\"http:\/\/bit.ly\/2wiVwOC-PER-Brochure\">http:\/\/bit.ly\/2wiVwOC-PER-Brochure<\/a><span style=\"font-size: 11pt;\">.<\/span><\/span><\/i><\/p>\n<p><i><span style=\"color: #800000;\">Erfgoedspel \u2014 <\/span> <\/i>In het kader van de verdere ontwikkeling van de portfolio in de erfgoedsector heeft Bernadette van Hellenberg Hubar samen met <a title=\"Lost again\" href=\"http:\/\/www.lostagain.nl\" target=\"_blank\" rel=\"noopener\">Lost again<\/a> in 2008 deel 2 van de <a href=\"https:\/\/www.vanhellenberghubar.org\/index.php\/homo-ludens\/erfgoedproducties\/cuyperscode\/\">Cuyperscode<\/a> voltooid, een erfgoedspel dat vanaf de lancering in oktober 2007 ruim 80.000 bezoeken heeft getrokken. Bernadette tekende voor het script en schreef hiervoor enkele gedichten en <i>fanfictions<\/i> (historische korte verhalen), Lost again bouwde de engine. De Cuyperscode is op verschillende middelbare scholen gespeeld.<\/p>\n<p><i><span style=\"color: #800000;\">Gedichten \u2014 <\/span> <\/i>Als <i>homo ludens<\/i> kreeg Bernadette van Hellenberg Hubar in 2008 de gelegenheid om een nieuwe weg in te slaan met cultuurhistorie. Tijdens verschillende excursies, georganiseerd door Kunst der Vormen en haar reis naar China, kwam ze op het idee om gedichten op locatie te schrijven. Heel apart was de opdracht van de Rechtbank Roermond voor een bundel over rechtspraak in Roermond, die werd uitgevoerd in samenwerking met kunstenares Annelei Engelberts (2013-2014). Meer informatie daarover is te vinden onder deze <a href=\"https:\/\/www.vanhellenberghubar.org\/index.php\/homo-ludens\/dichtwerk\/\">link<\/a>.<\/p>\n<p><span style=\"color: #800000;\"><i>Interbellumboek \u2014 <\/i><\/span>Eind 2013 is het <a title=\"De genade van de steiger\" href=\"https:\/\/www.vanhellenberghubar.org\/?page_id=10\" target=\"_blank\" rel=\"noopener\">boek<\/a> <i>De genade van de steiger, Monumentale kerkelijke schilderkunst uit het interbellum<\/i>, verschenen, dat geschreven is in opdracht van de Rijksdienst voor het Cultureel Erfgoed: Ter introductie schreef Bernadette van Hellenberg Hubar hierover:<\/p>\n<blockquote><p><i>&#8216;Zo\u2019n verzameling schilders kan je aardig bezig houden. Tijdens het onderzoek regende het vondsten. Iedere keer weer kwamen er verrassende zaken tevoorschijn. Omdat ook de aanloop naar het interbellum in kaart is gebracht, hebben we nu een goed beeld gekregen van de invloed van de Beuroner school op de monumentale schilderkunst. Die was niet alleen veel groter dan algemeen wordt gedacht, maar vooral h\u00e9\u00e9l anders. Dat valt op als je het werk van Anton Derkinderen plaatst naast dat van Jan en Kees Dunselman, of F.H. Bach vergelijkt met Joan Collette en Piet Gerrits. Zowel de verschillen als de overeenkomsten maken het heel spannend. Onder meer hierdoor kunnen we nu voor de eerste keer de vinger leggen op de betekenis van het katholieke werk van Jan Toorop. Naast de kunstenaars die tot zijn richting horen &#8211; met grote namen als Anton Molkenboer en Chris Lebeau &#8211; heb je de kunstenaars van de expressionistische stam met figuren als Joep Nicolas, Henri Jonas, Matthieu Wiegman, Otto van Rees, Charles Eyck, Jaap Mes et cetera. Via de kunstkritiek is het gelukt meer greep op dit gezelschap te krijgen, waarbij vooral de rol van de Franse filosoof Jacques Maritain tevoorschijn komt. Daarnaast heeft ook de liturgische stijlstrijd grote gevolgen gehad. De veelheid van invloeden en factoren heeft in het interbellum tot een indrukwekkende vari\u00ebteit aan artistieke producten geleid, waaronder veel monumentaal werk met een grote K&#8217;.<\/i><\/p><\/blockquote>\n<p>Een beknopt overzicht van de inhoud van het boek is te vinden in de <a title=\"Samenvatting van \u2018De genade van de steiger\u2019\" href=\"https:\/\/www.vanhellenberghubar.org\/index.php\/projecten\/de-genade-van-de-steiger\/test\/\">samenvatting<\/a> op deze site. Daar wordt ook duidelijk gemaakt wat de kunstenaars Joan Collette en Anton Molkenboer nu precies bedoelden met<em> \u2018de genade van de steiger\u2019<\/em>.&nbsp;<br \/>\nOverigens is ook dit boek <a href=\"https:\/\/www.vanhellenberghubar.org\/index.php\/projecten\/de-genade-van-de-steiger\/bestellen\/\">uitverkocht<\/a>.<\/p>\n<p><a href=\"https:\/\/i0.wp.com\/www.vanhellenberghubar.org\/wp-content\/uploads\/2019\/12\/9372499474_c8c999a0f8_o.jpg?ssl=1\"><img data-recalc-dims=\"1\" loading=\"lazy\" decoding=\"async\" data-attachment-id=\"16202\" data-permalink=\"https:\/\/www.vanhellenberghubar.org\/index.php\/biografie\/biografie\/9372499474_c8c999a0f8_o\/#main\" data-orig-file=\"https:\/\/i0.wp.com\/www.vanhellenberghubar.org\/wp-content\/uploads\/2019\/12\/9372499474_c8c999a0f8_o.jpg?fit=3648%2C2736&amp;ssl=1\" data-orig-size=\"3648,2736\" data-comments-opened=\"0\" data-image-meta=\"{&quot;aperture&quot;:&quot;4&quot;,&quot;credit&quot;:&quot;&quot;,&quot;camera&quot;:&quot;DMC-TZ7&quot;,&quot;caption&quot;:&quot;&quot;,&quot;created_timestamp&quot;:&quot;1372761825&quot;,&quot;copyright&quot;:&quot;&quot;,&quot;focal_length&quot;:&quot;4.1&quot;,&quot;iso&quot;:&quot;80&quot;,&quot;shutter_speed&quot;:&quot;0.003125&quot;,&quot;title&quot;:&quot;&quot;,&quot;orientation&quot;:&quot;1&quot;}\" data-image-title=\"9372499474_c8c999a0f8_o\" data-image-description=\"&lt;p&gt;Biografie | De beelden rond de apsis van de nieuwe Bavo te Haarlem tijdens de restauratie. Foto bvhh.nu 2013.&lt;\/p&gt;\n\" data-image-caption=\"\" data-medium-file=\"https:\/\/i0.wp.com\/www.vanhellenberghubar.org\/wp-content\/uploads\/2019\/12\/9372499474_c8c999a0f8_o.jpg?fit=800%2C600&amp;ssl=1\" data-large-file=\"https:\/\/i0.wp.com\/www.vanhellenberghubar.org\/wp-content\/uploads\/2019\/12\/9372499474_c8c999a0f8_o.jpg?fit=640%2C480&amp;ssl=1\" class=\"alignnone wp-image-16202 size-large\" title=\"Biografie | De beelden rond de apsis van de nieuwe Bavo te Haarlem tijdens de restauratie. Foto bvhh.nu 2013.\" src=\"https:\/\/i0.wp.com\/www.vanhellenberghubar.org\/wp-content\/uploads\/2019\/12\/9372499474_c8c999a0f8_o.jpg?resize=640%2C480&#038;ssl=1\" alt=\"Biografie | De beelden rond de apsis van de nieuwe Bavo te Haarlem tijdens de restauratie. Foto bvhh.nu 2013.\" width=\"640\" height=\"480\" srcset=\"https:\/\/i0.wp.com\/www.vanhellenberghubar.org\/wp-content\/uploads\/2019\/12\/9372499474_c8c999a0f8_o.jpg?resize=1024%2C768&amp;ssl=1 1024w, https:\/\/i0.wp.com\/www.vanhellenberghubar.org\/wp-content\/uploads\/2019\/12\/9372499474_c8c999a0f8_o.jpg?resize=300%2C225&amp;ssl=1 300w, https:\/\/i0.wp.com\/www.vanhellenberghubar.org\/wp-content\/uploads\/2019\/12\/9372499474_c8c999a0f8_o.jpg?resize=800%2C600&amp;ssl=1 800w, https:\/\/i0.wp.com\/www.vanhellenberghubar.org\/wp-content\/uploads\/2019\/12\/9372499474_c8c999a0f8_o.jpg?resize=768%2C576&amp;ssl=1 768w, https:\/\/i0.wp.com\/www.vanhellenberghubar.org\/wp-content\/uploads\/2019\/12\/9372499474_c8c999a0f8_o.jpg?w=1280&amp;ssl=1 1280w, https:\/\/i0.wp.com\/www.vanhellenberghubar.org\/wp-content\/uploads\/2019\/12\/9372499474_c8c999a0f8_o.jpg?w=1920&amp;ssl=1 1920w\" sizes=\"auto, (max-width: 640px) 100vw, 640px\" \/><\/a><br \/>\n<span style=\"font-size: 11pt;\"><i>De beelden rond de apsis van de nieuwe Bavo te Haarlem tijdens de restauratie. Foto bvhh.nu 2013.<\/i> <\/span><\/p>\n<p><span style=\"color: #800000;\"><em>Nieuwe Bavo \u2014<\/em> <\/span>Was <em>De genade van de steiger<\/em> al zo&#8217;n bijzonder project, het onderzoek naar de nieuwe Bavo weet dat te evenaren, zo niet te overtreffen.&nbsp; Zelden is over het programma van een kerk zo diepgaand nagedacht, in dit geval met name door Joseph Cuypers en de bouwheer, de latere bisschop A.J. Callier. Hoewel er vrijwel voortdurend geldgebrek was, slaagden zij er toch in hun kathedraal te realiseren zonder al te veel concessies aan de kwaliteit. Die wordt niet alleen door het artistieke niveau bepaald, maar ook door de hoge mate van ambachtelijkheid, waarmee het gebouw en zijn inrichting zijn uitgevoerd. De idee\u00ebn die v\u00f3\u00f3r 1900 ontwikkeld werden over de boodschap die de nieuwe Bavo in architectuur en uitmonstering moest uitdragen zijn tot na de jaren 1950 actueel gebleven. Ook de nieuwe tijdslagen die in het kader van de huidige restauratie aan de kathedraal worden toegevoegd zijn daar voor een belangrijk deel op ge\u00ebnt.&nbsp; Zo vormt de nieuwe Bavo het podium van ruim een eeuw artistieke uitdrukkingsvormen, waarin beeld, uitvoering en inhoud elkaar completeren. Het boek kan via deze <a href=\"https:\/\/www.vanhellenberghubar.org\/index.php\/projecten\/nieuwe-bavokathedraal\/ad-orientem\/\">link<\/a> besteld worden.<\/p>\n<p><span style=\"color: #800000;\"><em>Overige publicaties \u2014<\/em> <\/span>Behalve deze twee grote werken heeft Bernadette van Hellenberg Hubar de afgelopen jaren verschillende andere sleutelpublicaties afgerond:<\/p>\n<ul>\n<li>de monografie over de <a href=\"https:\/\/www.vanhellenberghubar.org\/index.php\/projecten\/merkelbeek\/\">Clemenskerk<\/a> in Merkelbeek.<\/li>\n<li>de waardestelling van het oeuvre van <a href=\"https:\/\/www.vanhellenberghubar.org\/index.php\/projecten\/glas\/annemiek-punt\/\">Annemiek Punt<\/a> in de monografie van Joost de Wal over de glazenier.<\/li>\n<li>het E-boek over de schilderingen van Jojanneke Post naar het werk van Kees Dunselman in de <a href=\"https:\/\/www.vanhellenberghubar.org\/index.php\/projecten\/de-laurentius-elisabethkathedraal-te-rotterdam\/\">kathedraal van Rotterdam<\/a>.<\/li>\n<\/ul>\n<p>Hoewel geen publicatie in de formele zin van het woord, mag hier ook het project <a href=\"https:\/\/www.vanhellenberghubar.org\/index.php\/projecten\/kunst-in-breda\/\">#KunstinBreda<\/a> genoemd worden met waardestellingen van het onroerende kerkelijke erfgoed in de gemeente Breda.<\/p>\n<p>Deze publicaties waren geen van alle tot stand gekomen zonder de inbreng van vennoot Marij Coenen die met straffe hand de redactie voert.<\/p>\n<p><span style=\"color: #800000;\"><i>Recent \u2014<\/i><\/span> Een overzicht van de activiteiten waar Bernadette van Hellenberg Hubar &amp; Marij Coenen verder mee bezig zijn, is te vinden op LinkedIn<a href=\"http:\/\/www.linkedin.com\/in\/vanhellenberghubar\">*<\/a> en op deze site onder het tabblad <a title=\"Werk in uitvoering\" href=\"https:\/\/www.vanhellenberghubar.org\/index.php\/projecten\/werk-in-uitvoering\/\" target=\"_blank\" rel=\"noopener\">Projecten<\/a>.<\/p>\n<p><span style=\"color: #ebda8a;\"><a href=\"https:\/\/i0.wp.com\/www.vanhellenberghubar.org\/wp-content\/uploads\/2019\/12\/23339368846_0c84f72c53_o.png?ssl=1\"><img data-recalc-dims=\"1\" loading=\"lazy\" decoding=\"async\" data-attachment-id=\"16201\" data-permalink=\"https:\/\/www.vanhellenberghubar.org\/index.php\/biografie\/biografie\/23339368846_0c84f72c53_o\/#main\" data-orig-file=\"https:\/\/i0.wp.com\/www.vanhellenberghubar.org\/wp-content\/uploads\/2019\/12\/23339368846_0c84f72c53_o.png?fit=1015%2C1256&amp;ssl=1\" data-orig-size=\"1015,1256\" data-comments-opened=\"0\" data-image-meta=\"{&quot;aperture&quot;:&quot;0&quot;,&quot;credit&quot;:&quot;&quot;,&quot;camera&quot;:&quot;&quot;,&quot;caption&quot;:&quot;&quot;,&quot;created_timestamp&quot;:&quot;0&quot;,&quot;copyright&quot;:&quot;&quot;,&quot;focal_length&quot;:&quot;0&quot;,&quot;iso&quot;:&quot;0&quot;,&quot;shutter_speed&quot;:&quot;0&quot;,&quot;title&quot;:&quot;&quot;,&quot;orientation&quot;:&quot;0&quot;}\" data-image-title=\"Joep Nicolas, Hubertusraam pastorie Obrechtkerk Amsterdam (Sjaan van der Jagt-Pixelpolder 2011)\" data-image-description=\"&lt;p&gt;Joep Nicolas, Hubertusraam pastorie Obrechtkerk Amsterdam (Sjaan van der Jagt-Pixelpolder 2011)&lt;\/p&gt;\n\" data-image-caption=\"\" data-medium-file=\"https:\/\/i0.wp.com\/www.vanhellenberghubar.org\/wp-content\/uploads\/2019\/12\/23339368846_0c84f72c53_o.png?fit=646%2C800&amp;ssl=1\" data-large-file=\"https:\/\/i0.wp.com\/www.vanhellenberghubar.org\/wp-content\/uploads\/2019\/12\/23339368846_0c84f72c53_o.png?fit=640%2C791&amp;ssl=1\" class=\"alignnone size-large wp-image-16201\" src=\"https:\/\/i0.wp.com\/www.vanhellenberghubar.org\/wp-content\/uploads\/2019\/12\/23339368846_0c84f72c53_o.png?resize=640%2C791&#038;ssl=1\" alt=\"\" width=\"640\" height=\"791\" srcset=\"https:\/\/i0.wp.com\/www.vanhellenberghubar.org\/wp-content\/uploads\/2019\/12\/23339368846_0c84f72c53_o.png?resize=828%2C1024&amp;ssl=1 828w, https:\/\/i0.wp.com\/www.vanhellenberghubar.org\/wp-content\/uploads\/2019\/12\/23339368846_0c84f72c53_o.png?resize=242%2C300&amp;ssl=1 242w, https:\/\/i0.wp.com\/www.vanhellenberghubar.org\/wp-content\/uploads\/2019\/12\/23339368846_0c84f72c53_o.png?resize=768%2C950&amp;ssl=1 768w, https:\/\/i0.wp.com\/www.vanhellenberghubar.org\/wp-content\/uploads\/2019\/12\/23339368846_0c84f72c53_o.png?w=1015&amp;ssl=1 1015w\" sizes=\"auto, (max-width: 640px) 100vw, 640px\" \/><\/a><\/span><br \/>\n<i><span style=\"font-size: 11pt;\">Een van de meest bijzondere kunstenaars van het interbellumonderzoek is Joep Nicolas. Op deze site is een <a title=\"Joep Nicolas tussen de glazen\" href=\"https:\/\/www.vanhellenberghubar.org\/index.php\/projecten\/de-genade-van-de-steiger\/fragmenten-gvds\/joep-nicolas-glazen\/\" target=\"_blank\" rel=\"noopener\">fragment<\/a> uit &#8216;De genade van de steiger&#8217; geplaatst, waarin ook bovenstaand werk ter sprake komt; het Hubertusraam (1928) in de de pastorie van de Obrechtkerk te Amsterdam. De twee linker (noordelijke) ramen zijn aan Maria gewijd: linksboven zien we de Kroning van Maria, Koningin van de Rozenkrans. Linksonder staat een rozenstruik met rozenkrans, verwijzend naar de naam van de kerk: de vijf witte rozen staan voor de blijde geheimen van de rozenkrans, de vijf rode rozen voor de droevige geheimen en de vijf gouden rozen voor de glorievolle geheimen. Centraal is de parabel van goede herder weergegeven die verwijst naar pastoor Hoosemans als herder van de parochie. De ramen rechts (zuidelijk), waar je Jozef zou verwachten, zijn hier gewijd aan de patroon van de pastoor, Hubertus: rechtsboven zien we de bekering van Hubert met het hert dat in zijn gewei een kruis draagt; rechtsonder figureert de heilige als bisschop van Luik (Voor de datering en de iconografie zie de site <a title=\"Kunst in de Obrechtkerk\" href=\"http:\/\/www.obrechtkerk.nl\/kunst\/\" target=\"_blank\" rel=\"noopener\">obrechtkerk.nl<\/a>.).&nbsp;Foto: <a href=\"http:\/\/beeldbank.cultureelerfgoed.nl\/\" target=\"_blank\" rel=\"noopener\">RCE<\/a>-Sjaan van der Jagt\/Pixelpolder. <\/span><\/i><\/p>\n<p>Verkorte link van dit item: http:\/\/bit.ly\/Biografie-VHH-org<\/p>\n","protected":false},"excerpt":{"rendered":"<p>Bernadette van Hellenberg Hubar geeft uitleg bij een monument in Frankrijk (foto: Poul de Haan 2010). Bernadette van Hellenberg Hubar (1956) studeerde kunstgeschiedenis aan de Rijksuniversiteit te Utrecht en promoveerde aan de Katholieke Universiteit te Nijmegen op het proefschrift Arbeid &amp; Bezieling, De esthetica van P.J.H. Cuypers, J.A. Alberdingk Thijm en V.E.L. de Stuers, en [&hellip;]<\/p>\n","protected":false},"author":2,"featured_media":16204,"parent":161,"menu_order":45,"comment_status":"closed","ping_status":"closed","template":"","meta":{"ngg_post_thumbnail":0,"jetpack_post_was_ever_published":false,"footnotes":""},"tags":[268,111,9,45,160,339,4,123,71,1218,6,174,191,805,38,78,95],"class_list":["post-951","page","type-page","status-publish","has-post-thumbnail","hentry","tag-beheer-en-behoud","tag-cuyperiana","tag-de-genade-van-de-steiger","tag-eindhoven","tag-erfgoedproducties-2","tag-erfgoedswot","tag-interbellumboek","tag-j-a-alberdingk-thijm","tag-joep-nicolas","tag-joseph-th-j-cuypers","tag-monumentale-kunst","tag-monumentale-schilderkunst","tag-muurschilderingen-2","tag-nieuwe-bavo","tag-pierre-j-h-cuypers","tag-verhalenverteller","tag-waardenstelling"],"yoast_head":"<!-- This site is optimized with the Yoast SEO plugin v26.8 - https:\/\/yoast.com\/product\/yoast-seo-wordpress\/ -->\n<title>Biografie Bernadette - VanHellenbergHubar.org<\/title>\n<meta name=\"description\" content=\"De biografie is het enige stuk op mijn website dat in de derde persoon staat geschreven. Een tikkeltje ouderwets, maar een beetje decorum is nooit weg.\" \/>\n<meta name=\"robots\" content=\"index, follow, max-snippet:-1, max-image-preview:large, max-video-preview:-1\" \/>\n<link rel=\"canonical\" href=\"https:\/\/www.vanhellenberghubar.org\/index.php\/biografie\/biografie\/\" \/>\n<meta property=\"og:locale\" content=\"nl_NL\" \/>\n<meta property=\"og:type\" content=\"article\" \/>\n<meta property=\"og:title\" content=\"Biografie Bernadette - VanHellenbergHubar.org\" \/>\n<meta property=\"og:description\" content=\"De biografie is het enige stuk op mijn website dat in de derde persoon staat geschreven. Een tikkeltje ouderwets, maar een beetje decorum is nooit weg.\" \/>\n<meta property=\"og:url\" content=\"https:\/\/www.vanhellenberghubar.org\/index.php\/biografie\/biografie\/\" \/>\n<meta property=\"og:site_name\" content=\"VanHellenbergHubar.org\" \/>\n<meta property=\"article:publisher\" content=\"https:\/\/www.facebook.com\/bern4dette\" \/>\n<meta property=\"article:modified_time\" content=\"2025-02-09T14:55:54+00:00\" \/>\n<meta property=\"og:image\" content=\"https:\/\/www.vanhellenberghubar.org\/wp-content\/uploads\/2019\/12\/15972817263_67642a852d_o-1024x683.jpg\" \/>\n\t<meta property=\"og:image:width\" content=\"1024\" \/>\n\t<meta property=\"og:image:height\" content=\"683\" \/>\n\t<meta property=\"og:image:type\" content=\"image\/jpeg\" \/>\n<meta name=\"twitter:label1\" content=\"Geschatte leestijd\" \/>\n\t<meta name=\"twitter:data1\" content=\"9 minuten\" \/>\n<script type=\"application\/ld+json\" class=\"yoast-schema-graph\">{\"@context\":\"https:\/\/schema.org\",\"@graph\":[{\"@type\":\"WebPage\",\"@id\":\"https:\/\/www.vanhellenberghubar.org\/index.php\/biografie\/biografie\/\",\"url\":\"https:\/\/www.vanhellenberghubar.org\/index.php\/biografie\/biografie\/\",\"name\":\"Biografie Bernadette - VanHellenbergHubar.org\",\"isPartOf\":{\"@id\":\"https:\/\/www.vanhellenberghubar.org\/#website\"},\"primaryImageOfPage\":{\"@id\":\"https:\/\/www.vanhellenberghubar.org\/index.php\/biografie\/biografie\/#primaryimage\"},\"image\":{\"@id\":\"https:\/\/www.vanhellenberghubar.org\/index.php\/biografie\/biografie\/#primaryimage\"},\"thumbnailUrl\":\"https:\/\/i0.wp.com\/www.vanhellenberghubar.org\/wp-content\/uploads\/2019\/12\/15972817263_67642a852d_o.jpg?fit=3456%2C2304&ssl=1\",\"datePublished\":\"2014-01-29T09:55:52+00:00\",\"dateModified\":\"2025-02-09T14:55:54+00:00\",\"description\":\"De biografie is het enige stuk op mijn website dat in de derde persoon staat geschreven. Een tikkeltje ouderwets, maar een beetje decorum is nooit weg.\",\"breadcrumb\":{\"@id\":\"https:\/\/www.vanhellenberghubar.org\/index.php\/biografie\/biografie\/#breadcrumb\"},\"inLanguage\":\"nl-NL\",\"potentialAction\":[{\"@type\":\"ReadAction\",\"target\":[\"https:\/\/www.vanhellenberghubar.org\/index.php\/biografie\/biografie\/\"]}]},{\"@type\":\"ImageObject\",\"inLanguage\":\"nl-NL\",\"@id\":\"https:\/\/www.vanhellenberghubar.org\/index.php\/biografie\/biografie\/#primaryimage\",\"url\":\"https:\/\/i0.wp.com\/www.vanhellenberghubar.org\/wp-content\/uploads\/2019\/12\/15972817263_67642a852d_o.jpg?fit=3456%2C2304&ssl=1\",\"contentUrl\":\"https:\/\/i0.wp.com\/www.vanhellenberghubar.org\/wp-content\/uploads\/2019\/12\/15972817263_67642a852d_o.jpg?fit=3456%2C2304&ssl=1\",\"width\":3456,\"height\":2304},{\"@type\":\"BreadcrumbList\",\"@id\":\"https:\/\/www.vanhellenberghubar.org\/index.php\/biografie\/biografie\/#breadcrumb\",\"itemListElement\":[{\"@type\":\"ListItem\",\"position\":1,\"name\":\"Home\",\"item\":\"https:\/\/www.vanhellenberghubar.org\/\"},{\"@type\":\"ListItem\",\"position\":2,\"name\":\"Over ons\",\"item\":\"https:\/\/www.vanhellenberghubar.org\/index.php\/biografie\/\"},{\"@type\":\"ListItem\",\"position\":3,\"name\":\"Biografie Bernadette\"}]},{\"@type\":\"WebSite\",\"@id\":\"https:\/\/www.vanhellenberghubar.org\/#website\",\"url\":\"https:\/\/www.vanhellenberghubar.org\/\",\"name\":\"VanHellenbergHubar.org\",\"description\":\"Kunst, cultuur &amp; erfgoed\",\"publisher\":{\"@id\":\"https:\/\/www.vanhellenberghubar.org\/#organization\"},\"potentialAction\":[{\"@type\":\"SearchAction\",\"target\":{\"@type\":\"EntryPoint\",\"urlTemplate\":\"https:\/\/www.vanhellenberghubar.org\/?s={search_term_string}\"},\"query-input\":{\"@type\":\"PropertyValueSpecification\",\"valueRequired\":true,\"valueName\":\"search_term_string\"}}],\"inLanguage\":\"nl-NL\"},{\"@type\":\"Organization\",\"@id\":\"https:\/\/www.vanhellenberghubar.org\/#organization\",\"name\":\"VanHellenbergHubar.Org\",\"url\":\"https:\/\/www.vanhellenberghubar.org\/\",\"logo\":{\"@type\":\"ImageObject\",\"inLanguage\":\"nl-NL\",\"@id\":\"https:\/\/www.vanhellenberghubar.org\/#\/schema\/logo\/image\/\",\"url\":\"https:\/\/i1.wp.com\/www.vanhellenberghubar.org\/wp-content\/uploads\/2015\/11\/BVHH_logo_basis1-kleiner.png?fit=456%2C506&ssl=1\",\"contentUrl\":\"https:\/\/i1.wp.com\/www.vanhellenberghubar.org\/wp-content\/uploads\/2015\/11\/BVHH_logo_basis1-kleiner.png?fit=456%2C506&ssl=1\",\"width\":456,\"height\":506,\"caption\":\"VanHellenbergHubar.Org\"},\"image\":{\"@id\":\"https:\/\/www.vanhellenberghubar.org\/#\/schema\/logo\/image\/\"},\"sameAs\":[\"https:\/\/www.facebook.com\/bern4dette\",\"https:\/\/x.com\/Bern4dette\",\"https:\/\/www.instagram.com\/bernadettevanhellenberghubar\/\",\"https:\/\/www.linkedin.com\/in\/vanhellenberghubar\/\",\"https:\/\/nl.pinterest.com\/bern4dette\/\",\"https:\/\/www.youtube.com\/channel\/UCYTa5JeAX_BImf33KUQDBYA\"]}]}<\/script>\n<!-- \/ Yoast SEO plugin. -->","yoast_head_json":{"title":"Biografie Bernadette - VanHellenbergHubar.org","description":"De biografie is het enige stuk op mijn website dat in de derde persoon staat geschreven. Een tikkeltje ouderwets, maar een beetje decorum is nooit weg.","robots":{"index":"index","follow":"follow","max-snippet":"max-snippet:-1","max-image-preview":"max-image-preview:large","max-video-preview":"max-video-preview:-1"},"canonical":"https:\/\/www.vanhellenberghubar.org\/index.php\/biografie\/biografie\/","og_locale":"nl_NL","og_type":"article","og_title":"Biografie Bernadette - VanHellenbergHubar.org","og_description":"De biografie is het enige stuk op mijn website dat in de derde persoon staat geschreven. Een tikkeltje ouderwets, maar een beetje decorum is nooit weg.","og_url":"https:\/\/www.vanhellenberghubar.org\/index.php\/biografie\/biografie\/","og_site_name":"VanHellenbergHubar.org","article_publisher":"https:\/\/www.facebook.com\/bern4dette","article_modified_time":"2025-02-09T14:55:54+00:00","og_image":[{"width":1024,"height":683,"url":"https:\/\/www.vanhellenberghubar.org\/wp-content\/uploads\/2019\/12\/15972817263_67642a852d_o-1024x683.jpg","type":"image\/jpeg"}],"twitter_misc":{"Geschatte leestijd":"9 minuten"},"schema":{"@context":"https:\/\/schema.org","@graph":[{"@type":"WebPage","@id":"https:\/\/www.vanhellenberghubar.org\/index.php\/biografie\/biografie\/","url":"https:\/\/www.vanhellenberghubar.org\/index.php\/biografie\/biografie\/","name":"Biografie Bernadette - VanHellenbergHubar.org","isPartOf":{"@id":"https:\/\/www.vanhellenberghubar.org\/#website"},"primaryImageOfPage":{"@id":"https:\/\/www.vanhellenberghubar.org\/index.php\/biografie\/biografie\/#primaryimage"},"image":{"@id":"https:\/\/www.vanhellenberghubar.org\/index.php\/biografie\/biografie\/#primaryimage"},"thumbnailUrl":"https:\/\/i0.wp.com\/www.vanhellenberghubar.org\/wp-content\/uploads\/2019\/12\/15972817263_67642a852d_o.jpg?fit=3456%2C2304&ssl=1","datePublished":"2014-01-29T09:55:52+00:00","dateModified":"2025-02-09T14:55:54+00:00","description":"De biografie is het enige stuk op mijn website dat in de derde persoon staat geschreven. Een tikkeltje ouderwets, maar een beetje decorum is nooit weg.","breadcrumb":{"@id":"https:\/\/www.vanhellenberghubar.org\/index.php\/biografie\/biografie\/#breadcrumb"},"inLanguage":"nl-NL","potentialAction":[{"@type":"ReadAction","target":["https:\/\/www.vanhellenberghubar.org\/index.php\/biografie\/biografie\/"]}]},{"@type":"ImageObject","inLanguage":"nl-NL","@id":"https:\/\/www.vanhellenberghubar.org\/index.php\/biografie\/biografie\/#primaryimage","url":"https:\/\/i0.wp.com\/www.vanhellenberghubar.org\/wp-content\/uploads\/2019\/12\/15972817263_67642a852d_o.jpg?fit=3456%2C2304&ssl=1","contentUrl":"https:\/\/i0.wp.com\/www.vanhellenberghubar.org\/wp-content\/uploads\/2019\/12\/15972817263_67642a852d_o.jpg?fit=3456%2C2304&ssl=1","width":3456,"height":2304},{"@type":"BreadcrumbList","@id":"https:\/\/www.vanhellenberghubar.org\/index.php\/biografie\/biografie\/#breadcrumb","itemListElement":[{"@type":"ListItem","position":1,"name":"Home","item":"https:\/\/www.vanhellenberghubar.org\/"},{"@type":"ListItem","position":2,"name":"Over ons","item":"https:\/\/www.vanhellenberghubar.org\/index.php\/biografie\/"},{"@type":"ListItem","position":3,"name":"Biografie Bernadette"}]},{"@type":"WebSite","@id":"https:\/\/www.vanhellenberghubar.org\/#website","url":"https:\/\/www.vanhellenberghubar.org\/","name":"VanHellenbergHubar.org","description":"Kunst, cultuur &amp; erfgoed","publisher":{"@id":"https:\/\/www.vanhellenberghubar.org\/#organization"},"potentialAction":[{"@type":"SearchAction","target":{"@type":"EntryPoint","urlTemplate":"https:\/\/www.vanhellenberghubar.org\/?s={search_term_string}"},"query-input":{"@type":"PropertyValueSpecification","valueRequired":true,"valueName":"search_term_string"}}],"inLanguage":"nl-NL"},{"@type":"Organization","@id":"https:\/\/www.vanhellenberghubar.org\/#organization","name":"VanHellenbergHubar.Org","url":"https:\/\/www.vanhellenberghubar.org\/","logo":{"@type":"ImageObject","inLanguage":"nl-NL","@id":"https:\/\/www.vanhellenberghubar.org\/#\/schema\/logo\/image\/","url":"https:\/\/i1.wp.com\/www.vanhellenberghubar.org\/wp-content\/uploads\/2015\/11\/BVHH_logo_basis1-kleiner.png?fit=456%2C506&ssl=1","contentUrl":"https:\/\/i1.wp.com\/www.vanhellenberghubar.org\/wp-content\/uploads\/2015\/11\/BVHH_logo_basis1-kleiner.png?fit=456%2C506&ssl=1","width":456,"height":506,"caption":"VanHellenbergHubar.Org"},"image":{"@id":"https:\/\/www.vanhellenberghubar.org\/#\/schema\/logo\/image\/"},"sameAs":["https:\/\/www.facebook.com\/bern4dette","https:\/\/x.com\/Bern4dette","https:\/\/www.instagram.com\/bernadettevanhellenberghubar\/","https:\/\/www.linkedin.com\/in\/vanhellenberghubar\/","https:\/\/nl.pinterest.com\/bern4dette\/","https:\/\/www.youtube.com\/channel\/UCYTa5JeAX_BImf33KUQDBYA"]}]}},"jetpack_sharing_enabled":true,"jetpack-related-posts":[{"id":550,"url":"https:\/\/www.vanhellenberghubar.org\/index.php\/bibliodoc\/openbaar\/","url_meta":{"origin":951,"position":0},"title":"Het zoeklicht op &#8230;","author":"Bernadette van Hellenberg Hubar","date":"16 november 2013","format":false,"excerpt":"Het zoeklicht op ... betreft enkele titels uit Bibliodoc die \u00e0 la minute gedownload kunnen worden! De Heilige Linie van J.A. Alberdingk Thijm Van links naar rechts: Joseph A. Alberdingk Thijm, Joseph Th.J. Cuypers en Augustinus J. Callier.1\u00a0 Anno 2014 merkte ik steeds vaker wat een gemis het eigenlijk was\u2026","rel":"","context":"In &quot;Alberdingk Thijm&quot;","block_context":{"text":"Alberdingk Thijm","link":"https:\/\/www.vanhellenberghubar.org\/index.php\/category\/onderzoek\/alberdingk-thijm\/"},"img":{"alt_text":"","src":"https:\/\/i0.wp.com\/www.vanhellenberghubar.org\/wp-content\/uploads\/2019\/12\/10867487725_06afc0283b_o.png?resize=350%2C200&ssl=1","width":350,"height":200,"srcset":"https:\/\/i0.wp.com\/www.vanhellenberghubar.org\/wp-content\/uploads\/2019\/12\/10867487725_06afc0283b_o.png?resize=350%2C200&ssl=1 1x, https:\/\/i0.wp.com\/www.vanhellenberghubar.org\/wp-content\/uploads\/2019\/12\/10867487725_06afc0283b_o.png?resize=525%2C300&ssl=1 1.5x, https:\/\/i0.wp.com\/www.vanhellenberghubar.org\/wp-content\/uploads\/2019\/12\/10867487725_06afc0283b_o.png?resize=700%2C400&ssl=1 2x"},"classes":[]},{"id":3175,"url":"https:\/\/www.vanhellenberghubar.org\/index.php\/projecten\/merkelbeek\/verhalen-muur\/verder-lezen\/","url_meta":{"origin":951,"position":1},"title":"Verder lezen na het boek over de Clemenskerk","author":"Bernadette van Hellenberg Hubar","date":"31 juli 2014","format":false,"excerpt":"Een paar titels voor wie zich na Verhalen op de muur ((Hubar, Verhalen op de muur, schilderingen Clemenskerk te Merkelbeek, inkijkexemplaar.)) verder zou willen verdiepen: Polychromie Gage, J., Colour and culture, Practice and meaning from antiquity to abstraction, Londen 1993. Hubar, Bernadette van Hellenberg, De muziek van het licht, Cuypers\u2019\u2026","rel":"","context":"In &quot;Clemenskerk&quot;","block_context":{"text":"Clemenskerk","link":"https:\/\/www.vanhellenberghubar.org\/index.php\/category\/projecten-2\/clemenskerk\/"},"img":{"alt_text":"Clemens in de Clemensker van Merkelbeek (1901)","src":"https:\/\/i0.wp.com\/www.vanhellenberghubar.org\/wp-content\/uploads\/2014\/08\/14-03-Merkelbeek-mc-15-sep-14-98-Large.jpg?fit=1200%2C900&ssl=1&resize=350%2C200","width":350,"height":200,"srcset":"https:\/\/i0.wp.com\/www.vanhellenberghubar.org\/wp-content\/uploads\/2014\/08\/14-03-Merkelbeek-mc-15-sep-14-98-Large.jpg?fit=1200%2C900&ssl=1&resize=350%2C200 1x, https:\/\/i0.wp.com\/www.vanhellenberghubar.org\/wp-content\/uploads\/2014\/08\/14-03-Merkelbeek-mc-15-sep-14-98-Large.jpg?fit=1200%2C900&ssl=1&resize=525%2C300 1.5x, https:\/\/i0.wp.com\/www.vanhellenberghubar.org\/wp-content\/uploads\/2014\/08\/14-03-Merkelbeek-mc-15-sep-14-98-Large.jpg?fit=1200%2C900&ssl=1&resize=700%2C400 2x, https:\/\/i0.wp.com\/www.vanhellenberghubar.org\/wp-content\/uploads\/2014\/08\/14-03-Merkelbeek-mc-15-sep-14-98-Large.jpg?fit=1200%2C900&ssl=1&resize=1050%2C600 3x"},"classes":[]},{"id":1823,"url":"https:\/\/www.vanhellenberghubar.org\/index.php\/archief\/webitems\/bibliografie\/","url_meta":{"origin":951,"position":2},"title":"Bibliografie","author":"Bernadette van Hellenberg Hubar","date":"13 juni 2014","format":false,"excerpt":"Welkom bij de algemene bibliografie van deze site. Je bent hier waarschijnlijk terecht gekomen vanwege de verkorte titels die in de noten van verschillende verhalen worden gebruikt. Hierna is in het overzicht zowel de volledige titel opgenomen als een paragraaf met verkorte titels. Verder is de bibliografie gesplitst in: het\u2026","rel":"","context":"In &quot;Bern4dette&quot;","block_context":{"text":"Bern4dette","link":"https:\/\/www.vanhellenberghubar.org\/index.php\/category\/bern4dette\/"},"img":{"alt_text":"'De genade van de steiger' in de boekhandel.","src":"https:\/\/i0.wp.com\/www.vanhellenberghubar.org\/wp-content\/uploads\/2014\/06\/GvdS-Haarlem-boekhandel.jpg?fit=600%2C800&ssl=1&resize=350%2C200","width":350,"height":200,"srcset":"https:\/\/i0.wp.com\/www.vanhellenberghubar.org\/wp-content\/uploads\/2014\/06\/GvdS-Haarlem-boekhandel.jpg?fit=600%2C800&ssl=1&resize=350%2C200 1x, https:\/\/i0.wp.com\/www.vanhellenberghubar.org\/wp-content\/uploads\/2014\/06\/GvdS-Haarlem-boekhandel.jpg?fit=600%2C800&ssl=1&resize=525%2C300 1.5x"},"classes":[]},{"id":13230,"url":"https:\/\/www.vanhellenberghubar.org\/index.php\/archief\/webitems\/van-ingenestelde-stukken-het-gildeboek-en-een-dilemma\/","url_meta":{"origin":951,"position":3},"title":"Van ingenestelde stukken, het Gildeboek en een dilemma","author":"Bernadette van Hellenberg Hubar","date":"1 januari 2019","format":false,"excerpt":"Van ingenestelde stukken, het Gildeboek en een dilemma | Verhalen in het verschiet \u2014 Een mens komt zoveel tegen als hij bezig is met historische stukken. Rijp, maar vooral groen passeren allerlei zaken de revue. Bij een collectie gaat het dan niet alleen om de inhoud, maar ook om de\u2026","rel":"","context":"Soortgelijk bericht","block_context":{"text":"Soortgelijk bericht","link":""},"img":{"alt_text":"Het boek van Matheus van Can over Alberdingk Thijm dient tevens als opslagmedium voor allerlei stukken van en over Thijm. Foto bvhh.nu 2018.","src":"https:\/\/i0.wp.com\/www.vanhellenberghubar.org\/wp-content\/uploads\/2018\/05\/Proefschrift-van-Van-Can-als-opslagmedium-stukken-Thijm-JoCuy-1024x754.png?resize=350%2C200&ssl=1","width":350,"height":200,"srcset":"https:\/\/i0.wp.com\/www.vanhellenberghubar.org\/wp-content\/uploads\/2018\/05\/Proefschrift-van-Van-Can-als-opslagmedium-stukken-Thijm-JoCuy-1024x754.png?resize=350%2C200&ssl=1 1x, https:\/\/i0.wp.com\/www.vanhellenberghubar.org\/wp-content\/uploads\/2018\/05\/Proefschrift-van-Van-Can-als-opslagmedium-stukken-Thijm-JoCuy-1024x754.png?resize=525%2C300&ssl=1 1.5x"},"classes":[]},{"id":12101,"url":"https:\/\/www.vanhellenberghubar.org\/index.php\/archief\/webitems\/joseph-cuypers-collectie-bibliografie\/","url_meta":{"origin":951,"position":4},"title":"Joseph Cuypers Collectie bibliografie","author":"Bernadette van Hellenberg Hubar","date":"28 mei 2018","format":false,"excerpt":"Bij dit project is gekozen voor een aparte bibliografie on line ter ondersteuning van de verschillende blogs et cetera. De bronnen zijn deels opgemaakt met Zotero\u00a0en deels afkomstig uit oudere bibliografie\u00ebn, zoals die van De genade van de steiger en De nieuwe Bavo te Haarlem. Vandaar dat bij enkele titels\u2026","rel":"","context":"In \"bibliografie\"","block_context":{"text":"bibliografie","link":"https:\/\/www.vanhellenberghubar.org\/index.php\/tag\/bibliografie\/"},"img":{"alt_text":"De Joseph Cuypers Collectie op het gemeentearchief van Roermond bestaat niet alleen uit archiefstukken, maar ook uit ontwerpen, topografische tekeningen, foto\u2019s en boeken. Foto bvhh.nu 2018.","src":"https:\/\/i0.wp.com\/www.vanhellenberghubar.org\/wp-content\/uploads\/2018\/05\/JoCuy-IMG_4131.png?fit=1200%2C900&ssl=1&resize=350%2C200","width":350,"height":200,"srcset":"https:\/\/i0.wp.com\/www.vanhellenberghubar.org\/wp-content\/uploads\/2018\/05\/JoCuy-IMG_4131.png?fit=1200%2C900&ssl=1&resize=350%2C200 1x, https:\/\/i0.wp.com\/www.vanhellenberghubar.org\/wp-content\/uploads\/2018\/05\/JoCuy-IMG_4131.png?fit=1200%2C900&ssl=1&resize=525%2C300 1.5x, https:\/\/i0.wp.com\/www.vanhellenberghubar.org\/wp-content\/uploads\/2018\/05\/JoCuy-IMG_4131.png?fit=1200%2C900&ssl=1&resize=700%2C400 2x, https:\/\/i0.wp.com\/www.vanhellenberghubar.org\/wp-content\/uploads\/2018\/05\/JoCuy-IMG_4131.png?fit=1200%2C900&ssl=1&resize=1050%2C600 3x"},"classes":[]},{"id":9768,"url":"https:\/\/www.vanhellenberghubar.org\/index.php\/projecten\/de-laurentius-elisabethkathedraal-te-rotterdam\/een-boek-voor-de-bisschop\/","url_meta":{"origin":951,"position":5},"title":"Een boek voor de bisschop","author":"Bernadette van Hellenberg Hubar","date":"22 juli 2017","format":false,"excerpt":"Soms heb je van die ontmoetingen die heel verrassend zijn. Dat overkwam mij toen ik begin dit jaar de Laurentius-Elisabethkathedraal in Rotterdam bezocht voor een gesprek over de schilderingen in de apsis, waar onderzoek voor nodig was. Bij die gelegenheid maakte ik kennis met de bisschop, monseigneur dr Hans J.H.\u2026","rel":"","context":"In \"#GvdSteiger\"","block_context":{"text":"#GvdSteiger","link":"https:\/\/www.vanhellenberghubar.org\/index.php\/tag\/gvdsteiger\/"},"img":{"alt_text":"Screenshot bisdom Rotterdam 'De genade van de Steiger'","src":"https:\/\/i0.wp.com\/www.vanhellenberghubar.org\/wp-content\/uploads\/2017\/07\/Screenshot-website-bisdom-GvdSteiger.png?fit=1123%2C770&ssl=1&resize=350%2C200","width":350,"height":200,"srcset":"https:\/\/i0.wp.com\/www.vanhellenberghubar.org\/wp-content\/uploads\/2017\/07\/Screenshot-website-bisdom-GvdSteiger.png?fit=1123%2C770&ssl=1&resize=350%2C200 1x, https:\/\/i0.wp.com\/www.vanhellenberghubar.org\/wp-content\/uploads\/2017\/07\/Screenshot-website-bisdom-GvdSteiger.png?fit=1123%2C770&ssl=1&resize=525%2C300 1.5x, https:\/\/i0.wp.com\/www.vanhellenberghubar.org\/wp-content\/uploads\/2017\/07\/Screenshot-website-bisdom-GvdSteiger.png?fit=1123%2C770&ssl=1&resize=700%2C400 2x, https:\/\/i0.wp.com\/www.vanhellenberghubar.org\/wp-content\/uploads\/2017\/07\/Screenshot-website-bisdom-GvdSteiger.png?fit=1123%2C770&ssl=1&resize=1050%2C600 3x"},"classes":[]}],"jetpack_likes_enabled":true,"_links":{"self":[{"href":"https:\/\/www.vanhellenberghubar.org\/index.php\/wp-json\/wp\/v2\/pages\/951","targetHints":{"allow":["GET"]}}],"collection":[{"href":"https:\/\/www.vanhellenberghubar.org\/index.php\/wp-json\/wp\/v2\/pages"}],"about":[{"href":"https:\/\/www.vanhellenberghubar.org\/index.php\/wp-json\/wp\/v2\/types\/page"}],"author":[{"embeddable":true,"href":"https:\/\/www.vanhellenberghubar.org\/index.php\/wp-json\/wp\/v2\/users\/2"}],"replies":[{"embeddable":true,"href":"https:\/\/www.vanhellenberghubar.org\/index.php\/wp-json\/wp\/v2\/comments?post=951"}],"version-history":[{"count":70,"href":"https:\/\/www.vanhellenberghubar.org\/index.php\/wp-json\/wp\/v2\/pages\/951\/revisions"}],"predecessor-version":[{"id":19898,"href":"https:\/\/www.vanhellenberghubar.org\/index.php\/wp-json\/wp\/v2\/pages\/951\/revisions\/19898"}],"up":[{"embeddable":true,"href":"https:\/\/www.vanhellenberghubar.org\/index.php\/wp-json\/wp\/v2\/pages\/161"}],"wp:featuredmedia":[{"embeddable":true,"href":"https:\/\/www.vanhellenberghubar.org\/index.php\/wp-json\/wp\/v2\/media\/16204"}],"wp:attachment":[{"href":"https:\/\/www.vanhellenberghubar.org\/index.php\/wp-json\/wp\/v2\/media?parent=951"}],"wp:term":[{"taxonomy":"post_tag","embeddable":true,"href":"https:\/\/www.vanhellenberghubar.org\/index.php\/wp-json\/wp\/v2\/tags?post=951"}],"curies":[{"name":"wp","href":"https:\/\/api.w.org\/{rel}","templated":true}]}}