{"id":3780,"date":"2014-09-14T09:00:52","date_gmt":"2014-09-14T07:00:52","guid":{"rendered":"https:\/\/www.vanhellenberghubar.org\/?page_id=3780"},"modified":"2023-06-18T08:29:35","modified_gmt":"2023-06-18T06:29:35","slug":"joep-nicolas-glazen","status":"publish","type":"page","link":"https:\/\/www.vanhellenberghubar.org\/index.php\/projecten\/de-genade-van-de-steiger\/fragmenten-gvds\/joep-nicolas-glazen\/","title":{"rendered":"Joep Nicolas tussen de glazen"},"content":{"rendered":"<div id=\"ez-toc-container\" class=\"ez-toc-v2_0_82_2 counter-hierarchy ez-toc-counter ez-toc-custom ez-toc-container-direction\">\n<div class=\"ez-toc-title-container\">\n<p class=\"ez-toc-title\" style=\"cursor:inherit\">Table of Contents<\/p>\n<span class=\"ez-toc-title-toggle\"><a href=\"#\" class=\"ez-toc-pull-right ez-toc-btn ez-toc-btn-xs ez-toc-btn-default ez-toc-toggle\" aria-label=\"Toggle tabel met inhoud\"><span class=\"ez-toc-js-icon-con\"><span class=\"\"><span class=\"eztoc-hide\" style=\"display:none;\">Toggle<\/span><span class=\"ez-toc-icon-toggle-span\"><svg style=\"fill: #6c0001;color:#6c0001\" xmlns=\"http:\/\/www.w3.org\/2000\/svg\" class=\"list-377408\" width=\"20px\" height=\"20px\" viewBox=\"0 0 24 24\" fill=\"none\"><path d=\"M6 6H4v2h2V6zm14 0H8v2h12V6zM4 11h2v2H4v-2zm16 0H8v2h12v-2zM4 16h2v2H4v-2zm16 0H8v2h12v-2z\" fill=\"currentColor\"><\/path><\/svg><svg style=\"fill: #6c0001;color:#6c0001\" class=\"arrow-unsorted-368013\" xmlns=\"http:\/\/www.w3.org\/2000\/svg\" width=\"10px\" height=\"10px\" viewBox=\"0 0 24 24\" version=\"1.2\" baseProfile=\"tiny\"><path d=\"M18.2 9.3l-6.2-6.3-6.2 6.3c-.2.2-.3.4-.3.7s.1.5.3.7c.2.2.4.3.7.3h11c.3 0 .5-.1.7-.3.2-.2.3-.5.3-.7s-.1-.5-.3-.7zM5.8 14.7l6.2 6.3 6.2-6.3c.2-.2.3-.5.3-.7s-.1-.5-.3-.7c-.2-.2-.4-.3-.7-.3h-11c-.3 0-.5.1-.7.3-.2.2-.3.5-.3.7s.1.5.3.7z\"\/><\/svg><\/span><\/span><\/span><\/a><\/span><\/div>\n<nav><ul class='ez-toc-list ez-toc-list-level-1 ' ><li class='ez-toc-page-1 ez-toc-heading-level-3'><a class=\"ez-toc-link ez-toc-heading-1\" href=\"https:\/\/www.vanhellenberghubar.org\/index.php\/projecten\/de-genade-van-de-steiger\/fragmenten-gvds\/joep-nicolas-glazen\/#Inleiding_en_aanleiding_Nicolas_op_expositie\" >Inleiding en aanleiding: Nicolas op expositie<\/a><\/li><li class='ez-toc-page-1 ez-toc-heading-level-3'><a class=\"ez-toc-link ez-toc-heading-2\" href=\"https:\/\/www.vanhellenberghubar.org\/index.php\/projecten\/de-genade-van-de-steiger\/fragmenten-gvds\/joep-nicolas-glazen\/#Uit_paragraaf_73_Joep_Nicolas\" >Uit paragraaf 7.3 | Joep Nicolas<\/a><ul class='ez-toc-list-level-5' ><li class='ez-toc-heading-level-5'><ul class='ez-toc-list-level-5' ><li class='ez-toc-heading-level-5'><a class=\"ez-toc-link ez-toc-heading-3\" href=\"https:\/\/www.vanhellenberghubar.org\/index.php\/projecten\/de-genade-van-de-steiger\/fragmenten-gvds\/joep-nicolas-glazen\/#De_positie_van_de_Aflegging_van_Christus\" >De positie van de Aflegging van Christus<\/a><\/li><\/ul><\/li><li class='ez-toc-page-1 ez-toc-heading-level-4'><a class=\"ez-toc-link ez-toc-heading-4\" href=\"https:\/\/www.vanhellenberghubar.org\/index.php\/projecten\/de-genade-van-de-steiger\/fragmenten-gvds\/joep-nicolas-glazen\/#De_inspiratie_van_Derkinderen_en_de_Goudse_glazen\" >De inspiratie van Derkinderen en de Goudse glazen<\/a><ul class='ez-toc-list-level-5' ><li class='ez-toc-heading-level-5'><a class=\"ez-toc-link ez-toc-heading-5\" href=\"https:\/\/www.vanhellenberghubar.org\/index.php\/projecten\/de-genade-van-de-steiger\/fragmenten-gvds\/joep-nicolas-glazen\/#Nieuwe_barok\" >Nieuwe barok<\/a><\/li><li class='ez-toc-page-1 ez-toc-heading-level-5'><a class=\"ez-toc-link ez-toc-heading-6\" href=\"https:\/\/www.vanhellenberghubar.org\/index.php\/projecten\/de-genade-van-de-steiger\/fragmenten-gvds\/joep-nicolas-glazen\/#Derkinderen\" >Derkinderen<\/a><\/li><li class='ez-toc-page-1 ez-toc-heading-level-5'><a class=\"ez-toc-link ez-toc-heading-7\" href=\"https:\/\/www.vanhellenberghubar.org\/index.php\/projecten\/de-genade-van-de-steiger\/fragmenten-gvds\/joep-nicolas-glazen\/#Goudse_glazen\" >Goudse glazen<\/a><\/li><li class='ez-toc-page-1 ez-toc-heading-level-5'><a class=\"ez-toc-link ez-toc-heading-8\" href=\"https:\/\/www.vanhellenberghubar.org\/index.php\/projecten\/de-genade-van-de-steiger\/fragmenten-gvds\/joep-nicolas-glazen\/#Breda\" >Breda<\/a><\/li><li class='ez-toc-page-1 ez-toc-heading-level-5'><a class=\"ez-toc-link ez-toc-heading-9\" href=\"https:\/\/www.vanhellenberghubar.org\/index.php\/projecten\/de-genade-van-de-steiger\/fragmenten-gvds\/joep-nicolas-glazen\/#Pluriforme_kunstenaar\" >Pluriforme kunstenaar<\/a><\/li><\/ul><\/li><li class='ez-toc-page-1 ez-toc-heading-level-4'><a class=\"ez-toc-link ez-toc-heading-10\" href=\"https:\/\/www.vanhellenberghubar.org\/index.php\/projecten\/de-genade-van-de-steiger\/fragmenten-gvds\/joep-nicolas-glazen\/#Naschrift\" >Naschrift<\/a><\/li><\/ul><\/li><li class='ez-toc-page-1 ez-toc-heading-level-3'><a class=\"ez-toc-link ez-toc-heading-11\" href=\"https:\/\/www.vanhellenberghubar.org\/index.php\/projecten\/de-genade-van-de-steiger\/fragmenten-gvds\/joep-nicolas-glazen\/#Bronnen\" >Bronnen<\/a><\/li><li class='ez-toc-page-1 ez-toc-heading-level-3'><a class=\"ez-toc-link ez-toc-heading-12\" href=\"https:\/\/www.vanhellenberghubar.org\/index.php\/projecten\/de-genade-van-de-steiger\/fragmenten-gvds\/joep-nicolas-glazen\/#Afbeeldingen\" >Afbeeldingen<\/a><\/li><\/ul><\/nav><\/div>\n\n<h3><span class=\"ez-toc-section\" id=\"Inleiding_en_aanleiding_Nicolas_op_expositie\"><\/span>Inleiding en aanleiding: Nicolas op expositie<span class=\"ez-toc-section-end\"><\/span><\/h3>\n<p>2014 was voor liefhebbers van Joep Nicolas een bijzonder jaar. Een van de belangrijkste kunstenaars van het interbellum die in geen enkele vaste opstelling voorkomt van enig museum in Nederland, vormde zomaar het middelpunt van twee exposities: in het Cuypershuis te Roermond en bij Galerie Mariska Dirkx in dezelfde stad. Terwijl de ene tentoonstelling een mooi beeld gaf van de rijkdom van enkele plaatselijke collecties, dwong de andere respect af door de combinatie van Joep, Silvia en Diego Semprun Nicolas &#8211; om Max Weiss en Gis\u00e8le van Waterschoot van der Gracht niet te vergeten &#8211; en de tiende glasbi\u00ebnnale in Roermond. De tentoonstelling in het Cuypershuis was verlengd tot 22 februari 2015, die van Mariska Dirkx in de kruisgang van het Kartuizer klooster en bij haar in het vroegere atelier van Nicolas eindigde 12 oktober 2014 (<a href=\"http:\/\/bit.ly\/BiennaleX\">http:\/\/bit.ly\/BiennaleX<\/a>).<\/p>\n<p>Hoewel <em>De genade van de steiger <\/em>gaat over de monumentale kerkelijke schilderkunst uit het interbellum, bleek het onmogelijk om het glas-in-lood buiten beschouwing te laten. De meeste kunstenaars hebben zich namelijk veel meer met dat medium bezig gehouden dan met de muurschilderkunst. Dat is ook het geval bij Joep Nicolas wiens schilderingen niet gepositioneerd kunnen worden zonder zijn glazen daarbij te betrekken. Daarover lees je meer in het onderstaande fragment.<\/p>\n<p>Voor de uitleg van de verschillende termen en begrippen die in dit stuk gebruikt zijn &#8211; factuur, decorum, expressionisme, nieuwe barok et cetera &#8211; zie de <a href=\"https:\/\/www.vanhellenberghubar.org\/index.php\/projecten\/de-genade-van-de-steiger\/toegang\/termen-en-begrippen\/\">betreffende pagina op deze website<\/a>.<\/p>\n<p><a href=\"https:\/\/i0.wp.com\/www.vanhellenberghubar.org\/wp-content\/uploads\/2014\/08\/Nicolas-Johannes-Lambertuskerk.jpg?ssl=1\"><img data-recalc-dims=\"1\" loading=\"lazy\" decoding=\"async\" data-attachment-id=\"3875\" data-permalink=\"https:\/\/www.vanhellenberghubar.org\/index.php\/projecten\/de-genade-van-de-steiger\/fragmenten-gvds\/joep-nicolas-glazen\/nicolas-johannes-lambertuskerk\/#main\" data-orig-file=\"https:\/\/i0.wp.com\/www.vanhellenberghubar.org\/wp-content\/uploads\/2014\/08\/Nicolas-Johannes-Lambertuskerk.jpg?fit=533%2C800&amp;ssl=1\" data-orig-size=\"533,800\" data-comments-opened=\"0\" data-image-meta=\"{&quot;aperture&quot;:&quot;0&quot;,&quot;credit&quot;:&quot;&quot;,&quot;camera&quot;:&quot;&quot;,&quot;caption&quot;:&quot;&quot;,&quot;created_timestamp&quot;:&quot;0&quot;,&quot;copyright&quot;:&quot;&quot;,&quot;focal_length&quot;:&quot;0&quot;,&quot;iso&quot;:&quot;0&quot;,&quot;shutter_speed&quot;:&quot;0&quot;,&quot;title&quot;:&quot;&quot;,&quot;orientation&quot;:&quot;0&quot;}\" data-image-title=\"Joep Nicolas, Johannes, Lambertuskerk Maastricht.\" data-image-description=\"\" data-image-caption=\"\" data-medium-file=\"https:\/\/i0.wp.com\/www.vanhellenberghubar.org\/wp-content\/uploads\/2014\/08\/Nicolas-Johannes-Lambertuskerk.jpg?fit=199%2C300&amp;ssl=1\" data-large-file=\"https:\/\/i0.wp.com\/www.vanhellenberghubar.org\/wp-content\/uploads\/2014\/08\/Nicolas-Johannes-Lambertuskerk.jpg?fit=533%2C800&amp;ssl=1\" class=\"alignnone  wp-image-3875\" src=\"https:\/\/i0.wp.com\/www.vanhellenberghubar.org\/wp-content\/uploads\/2014\/08\/Nicolas-Johannes-Lambertuskerk.jpg?resize=279%2C419&#038;ssl=1\" alt=\"Joep Nicolas, Johannes, Lambertuskerk Maastricht.\" width=\"279\" height=\"419\" srcset=\"https:\/\/i0.wp.com\/www.vanhellenberghubar.org\/wp-content\/uploads\/2014\/08\/Nicolas-Johannes-Lambertuskerk.jpg?w=533&amp;ssl=1 533w, https:\/\/i0.wp.com\/www.vanhellenberghubar.org\/wp-content\/uploads\/2014\/08\/Nicolas-Johannes-Lambertuskerk.jpg?resize=199%2C300&amp;ssl=1 199w\" sizes=\"auto, (max-width: 279px) 100vw, 279px\" \/><\/a> <a href=\"https:\/\/i0.wp.com\/www.vanhellenberghubar.org\/wp-content\/uploads\/2014\/08\/Nicolas-Johannes-Asselt.jpg?ssl=1\"><img data-recalc-dims=\"1\" loading=\"lazy\" decoding=\"async\" data-attachment-id=\"3874\" data-permalink=\"https:\/\/www.vanhellenberghubar.org\/index.php\/projecten\/de-genade-van-de-steiger\/fragmenten-gvds\/joep-nicolas-glazen\/nicolas-johannes-asselt\/#main\" data-orig-file=\"https:\/\/i0.wp.com\/www.vanhellenberghubar.org\/wp-content\/uploads\/2014\/08\/Nicolas-Johannes-Asselt.jpg?fit=469%2C730&amp;ssl=1\" data-orig-size=\"469,730\" data-comments-opened=\"0\" data-image-meta=\"{&quot;aperture&quot;:&quot;0&quot;,&quot;credit&quot;:&quot;&quot;,&quot;camera&quot;:&quot;&quot;,&quot;caption&quot;:&quot;&quot;,&quot;created_timestamp&quot;:&quot;0&quot;,&quot;copyright&quot;:&quot;&quot;,&quot;focal_length&quot;:&quot;0&quot;,&quot;iso&quot;:&quot;0&quot;,&quot;shutter_speed&quot;:&quot;0&quot;,&quot;title&quot;:&quot;&quot;,&quot;orientation&quot;:&quot;0&quot;}\" data-image-title=\"Nicolas Johannes Asselt\" data-image-description=\"\" data-image-caption=\"\" data-medium-file=\"https:\/\/i0.wp.com\/www.vanhellenberghubar.org\/wp-content\/uploads\/2014\/08\/Nicolas-Johannes-Asselt.jpg?fit=192%2C300&amp;ssl=1\" data-large-file=\"https:\/\/i0.wp.com\/www.vanhellenberghubar.org\/wp-content\/uploads\/2014\/08\/Nicolas-Johannes-Asselt.jpg?fit=469%2C730&amp;ssl=1\" class=\"alignnone wp-image-3874\" title=\"Joep Nicolas, Johannes, crypte Dionysiuskerk Asselt\" src=\"https:\/\/i0.wp.com\/www.vanhellenberghubar.org\/wp-content\/uploads\/2014\/08\/Nicolas-Johannes-Asselt.jpg?resize=269%2C419&#038;ssl=1\" alt=\"Joep Nicolas, Johannes, crypte Dionysiuskerk Asselt\" width=\"269\" height=\"419\" srcset=\"https:\/\/i0.wp.com\/www.vanhellenberghubar.org\/wp-content\/uploads\/2014\/08\/Nicolas-Johannes-Asselt.jpg?w=469&amp;ssl=1 469w, https:\/\/i0.wp.com\/www.vanhellenberghubar.org\/wp-content\/uploads\/2014\/08\/Nicolas-Johannes-Asselt.jpg?resize=192%2C300&amp;ssl=1 192w\" sizes=\"auto, (max-width: 269px) 100vw, 269px\" \/><\/a><\/p>\n<p><span style=\"font-size: 11pt;\"><em>Joep Nicolas, Links: Johannes als onderdeel van de vier evangelistenramen in de Lambertuskerk te Maastricht (1923). Rechts: Johannes op Patmos in het zuiderportaal van de crypte te Asselt (1923-1924).<\/em> <a href=\"#afbeelding\">*<\/a><\/span><\/p>\n<h3><span class=\"ez-toc-section\" id=\"Uit_paragraaf_73_Joep_Nicolas\"><\/span>Uit paragraaf 7.3 | Joep Nicolas<span class=\"ez-toc-section-end\"><\/span><\/h3>\n<p>Ontleend aan: Bernadette van Hellenberg Hubar, Angelique Friedrichs en Gerard van Wezel,<em> De genade van de steiger <\/em>(<a title=\"RCE Genade van de steiger\" href=\"http:\/\/cultureelerfgoed.nl\/publicaties\/genade-van-de-steiger-monumentale-kerkelijke-schilderkunst-in-het-interbellum\" target=\"_blank\" rel=\"noopener\">Rijksdienst Cultureel Erfgoed<\/a> | <a title=\"Walburg Pers | Genade van de steiger\" href=\"https:\/\/web.archive.org\/web\/20140405004430\/http:\/\/www.walburgpers.nl:80\/site\/boek_detail.php?hfst_id=78&amp;hfst_id_parent=78&amp;boek_id=1118&amp;text=Hubar\" target=\"_blank\" rel=\"noopener\">Walburg Pers<\/a> 2013), pp. 402-407.<\/p>\n<h5><span class=\"ez-toc-section\" id=\"De_positie_van_de_Aflegging_van_Christus\"><\/span><strong><span style=\"color: #800000;\">De positie van de <em>Aflegging van Christus<\/em><\/span><\/strong><span class=\"ez-toc-section-end\"><\/span><\/h5>\n<p>Net als de schilderingen illustreert het raam in de crypte van Asselt hoe complex het is om Nicolas stilistisch te positioneren. Zelf beschrijft hij de stijl van dit werk als <em>\u2018atavistisch\u2019<\/em> (in de zin van primitief) en <em>\u2018romanesk\u2019<\/em>. Met dat laatste verwees hij waarschijnlijk niet naar de verhalende kant van de cyclus, maar \u2013 vergelijkbaar met wat Plasschaert deed \u2013 naar de figuratieve stijl uit de romaanse kunst. Deze stijl bood een schat aan equivalenten voor de expressionistische vormentaal. De koppen in het vroege glas-in-lood van Nicolas tonen bijvoorbeeld de amandelvormige hoofden met de dito ogen die onder meer voorkomen in de twaalfde-eeuwse Noodkist van de Servaaskerk te Maastricht. Hoe de kunstenaar het middeleeuwse idioom met de moderne stromingen verenigde wordt onder meer ge\u00efllustreerd door de serie evangelisten voor de Lambertuskerk in Maastricht (1923). De koppen van deze heiligen herinneren voor een deel aan middeleeuwse miniaturen, waarvan ook het scheve perspectief in de zetels is overgenomen. Heel opvallend is Johannes die in dezelfde pose is geplaatst als de ziener van Patmos in het zuiderportaal.<a href=\"#92\">92<\/a>&nbsp; Juist vanwege de typologische verwantschap demonstreren deze twee voorbeelden heel helder hoe groot het verschil is tussen de media glas-in-lood en muurschildering: tegenover de grote lijnen en matte kleuren van het laatste medium staat de polychrome schittering en detaillering van het eerste. De manier waarop Nicolas het repetitieve patroon in het gewaad van Johannes heeft verwerkt, reflecteert zijn enthousiasme voor de \u2018vroege\u2019 Thorn Prikker, bij wie de figuren eveneens de neiging hebben om op te lossen in de decoratieve abstractie van het platte vlak. In de verte roept dat weer associaties op met de gewaden van de vrouwenfiguren van Klimt van kort na 1900. Toen Nicolas eenmaal naam had gemaakt met de nieuwe barok, zou hij zich, in 1939, uitdrukkelijk van Klimt distanti\u00ebren, overigens in \u00e9\u00e9n adem met Toorop: beiden hoorden volgens hem tot de schilders die niet in staat waren om vanuit <em>\u2018de factuur der figuren [&#8230;] het vlak tot leven\u2019<\/em> te brengen.<a href=\"#93\">93<\/a><\/p>\n<p><a href=\"https:\/\/i0.wp.com\/www.vanhellenberghubar.org\/wp-content\/uploads\/2014\/08\/Nicolas-Catharina-Asselt.jpg?ssl=1\"><img data-recalc-dims=\"1\" loading=\"lazy\" decoding=\"async\" data-attachment-id=\"3873\" data-permalink=\"https:\/\/www.vanhellenberghubar.org\/index.php\/projecten\/de-genade-van-de-steiger\/fragmenten-gvds\/joep-nicolas-glazen\/nicolas-catharina-asselt\/#main\" data-orig-file=\"https:\/\/i0.wp.com\/www.vanhellenberghubar.org\/wp-content\/uploads\/2014\/08\/Nicolas-Catharina-Asselt-e1410604286865.jpg?fit=369%2C749&amp;ssl=1\" data-orig-size=\"369,749\" data-comments-opened=\"0\" data-image-meta=\"{&quot;aperture&quot;:&quot;0&quot;,&quot;credit&quot;:&quot;&quot;,&quot;camera&quot;:&quot;&quot;,&quot;caption&quot;:&quot;&quot;,&quot;created_timestamp&quot;:&quot;0&quot;,&quot;copyright&quot;:&quot;&quot;,&quot;focal_length&quot;:&quot;0&quot;,&quot;iso&quot;:&quot;0&quot;,&quot;shutter_speed&quot;:&quot;0&quot;,&quot;title&quot;:&quot;&quot;,&quot;orientation&quot;:&quot;0&quot;}\" data-image-title=\"Nicolas Catharina Asselt\" data-image-description=\"\" data-image-caption=\"&lt;p&gt;&lt;span style=&quot;font-size: 11pt;&quot;&gt;&lt;i&gt;Afb. 337 Joep Nicolas, Catharina in de Dionysiuskerk te Asselt (1923). ((147: Claire Nicolas White, Joep Nicolas, p. 29.))&lt;\/i&gt;&lt;\/span&gt;&lt;\/p&gt;\n\" data-medium-file=\"https:\/\/i0.wp.com\/www.vanhellenberghubar.org\/wp-content\/uploads\/2014\/08\/Nicolas-Catharina-Asselt-e1410604286865.jpg?fit=147%2C300&amp;ssl=1\" data-large-file=\"https:\/\/i0.wp.com\/www.vanhellenberghubar.org\/wp-content\/uploads\/2014\/08\/Nicolas-Catharina-Asselt-e1410604286865.jpg?fit=369%2C749&amp;ssl=1\" class=\"alignnone wp-image-3873\" title=\"Joep Nicolas, Catharina, Dionysiuskerk Asselt (1923).\" src=\"https:\/\/i0.wp.com\/www.vanhellenberghubar.org\/wp-content\/uploads\/2014\/08\/Nicolas-Catharina-Asselt-e1410604286865.jpg?resize=276%2C560&#038;ssl=1\" alt=\"Joep Nicolas, Catharina, Dionysiuskerk Asselt (1923).\" width=\"276\" height=\"560\"\/><\/a> <a href=\"https:\/\/i0.wp.com\/www.vanhellenberghubar.org\/wp-content\/uploads\/2014\/08\/Nicolas-Antoniusraam-Derkinderen.jpg?ssl=1\"><img data-recalc-dims=\"1\" loading=\"lazy\" decoding=\"async\" data-attachment-id=\"3882\" data-permalink=\"https:\/\/www.vanhellenberghubar.org\/index.php\/projecten\/de-genade-van-de-steiger\/fragmenten-gvds\/joep-nicolas-glazen\/nicolas-antoniusraam-derkinderen\/#main\" data-orig-file=\"https:\/\/i0.wp.com\/www.vanhellenberghubar.org\/wp-content\/uploads\/2014\/08\/Nicolas-Antoniusraam-Derkinderen.jpg?fit=291%2C616&amp;ssl=1\" data-orig-size=\"291,616\" data-comments-opened=\"0\" data-image-meta=\"{&quot;aperture&quot;:&quot;0&quot;,&quot;credit&quot;:&quot;&quot;,&quot;camera&quot;:&quot;&quot;,&quot;caption&quot;:&quot;&quot;,&quot;created_timestamp&quot;:&quot;0&quot;,&quot;copyright&quot;:&quot;&quot;,&quot;focal_length&quot;:&quot;0&quot;,&quot;iso&quot;:&quot;0&quot;,&quot;shutter_speed&quot;:&quot;0&quot;,&quot;title&quot;:&quot;&quot;,&quot;orientation&quot;:&quot;0&quot;}\" data-image-title=\"Nicolas Antoniusraam Derkinderen\" data-image-description=\"\" data-image-caption=\"\" data-medium-file=\"https:\/\/i0.wp.com\/www.vanhellenberghubar.org\/wp-content\/uploads\/2014\/08\/Nicolas-Antoniusraam-Derkinderen.jpg?fit=141%2C300&amp;ssl=1\" data-large-file=\"https:\/\/i0.wp.com\/www.vanhellenberghubar.org\/wp-content\/uploads\/2014\/08\/Nicolas-Antoniusraam-Derkinderen.jpg?fit=291%2C616&amp;ssl=1\" class=\"alignnone wp-image-3882\" title=\"Joep Nicolas, Antoniusraam, Derkinderen.\" src=\"https:\/\/i0.wp.com\/www.vanhellenberghubar.org\/wp-content\/uploads\/2014\/08\/Nicolas-Antoniusraam-Derkinderen.jpg?resize=265%2C561&#038;ssl=1\" alt=\"Joep Nicolas, Antoniusraam, Derkinderen.\" width=\"265\" height=\"561\"\/><\/a><\/p>\n<p><span style=\"font-size: 11pt;\"><i>Links: <a href=\"#337\">afb. 337<\/a> Joep Nicolas, Catharina in de Dionysiuskerk te Asselt (1923).<\/i>&nbsp;<br \/>\n<i>Rechts: <a href=\"#341\">afb. 341<\/a> Joep Nicolas, Antonius van Padua \u2018In memoriam Prof. Dr. Anton Derkinderen\u2019. Volgens Ars sacra dateert dit van 1927, volgens een artikel van Nicolas in \u2018Opgang\u2019 van 1925, het sterfjaar van Derkinderen. Nicolas zou, zoals in de volgende paragraaf* behandeld wordt, de laatste opdracht van Derkinderen voltooien en mede daardoor een andere kijk krijgen op de inheemse renaissance en barok. Het raam vormt een prachtig voorbeeld van de stapeling van (architectuur)elementen en sc\u00e8nes met wisselende verdwijnpunten. De huidige verblijfplaats is onbekend.&nbsp;<\/i><\/span><\/p>\n<p>Dat ideaal <em>\u2018om het vlak tot leven\u2019<\/em> te brengen komt in het jeugdwerk van Nicolas vooral tot uitdrukking in het Catharinaraam (1923) in het kerkje van Asselt (afb. 337). Om dat te bereiken, heeft hij hier nog een ander stijlmiddel toegepast dat vaak in zijn werk terugkeert: de stapeling van losse elementen, later gecombineerd met taferelen. Daarmee wilde hij in dit raam vrijwel zeker ook de sfeer van een middeleeuwse miniatuur oproepen. Essentieel hiervoor was het primitieve perspectief dat zich manifesteert in het klassieke tempeltje met zuilen, de slingerende weg naar het kapelletje rechtsboven en het verkort van het rad, met als een averechts akkoord het tegelvloertje waarop de heilige staat, dat zelfs helemaal zonder dieptewerking is. Kortom een prachtige staaltje <em>\u2018nieuwe ruimtelijke logica\u2019<\/em> \u00e0 la Engelman.<\/p>\n<p><a href=\"https:\/\/i0.wp.com\/www.vanhellenberghubar.org\/wp-content\/uploads\/2014\/08\/Marc-Chagall-Moi-et-le-village.jpg?ssl=1\"><img data-recalc-dims=\"1\" loading=\"lazy\" decoding=\"async\" data-attachment-id=\"3881\" data-permalink=\"https:\/\/www.vanhellenberghubar.org\/index.php\/projecten\/de-genade-van-de-steiger\/fragmenten-gvds\/joep-nicolas-glazen\/marc-chagall-moi-et-le-village\/#main\" data-orig-file=\"https:\/\/i0.wp.com\/www.vanhellenberghubar.org\/wp-content\/uploads\/2014\/08\/Marc-Chagall-Moi-et-le-village.jpg?fit=623%2C800&amp;ssl=1\" data-orig-size=\"623,800\" data-comments-opened=\"0\" data-image-meta=\"{&quot;aperture&quot;:&quot;0&quot;,&quot;credit&quot;:&quot;&quot;,&quot;camera&quot;:&quot;&quot;,&quot;caption&quot;:&quot;&quot;,&quot;created_timestamp&quot;:&quot;0&quot;,&quot;copyright&quot;:&quot;&quot;,&quot;focal_length&quot;:&quot;0&quot;,&quot;iso&quot;:&quot;0&quot;,&quot;shutter_speed&quot;:&quot;0&quot;,&quot;title&quot;:&quot;&quot;,&quot;orientation&quot;:&quot;0&quot;}\" data-image-title=\"Marc Chagall, Moi et le village\" data-image-description=\"\" data-image-caption=\"\" data-medium-file=\"https:\/\/i0.wp.com\/www.vanhellenberghubar.org\/wp-content\/uploads\/2014\/08\/Marc-Chagall-Moi-et-le-village.jpg?fit=233%2C300&amp;ssl=1\" data-large-file=\"https:\/\/i0.wp.com\/www.vanhellenberghubar.org\/wp-content\/uploads\/2014\/08\/Marc-Chagall-Moi-et-le-village.jpg?fit=623%2C800&amp;ssl=1\" class=\"alignnone wp-image-3881\" title=\"Marc Chagall, Moi et le village.\" src=\"https:\/\/i0.wp.com\/www.vanhellenberghubar.org\/wp-content\/uploads\/2014\/08\/Marc-Chagall-Moi-et-le-village.jpg?resize=262%2C336&#038;ssl=1\" alt=\"Marc Chagall, Moi et le village.\" width=\"262\" height=\"336\" srcset=\"https:\/\/i0.wp.com\/www.vanhellenberghubar.org\/wp-content\/uploads\/2014\/08\/Marc-Chagall-Moi-et-le-village.jpg?w=623&amp;ssl=1 623w, https:\/\/i0.wp.com\/www.vanhellenberghubar.org\/wp-content\/uploads\/2014\/08\/Marc-Chagall-Moi-et-le-village.jpg?resize=233%2C300&amp;ssl=1 233w\" sizes=\"auto, (max-width: 262px) 100vw, 262px\" \/><\/a> <a href=\"https:\/\/i0.wp.com\/www.vanhellenberghubar.org\/wp-content\/uploads\/2014\/08\/Chagall-Fiancees-de-la-Tour-Eiffel-e1410605227602.jpg?ssl=1\"><img data-recalc-dims=\"1\" loading=\"lazy\" decoding=\"async\" data-attachment-id=\"3877\" data-permalink=\"https:\/\/www.vanhellenberghubar.org\/index.php\/projecten\/de-genade-van-de-steiger\/fragmenten-gvds\/joep-nicolas-glazen\/chagall-fiancees-de-la-tour-eiffel\/#main\" data-orig-file=\"https:\/\/i0.wp.com\/www.vanhellenberghubar.org\/wp-content\/uploads\/2014\/08\/Chagall-Fiancees-de-la-Tour-Eiffel-e1410605227602.jpg?fit=241%2C298&amp;ssl=1\" data-orig-size=\"241,298\" data-comments-opened=\"0\" data-image-meta=\"{&quot;aperture&quot;:&quot;0&quot;,&quot;credit&quot;:&quot;&quot;,&quot;camera&quot;:&quot;&quot;,&quot;caption&quot;:&quot;&quot;,&quot;created_timestamp&quot;:&quot;0&quot;,&quot;copyright&quot;:&quot;&quot;,&quot;focal_length&quot;:&quot;0&quot;,&quot;iso&quot;:&quot;0&quot;,&quot;shutter_speed&quot;:&quot;0&quot;,&quot;title&quot;:&quot;&quot;,&quot;orientation&quot;:&quot;0&quot;}\" data-image-title=\"Chagall Fiancees de la Tour Eiffel\" data-image-description=\"\" data-image-caption=\"\" data-medium-file=\"https:\/\/i0.wp.com\/www.vanhellenberghubar.org\/wp-content\/uploads\/2014\/08\/Chagall-Fiancees-de-la-Tour-Eiffel-e1410605227602.jpg?fit=241%2C298&amp;ssl=1\" data-large-file=\"https:\/\/i0.wp.com\/www.vanhellenberghubar.org\/wp-content\/uploads\/2014\/08\/Chagall-Fiancees-de-la-Tour-Eiffel-e1410605227602.jpg?fit=241%2C298&amp;ssl=1\" class=\"alignnone wp-image-3877\" title=\"Marc Chagall, Fiancees de la Tour Eiffel.\" src=\"https:\/\/i0.wp.com\/www.vanhellenberghubar.org\/wp-content\/uploads\/2014\/08\/Chagall-Fiancees-de-la-Tour-Eiffel-e1410605227602.jpg?resize=272%2C336&#038;ssl=1\" alt=\"Marc Chagall, Fiancees de la Tour Eiffel.\" width=\"272\" height=\"336\"\/><\/a><\/p>\n<p><span style=\"font-size: 11pt;\"><em><a href=\"#338\">Afb. 338a en b<\/a> | Links: Marc Chagall, Moi et le village (olieverf op doek, 1911). Rechts: idem, Les Fiancees de la Tour Eiffel (1939). Na zijn terugkeer naar Parijs in 1923 \u2013 na het echec van de Russische Revolutie, waarin Chagall aanvankelijk veel vertrouwen had \u2013 ontwikkelde hij opnieuw een genre schilderijen met stapeling van beelden en sc\u00e8nes, en variaties in leesrichtingen. Engelman schreef herkende dit toen hij over Chagall schreef: \u2018Zijn beste werk van 1926, steeds volkomen plastisch en zonder anecdotische literatuur, heeft dezelfde onbevangenheid en innigheid van het eerste verschijnen en ook daarin bewijst het zijn oorspronkelijke gezondheid\u2019.<\/em>&nbsp;<\/span><\/p>\n<p>Hoewel de stijl van Nicolas heel anders is, doet dit raam in zekere zin denken aan het werk van Toorop, over wie Nicolas zich ondanks zijn kritiek ook geestdriftig uit kon laten. In Wij glazeniers roemde hij Toorop als <em>\u2018een warmbloedig schrikaanjager met z\u00f3 groot mogelijke \u201cden Ramen sprengenden\u201d apostelfiguren\u2019<\/em>, precies zoals zijn Catharina in Asselt. Dit enthousiasme was overigens wederzijds, gezien de waarderende woorden die Toorop in 1925 in zijn dagboek noteerde. Al kon hij op dat moment nog maar op een paar kunstwerken afgaan \u2013 Nicolas was immers pas net gestart \u2013, Toorop vond de kerkramen van de jonge glazenier <em>\u2018\u00e9chte mystieke kunst\u2019<\/em>, welke kwaliteit vooral door de kleur werd bereikt. Wat echter vooropstond was de <em>\u2018ontroering\u2019<\/em> die Nicolas opriep door zijn techniek.<a href=\"#94\">94<\/a>&nbsp; In de verte klinkt Maritain! Toorop schreef dit een paar jaar na de voltooiing van De pelgrim, waarin een cumulatie plaatsvond van al de kenmerken, die Nicolas in zijn vroege werk als quasi-middeleeuwse elementen presenteerde. Ook bij hem lopen de leesrichtingen van de voorstellingen door elkaar en zijn er wisselende verdwijnpunten. Toorop maakte eveneens graag gebruik van een stapeling van objecten en kleine taferelen. Op internationaal vlak herinnert dit idioom aan dat van Marc Chagall, waarmee deze vanaf 1911 experimenteerde (afb. 338a en b). Of van een feitelijke be\u00efnvloeding sprake is, vraagt om nader onderzoek, maar kan zeker niet uitgesloten worden. Toorop was nog altijd een internationaal gevierd kunstenaar op het moment dat de jonge Rus zich in Parijs en M\u00fcnchen aandiende (1910- 1914).<\/p>\n<div id=\"attachment_3870\" style=\"width: 650px\" class=\"wp-caption alignnone\"><a href=\"https:\/\/i0.wp.com\/www.vanhellenberghubar.org\/wp-content\/uploads\/2014\/08\/Nicolas-Graflegging-Asselt.jpg?ssl=1\"><img data-recalc-dims=\"1\" loading=\"lazy\" decoding=\"async\" aria-describedby=\"caption-attachment-3870\" data-attachment-id=\"3870\" data-permalink=\"https:\/\/www.vanhellenberghubar.org\/index.php\/projecten\/de-genade-van-de-steiger\/fragmenten-gvds\/joep-nicolas-glazen\/nicolas-graflegging-asselt\/#main\" data-orig-file=\"https:\/\/i0.wp.com\/www.vanhellenberghubar.org\/wp-content\/uploads\/2014\/08\/Nicolas-Graflegging-Asselt.jpg?fit=1634%2C895&amp;ssl=1\" data-orig-size=\"1634,895\" data-comments-opened=\"0\" data-image-meta=\"{&quot;aperture&quot;:&quot;0&quot;,&quot;credit&quot;:&quot;&quot;,&quot;camera&quot;:&quot;&quot;,&quot;caption&quot;:&quot;&quot;,&quot;created_timestamp&quot;:&quot;0&quot;,&quot;copyright&quot;:&quot;&quot;,&quot;focal_length&quot;:&quot;0&quot;,&quot;iso&quot;:&quot;0&quot;,&quot;shutter_speed&quot;:&quot;0&quot;,&quot;title&quot;:&quot;&quot;,&quot;orientation&quot;:&quot;0&quot;}\" data-image-title=\"Joep Nicolas, Graflegging, crypte Dionysiuskerk Asselt (circa 1931). Beeldbank RCE-Sjaan van der Jagt\/Pixelpolder 2011.\" data-image-description=\"&lt;p&gt;Nicolas #glas&lt;\/p&gt;\n\" data-image-caption=\"&lt;p&gt;Joep Nicolas, Graflegging, Dionysiuskerk Asselt&lt;\/p&gt;\n\" data-medium-file=\"https:\/\/i0.wp.com\/www.vanhellenberghubar.org\/wp-content\/uploads\/2014\/08\/Nicolas-Graflegging-Asselt.jpg?fit=300%2C164&amp;ssl=1\" data-large-file=\"https:\/\/i0.wp.com\/www.vanhellenberghubar.org\/wp-content\/uploads\/2014\/08\/Nicolas-Graflegging-Asselt.jpg?fit=640%2C350&amp;ssl=1\" class=\"wp-image-3870 size-large\" title=\"Joep Nicolas, Graflegging, crypte Dionysiuskerk Asselt (circa 1931). Beeldbank RCE-Sjaan van der Jagt\/Pixelpolder 2011.\" src=\"https:\/\/i0.wp.com\/www.vanhellenberghubar.org\/wp-content\/uploads\/2014\/08\/Nicolas-Graflegging-Asselt.jpg?resize=640%2C350&#038;ssl=1\" alt=\"Joep Nicolas, Graflegging, crypte Dionysiuskerk Asselt (circa 1931). Beeldbank RCE-Sjaan van der Jagt\/Pixelpolder 2011.\" width=\"640\" height=\"350\" srcset=\"https:\/\/i0.wp.com\/www.vanhellenberghubar.org\/wp-content\/uploads\/2014\/08\/Nicolas-Graflegging-Asselt.jpg?resize=1024%2C560&amp;ssl=1 1024w, https:\/\/i0.wp.com\/www.vanhellenberghubar.org\/wp-content\/uploads\/2014\/08\/Nicolas-Graflegging-Asselt.jpg?resize=300%2C164&amp;ssl=1 300w, https:\/\/i0.wp.com\/www.vanhellenberghubar.org\/wp-content\/uploads\/2014\/08\/Nicolas-Graflegging-Asselt.jpg?w=1634&amp;ssl=1 1634w, https:\/\/i0.wp.com\/www.vanhellenberghubar.org\/wp-content\/uploads\/2014\/08\/Nicolas-Graflegging-Asselt.jpg?w=1280&amp;ssl=1 1280w\" sizes=\"auto, (max-width: 640px) 100vw, 640px\" \/><\/a><p id=\"caption-attachment-3870\" class=\"wp-caption-text\"><span style=\"font-size: 11pt;\"><i><a href=\"#339\">Afb. 339<\/a> Joep Nicolas, De aflegging van Christus in glas-in-lood. Kapel in de crypte te Asselt (z.j). Qua stijl en uitvoering is het werk te vergelijken met de eerste opzet voor de glazen van het stadhuis in Breda, 1927, maar ook met een raam voor zijn broer Edmond in 1930 en de cyclus voor het stadhuis van Dudok in Hilversum, 1931. (Foto: <a href=\"http:\/\/beeldbank.cultureelerfgoed.nl\/\" target=\"_blank\" rel=\"noopener\">RCE<\/a>-Sjaan van der Jagt\/Pixelpolder, 2011).<\/i><\/span><\/p><\/div>\n<p>Van het oorspronkelijke glas in de crypte van Asselt kunnen we ons geen beeld meer vormen, maar het zal qua stijl ongetwijfeld <span style=\"color: #808080;\"><strong>[p. 403]<\/strong> <\/span>hebben aangesloten bij het Catharinaraam in de kapel erboven en de vier evangelisten in de Lambertuskerk. Maar ook de Aflegging van Christus getuigt van Nicolas\u2019 virtuoze eclecticisme (afb. 339). Wie de kleuren en vormen wegdenkt en zich op de compositie concentreert, ziet de contouren tevoorschijn komen van een Vlaams werk, met name bij de drie vrouwen op de voorgrond met potten en kruiken die ietwat doen denken aan een keukenstuk. Zonder dat er ook maar in de verste verte sprake is van een kopie, treft men iets vergelijkbaars aan in <em>De nood Gods<\/em> van Jacob Jordaens in het Maagdenhuis te Antwerpen (1620), waar net als in <em>Morte fortior<\/em> de wassing en reiniging van het lijk centraal staan.<a href=\"#95\">95<\/a>&nbsp; Op zich is dit al een zeldzaam thema. Rechts heeft Nicolas de treurende Maria en Johannes neergezet, terwijl \u2013 heel ongebruikelijk \u2013 de overige omstanders vreemd genoeg herinneren aan de herders wier bezoek het begin van de heilsgeschiedenis markeert. Heel apart is de figuur met een Van Rees-achtige kop, die als een verteller de aandacht van Maria en Johannes verlegt naar de herders. Details als een ruiter te paard (Longinus?), een bomenlaantje, drie kruisen op de achtergrond worden lukraak toegevoegd. Manifest zijn de vertekening en vervorming die Maritain zo belangrijk vond en die algemeen als expressionistisch worden ervaren. Sterker geldt dat nog voor het kleurgebruik, waarin Nicolas iedere conventie lijkt te hebben losgelaten. Hij combineerde dit met een patroon van loodlijnen dat zijn eigen ritme volgt en niet langer ten dienste staat van de figuratie. Feitelijk liggen er dan ook twee voorstellingen als transparanten over elkaar. Het ene moment borduren ze op elkaar voort, waardoor er synergie ontstaat op beeldend en verhalend terrein. Tegelijkertijd leidt de combinatie tot een verwarrende vlakwerking: wat hoort bij wat en welk deel krijgt voorrang van het oog? Een intrigerend kijkspel vol spannende momenten is het resultaat.<\/p>\n<h4><span class=\"ez-toc-section\" id=\"De_inspiratie_van_Derkinderen_en_de_Goudse_glazen\"><\/span><strong>De inspiratie van Derkinderen en de Goudse glazen<\/strong><span class=\"ez-toc-section-end\"><\/span><\/h4>\n<h5><span class=\"ez-toc-section\" id=\"Nieuwe_barok\"><\/span><span style=\"color: #800000;\"><strong>Nieuwe barok<\/strong><\/span><span class=\"ez-toc-section-end\"><\/span><\/h5>\n<p>Zowel uit de recensies van Jan Engelman als uit de apologie van Henri van Rooijen is duidelijk geworden dat Nicolas tot een van de grote exponenten van de nieuwe barok werd gerekend. Deze wending, die uiteraard niet los kan worden gezien van de kunstpolitiek van het Vaticaan en mede gestuurd werd door het concept van de gotisch-barok-expressionistische vormdwang, had ook een sterk persoonlijke component. Volgens dochter Claire was het namelijk haar oom Aldous Huxley, de schrijver van <em>Brave New World<\/em> (1932), die Nicolas inwijdde in de barok, toen hij in 1924 bij zijn schoonfamilie in Florence logeerde. Dit maakte de tot dusver vooral middeleeuws geori\u00ebnteerde kunstenaar tijdens het daaropvolgende verblijf in Rome ontvankelijk voor de werken uit deze periode.<a href=\"#96\">96<\/a>&nbsp; Nu de barok niet langer taboe was, mogen we aannemen dat Nicolas zich navenant openstelde voor de vormentaal van het mani\u00ebrisme. Toetssteen was de voltooiing <span style=\"color: #808080;\"><strong>[p. 404]<\/strong> <\/span>een jaar later van de opdracht die Derkinderen niet meer af had kunnen maken voor het hoofdkantoor van de Nederlandsche Handel-Maatschappij in Amsterdam (1926).<\/p>\n<div id=\"attachment_3910\" style=\"width: 530px\" class=\"wp-caption alignnone\"><a href=\"https:\/\/i0.wp.com\/www.vanhellenberghubar.org\/wp-content\/uploads\/2014\/08\/Derkinderen-Nicolas-suikerraam1.jpg?ssl=1\"><img data-recalc-dims=\"1\" loading=\"lazy\" decoding=\"async\" aria-describedby=\"caption-attachment-3910\" data-attachment-id=\"3910\" data-permalink=\"https:\/\/www.vanhellenberghubar.org\/index.php\/projecten\/de-genade-van-de-steiger\/fragmenten-gvds\/joep-nicolas-glazen\/derkinderen-nicolas-suikerraam-2\/#main\" data-orig-file=\"https:\/\/i0.wp.com\/www.vanhellenberghubar.org\/wp-content\/uploads\/2014\/08\/Derkinderen-Nicolas-suikerraam1.jpg?fit=604%2C756&amp;ssl=1\" data-orig-size=\"604,756\" data-comments-opened=\"0\" data-image-meta=\"{&quot;aperture&quot;:&quot;0&quot;,&quot;credit&quot;:&quot;&quot;,&quot;camera&quot;:&quot;&quot;,&quot;caption&quot;:&quot;&quot;,&quot;created_timestamp&quot;:&quot;0&quot;,&quot;copyright&quot;:&quot;&quot;,&quot;focal_length&quot;:&quot;0&quot;,&quot;iso&quot;:&quot;0&quot;,&quot;shutter_speed&quot;:&quot;0&quot;,&quot;title&quot;:&quot;&quot;,&quot;orientation&quot;:&quot;0&quot;}\" data-image-title=\"Derkinderen Nicolas suikerraam\" data-image-description=\"\" data-image-caption=\"\" data-medium-file=\"https:\/\/i0.wp.com\/www.vanhellenberghubar.org\/wp-content\/uploads\/2014\/08\/Derkinderen-Nicolas-suikerraam1.jpg?fit=239%2C300&amp;ssl=1\" data-large-file=\"https:\/\/i0.wp.com\/www.vanhellenberghubar.org\/wp-content\/uploads\/2014\/08\/Derkinderen-Nicolas-suikerraam1.jpg?fit=604%2C756&amp;ssl=1\" class=\"wp-image-3910\" title=\"Derkinderen Nicolas, Daad en Ondaad (1926).\" src=\"https:\/\/i0.wp.com\/www.vanhellenberghubar.org\/wp-content\/uploads\/2014\/08\/Derkinderen-Nicolas-suikerraam1.jpg?resize=520%2C651&#038;ssl=1\" alt=\"Derkinderen Nicolas, Daad en Ondaad (1926).\" width=\"520\" height=\"651\" srcset=\"https:\/\/i0.wp.com\/www.vanhellenberghubar.org\/wp-content\/uploads\/2014\/08\/Derkinderen-Nicolas-suikerraam1.jpg?w=604&amp;ssl=1 604w, https:\/\/i0.wp.com\/www.vanhellenberghubar.org\/wp-content\/uploads\/2014\/08\/Derkinderen-Nicolas-suikerraam1.jpg?resize=239%2C300&amp;ssl=1 239w\" sizes=\"auto, (max-width: 520px) 100vw, 520px\" \/><\/a><p id=\"caption-attachment-3910\" class=\"wp-caption-text\"><span style=\"font-size: 11pt;\"><i>Afb. 340 Anton Derkinderen en Joep Nicolas (voltooiing), Daad en Ondaad (1926) uit de cyclus in de trappenhal van de Algemene Handelsmaatschappij te Amsterdam. Hoewel Derkinderen niet erg enthousiast was over de Goudse Glazen, is het vele wit in deze ramen en het gebruik van kaders en cartouches \u00e0 la Vredemann de Vries wel daarop ge\u00efnspireerd. Na de dood van Derkinderen heeft Joep Nicolas op diens verzoek deze opdracht voltooid. Anders dan algemeen wordt beweerd, zijn deze ramen van groot belang geweest voor zijn verder ontwikkeling als glazenier (Foto: RCE).<\/i><\/span><\/p><\/div>\n<h5><span class=\"ez-toc-section\" id=\"Derkinderen\"><\/span><span style=\"color: #800000;\"><strong>Derkinderen<\/strong><\/span><span class=\"ez-toc-section-end\"><\/span><\/h5>\n<p>De glazen in dit meesterwerk van K.P.C. de Bazel verdienen zeker nader onderzoek, vooral omdat Claire Nicolas White beweerde dat de typische aanpak van Nicolas hierin ontbreekt, wat niet onlogisch is voor een ontwerp dat Derkinderen al ver af had (afb. 340). Niettemin merkte ze tevens op dat het werk een schoolvoorbeeld is van de beide richtingen die Nicolas later zou inslaan. Hoewel ze dit jammer genoeg niet heeft gespecificeerd, mogen we aannemen dat ze hier in ieder geval de renaissancistische, zo niet mani\u00ebristische ornamentiek \u00e0 la Hans Vredeman de Vries (1527-1609) bedoelde. Niet dat deze letterlijk door Nicolas werd gebruikt, maar Derkinderen had hem wel op een spoor gezet. Derkinderen heeft met dit ontwerp de architectonische kaders en cartouches geactualiseerd, die dankzij de modellenboeken van Vredeman de Vries hun entree maakten in de monumentale kunst van de zestiende eeuw, zoals de Goudse glazen. Dit voorbeeld lag aan de basis van een contemporaine vertaalslag die Nicolas in verschillende ramen en Charles Eyck onder meer bij het Maria- en Jozefaltaar in Rumpen heeft gemaakt. Door dit soort elementen centraal in het vlak te plaatsen, ontstond ruimte voor de \u2018witte\u2019 leegte in glasschilderingen. Vooral bij donkere ruimten &#8211; zoals de trappenhal in het gebouw van de Nederlandsche Handel- Maatschappij &#8211; betekende deze formule een grote verbetering voor de lichttoevoer. Het vele wit in de cyclus te Amsterdam sloeg zo aan, dat het een vast onderdeel werd van het decoratieve repertoire tijdens het interbellum. Opnieuw blijkt dat Derkinderen met zijn kleine oeuvre een onevenredig grote invloed heeft gehad op de monumentale kunst van die tijd (afb. 341). <span style=\"color: #808080;\"><strong>[p. 405]<\/strong> <\/span><\/p>\n<p>Voor Nicolas heeft de opdracht van Derkinderen verstrekkende gevolgen gehad, omdat hierin de bron ligt van enkele cruciale innovaties die hij bedacht voor de glazenierskunst. Dit creatieve proces kan bijna op de voet gevolgd worden aan de hand van de serie deugden in het trappenhuis van het stadhuis van Breda (1926-1927), die architect J.W. Hanrath in 1924 als onderdeel van de nieuwe raadzaalvleugel aan het historische complex toevoegde. De inrichting, met onder meer glas-inlood en een schildering van Nicolas, is nog vrijwel geheel authentiek. Nicolas startte met dit werk in het jaar waarin hij de glazen van Derkinderen voltooide. In verband met deze ontwerpopgave vormde alleen al het woord trappenhal met zijn functionele desiderata de verbindende schakel met Derkinderen. Aanvankelijk had Nicolas een raam gemaakt dat meer in de sfeer was van het tweede glas in de crypte van Asselt. De enige reden waarom hij daarvan afstapte, was dat het met zijn verzadigde kleurengamma te weinig lichttoevoer zou bieden aan het trappenhuis. Om dit laatste zo veel mogelijk te voorkomen, heeft hij de personificaties in het nieuwe ontwerp tamelijk ruim in het wit gezet: subtiel voorzien van grisaille, vloeit dit over in de detaillering van het decor op de achtergrond. Claire Nicolas White stelde dat dit het project is waar haar vader het glas voor de eerste keer bevrijdde van <em>\u2018het slaafs nalopen van de loodcontouren\u2019<\/em> zoals dat in deze branche eeuwenlang gebruikelijk was geweest. Ook al presenteerde ze dit als een artistiek unicum, het heeft er alle schijn van dat we hier bij Nicolas voor de eerste keer de invloed van de Goudse glazen zien, en wel in het bijzonder De aankondiging van de geboorte van Jezus, naar ontwerp van Daniel Tombergen en in 1655 gebrand door Albert Merinck (afb. 342).<\/p>\n<h5><span class=\"ez-toc-section\" id=\"Goudse_glazen\"><\/span><span style=\"color: #800000;\"><strong>Goudse glazen<\/strong><\/span><span class=\"ez-toc-section-end\"><\/span><\/h5>\n<div id=\"attachment_3879\" style=\"width: 259px\" class=\"wp-caption alignleft\"><a href=\"https:\/\/i0.wp.com\/www.vanhellenberghubar.org\/wp-content\/uploads\/2014\/08\/Goudse-glazen-Nicolas.jpg?ssl=1\"><img data-recalc-dims=\"1\" loading=\"lazy\" decoding=\"async\" aria-describedby=\"caption-attachment-3879\" data-attachment-id=\"3879\" data-permalink=\"https:\/\/www.vanhellenberghubar.org\/index.php\/projecten\/de-genade-van-de-steiger\/fragmenten-gvds\/joep-nicolas-glazen\/goudse-glazen-nicolas\/#main\" data-orig-file=\"https:\/\/i0.wp.com\/www.vanhellenberghubar.org\/wp-content\/uploads\/2014\/08\/Goudse-glazen-Nicolas.jpg?fit=249%2C800&amp;ssl=1\" data-orig-size=\"249,800\" data-comments-opened=\"0\" data-image-meta=\"{&quot;aperture&quot;:&quot;0&quot;,&quot;credit&quot;:&quot;&quot;,&quot;camera&quot;:&quot;&quot;,&quot;caption&quot;:&quot;&quot;,&quot;created_timestamp&quot;:&quot;0&quot;,&quot;copyright&quot;:&quot;&quot;,&quot;focal_length&quot;:&quot;0&quot;,&quot;iso&quot;:&quot;0&quot;,&quot;shutter_speed&quot;:&quot;0&quot;,&quot;title&quot;:&quot;&quot;,&quot;orientation&quot;:&quot;0&quot;}\" data-image-title=\"Goudse glazen Nicolas\" data-image-description=\"\" data-image-caption=\"\" data-medium-file=\"https:\/\/i0.wp.com\/www.vanhellenberghubar.org\/wp-content\/uploads\/2014\/08\/Goudse-glazen-Nicolas.jpg?fit=93%2C300&amp;ssl=1\" data-large-file=\"https:\/\/i0.wp.com\/www.vanhellenberghubar.org\/wp-content\/uploads\/2014\/08\/Goudse-glazen-Nicolas.jpg?fit=249%2C800&amp;ssl=1\" class=\"wp-image-3879 size-full\" title=\"Een van de Goudse glazen, inspiratiebron Joep Nicolas.\" src=\"https:\/\/i0.wp.com\/www.vanhellenberghubar.org\/wp-content\/uploads\/2014\/08\/Goudse-glazen-Nicolas.jpg?resize=249%2C800&#038;ssl=1\" alt=\"Een van de Goudse glazen, inspiratiebron Joep Nicolas.\" width=\"249\" height=\"800\" srcset=\"https:\/\/i0.wp.com\/www.vanhellenberghubar.org\/wp-content\/uploads\/2014\/08\/Goudse-glazen-Nicolas.jpg?w=249&amp;ssl=1 249w, https:\/\/i0.wp.com\/www.vanhellenberghubar.org\/wp-content\/uploads\/2014\/08\/Goudse-glazen-Nicolas.jpg?resize=93%2C300&amp;ssl=1 93w\" sizes=\"auto, (max-width: 249px) 100vw, 249px\" \/><\/a><p id=\"caption-attachment-3879\" class=\"wp-caption-text\"><span style=\"font-size: 11pt;\"><i>Afb. 342 Een van de Goudse glazen: \u2018De aankondiging van de geboorte van Jezus\u2019, naar ontwerp van Daniel Tombergen en gebrand door Albert Merinck (1655). Let op het wit en op de cartouches. Nicolas hield een warm pleidooi voor de herwaardering van deze glazen (Foto: <a href=\"http:\/\/beeldbank.cultureelerfgoed.nl\/\" target=\"_blank\" rel=\"noopener\">RCE<\/a>).<\/i><\/span><\/p><\/div>\n<p>Anders dan Derkinderen of J.G. van Gelder had Nicolas grote bewondering voor de Goudse glazen. In zijn boek over de historische ontwikkeling van het metier, Wij glazeniers (1938), stelde hij dat ze <em>\u2018verreweg het hoogtepunt vormen van de 16de [sic] eeuwse glazenierskunst in Europa\u2019<\/em>. Wat hem met name frappeerde was het vele wit in de Hollandse glazen, dat gepaard gaat met een grisaillering die <em>\u2018rijker, voller en plastischer\u2019<\/em> is dan elders. Wie de betreffende artefacten door zulke ogen bekijkt, kan haast niet anders dan een pleidooi houden voor een herwaardering van de renaissance en de barok. Dat is dan ook wat Nicolas deed, ook omdat hij zijn trots wilde delen op <em>\u2018datgene <span style=\"color: #808080;\"><strong>[p. 406]<\/strong> <\/span>wat ons erfdeel is\u2019<\/em>.<a href=\"#97\">97<\/a> Zoals de ramen in Breda laten zien, heeft deze waardering voor de inheemse glaskunst al heel vroeg zijn kunstenaarschap be\u00efnvloed. Wat betreft het gebruik van wit zal er sprake zijn geweest van een wisselwerking tussen de betreffende velden in de Goudse glazen en die rondom de cartouches van Derkinderen enerzijds en het oeuvre van Nicolas anderzijds. Na het experiment in Breda kwam dit in 1928 tot volle uitdrukking in de ramen van de trappenhal van Philips, die heel toepasselijk gewijd zijn aan het licht en vol barokke zinspelingen zitten. Uit datzelfde jaar dateert ook het Hubertusraam in de pastorie van de Amsterdamse Obrechtkerk, waarin de groepen en voorwerpen in een wit gegrisailleerde enscenering zijn geplaatst (zie afb. 320). Hierin is weer een heel andere, meer grafische stijl aangehouden dan in de voorbeelden die tot dusver zijn besproken. Ook hierdoor dringen zich associaties op met het blanke vel papier.<\/p>\n<h5><span class=\"ez-toc-section\" id=\"Breda\"><\/span><span style=\"color: #800000;\"><strong>Breda<\/strong><\/span><span class=\"ez-toc-section-end\"><\/span><\/h5>\n<p>Zover als in Eindhoven en Amsterdam ging Nicolas bij de deugden in Breda nog niet (afb. 343). Dit zestal glazen is qua opzet vooral be\u00efnvloed door de \u2013 barokke \u2013 series in grafiek van personificaties en allegorie\u00ebn die in de zestiende en zeventiende eeuw gretig aftrek vonden.<a href=\"#98\">98<\/a> &nbsp;Dat Nicolas daar graag mee mocht spelen zien we later bij de personificaties die hij ontwierp voor de aula van de Rijksuniversiteit in Utrecht (1936).<a href=\"#99\">99<\/a>&nbsp; Waarschijnlijk heeft hij in beide gevallen gebruik gemaakt van de <em>Iconologia<\/em> van de Italiaan Cesare Ripa uit 1593, waarvan al in 1644 een Nederlandse vertaling was verschenen. Dit naslagwerk was eigenlijk nooit uit de gereedschapskist verdwenen, van kunstenaar noch programmeur. Zo speelde Ripa een belangrijke rol bij de decoraties van met name het exterieur van het Rijksmuseum, dat in het interbellum nog een groot deel van zijn zeggingskracht zal hebben behouden. Het hoeft niet te verbazen dat Alberdingk Thijm een exemplaar van deze Oudhollandse editie in zijn bibliotheek had staan.<a href=\"#100\">100<\/a>&nbsp; Tot dusver is geen specifiek onderzoek verricht naar het gebruik van Ripa door Derkinderen, maar hij moet dit werk haast onvermijdelijk op tafel hebben gehad toen hij de personificaties voor de Beursramen ontwierp. Zijn de figuren daar in rijk geplooide, classicistisch bedoelde kledij uitgedost, ook Nicolas hulde zijn deugden in klassieke gewaden. Deze heeft hij vrijwel tot gedrapeerde doeken gereduceerd, waarbij op een soortgelijke wijze als in Asselt het lichaam onder het weefsel wordt weergegeven. De reminiscenties aan de renaissance en barok worden versterkt door het heraldische monster waarmee de figuur die de Intrepiditas (onverschrokkenheid) voorstelt, in gevecht is. Opvallend is de serpentinelijn van het knikkende hoofd via de gedraaide tors naar de rechtervoet, die zowel een gotisch als barok element vormt en inherent is aan de gotische \u2018Formwille\u2019 van Brandt en Worringer. Zoals al eerder is geconstateerd, bespeelde Nicolas op een ongelooflijk knappe manier een breed register aan vormen uit het verleden die hij in een eigentijdse beeldtaal omzette. Dit proces is hij weloverwogen aangegaan, als we zijn dochter Claire Nicolas White mogen geloven. Zij verhaalde dat de trappenhal van Breda <em>\u2018de meest bewust moderne glazen\u2019<\/em> toont die haar vader ooit gemaakt heeft.<a href=\"#101\">101<\/a>&nbsp;<\/p>\n<h5><span class=\"ez-toc-section\" id=\"Pluriforme_kunstenaar\"><\/span><span style=\"color: #800000;\"><strong>Pluriforme kunstenaar<\/strong><\/span><span class=\"ez-toc-section-end\"><\/span><\/h5>\n<div id=\"attachment_3876\" style=\"width: 311px\" class=\"wp-caption alignleft\"><a href=\"https:\/\/i0.wp.com\/www.vanhellenberghubar.org\/wp-content\/uploads\/2014\/08\/Nicolas-Intrepididas.jpg?ssl=1\"><img data-recalc-dims=\"1\" loading=\"lazy\" decoding=\"async\" aria-describedby=\"caption-attachment-3876\" data-attachment-id=\"3876\" data-permalink=\"https:\/\/www.vanhellenberghubar.org\/index.php\/projecten\/de-genade-van-de-steiger\/fragmenten-gvds\/joep-nicolas-glazen\/nicolas-intrepididas\/#main\" data-orig-file=\"https:\/\/i0.wp.com\/www.vanhellenberghubar.org\/wp-content\/uploads\/2014\/08\/Nicolas-Intrepididas.jpg?fit=377%2C726&amp;ssl=1\" data-orig-size=\"377,726\" data-comments-opened=\"0\" data-image-meta=\"{&quot;aperture&quot;:&quot;0&quot;,&quot;credit&quot;:&quot;&quot;,&quot;camera&quot;:&quot;&quot;,&quot;caption&quot;:&quot;&quot;,&quot;created_timestamp&quot;:&quot;0&quot;,&quot;copyright&quot;:&quot;&quot;,&quot;focal_length&quot;:&quot;0&quot;,&quot;iso&quot;:&quot;0&quot;,&quot;shutter_speed&quot;:&quot;0&quot;,&quot;title&quot;:&quot;&quot;,&quot;orientation&quot;:&quot;0&quot;}\" data-image-title=\"Joep Nicolas, Intrepiditas stadhuis Breda\" data-image-description=\"\" data-image-caption=\"&lt;p&gt;&lt;span style=&quot;font-size: 11pt;&quot;&gt;&lt;i&gt;Afb. 343 Joep Nicolas, Intrepiditas (onverschrokkenheid) uit de serie deugden (1926-27) in de trappenhal van het stadhuis van Breda. Deze cyclus is in meer opzichten be\u00efnvloed door het werk dat hij had gedaan aan de voltooiing van de glazen van Derkinderen (1925) in de trappenhal van de Algemene Handelsmaatschappij te Amsterdam (zie afb. 340). ((Afbeedling uit: Claire Nicolas White, Joep Nicolas, p. 41.)) &lt;\/i&gt;&lt;\/span&gt;&lt;\/p&gt;\n\" data-medium-file=\"https:\/\/i0.wp.com\/www.vanhellenberghubar.org\/wp-content\/uploads\/2014\/08\/Nicolas-Intrepididas.jpg?fit=155%2C300&amp;ssl=1\" data-large-file=\"https:\/\/i0.wp.com\/www.vanhellenberghubar.org\/wp-content\/uploads\/2014\/08\/Nicolas-Intrepididas.jpg?fit=377%2C726&amp;ssl=1\" class=\"wp-image-3876\" title=\"Joep Nicolas, Intrepiditas (onverschrokkenheid) uit serie deugden, stadhuis Breda.\" src=\"https:\/\/i0.wp.com\/www.vanhellenberghubar.org\/wp-content\/uploads\/2014\/08\/Nicolas-Intrepididas.jpg?resize=301%2C580&#038;ssl=1\" alt=\"Joep Nicolas, Intrepiditas (onverschrokkenheid) uit serie deugden, stadhuis Breda.\" width=\"301\" height=\"580\" srcset=\"https:\/\/i0.wp.com\/www.vanhellenberghubar.org\/wp-content\/uploads\/2014\/08\/Nicolas-Intrepididas.jpg?w=377&amp;ssl=1 377w, https:\/\/i0.wp.com\/www.vanhellenberghubar.org\/wp-content\/uploads\/2014\/08\/Nicolas-Intrepididas.jpg?resize=155%2C300&amp;ssl=1 155w\" sizes=\"auto, (max-width: 301px) 100vw, 301px\" \/><\/a><p id=\"caption-attachment-3876\" class=\"wp-caption-text\"><span style=\"font-size: 11pt;\"><i><a href=\"#343\">Afb. 343<\/a> Joep Nicolas, Intrepiditas (onverschrokkenheid) uit de serie deugden (1926-27) in de trappenhal van het stadhuis van Breda. Deze cyclus is in meer opzichten be\u00efnvloed door het werk dat hij had gedaan aan de voltooiing van de glazen van Derkinderen (1925) in de trappenhal van de Algemene Handelsmaatschappij te Amsterdam (zie afb. 340).<\/i>&nbsp;<\/span><\/p><\/div>\n<p>De opdracht in Breda laat goed zien dat ook Nicolas kan worden toegevoegd aan de lijst van pluriforme kunstenaars. Zo is in het stadhuis naast de glazen een muurschildering in tempera aanwezig, welke techniek al een apart detail vormt.<a href=\"#102\">102<\/a>&nbsp; Vergeleken met wat er in dezelfde tijd werd geproduceerd, toont de voorstelling opnieuw de kunstenaar die met een even fris als inventief oog verleden en heden bij elkaar heeft gebracht. Niet alleen werkte hij in de raadzaalvleugel in verschillende media en afzonderlijke stijlen, ook ontwierp Nicolas per ruimte een bijbehorend type ramen: in de raadzaal zijn dat historische verhalen in architectonisch omlijste sc\u00e8nes die een echo laten horen van de cartouches van Vredeman de Vries. Omringd door veel gegrisailleerd wit, herinneren zij aan de speelse, verhalende en wat anekdotische opzet van het Maartensraam (1925), ook al volgt de kunstenaar hier een heel ander compositieschema.<a href=\"#103\">103<\/a>&nbsp; Wat Claire Nicolas White terecht heeft betiteld als de <em>\u2018scrupuleuze inleving in doel en stijl\u2019<\/em> van haar vader, kan dus ook hier kortweg worden samengevat onder de noemer van decorum, zowel in architectonische zin als qua doelgroep. Wat dat betreft, is het wel heel opvallend dat Nicolas \u2013 afgaande op Ars sacra (1929), zijn eigen artikelen in Opgang (1932) en de monografie van zijn dochter \u2013 het barokke idioom de eerste jaren reserveerde voor de burgerlijke opdrachten.<a href=\"#104\">104<\/a>&nbsp; Onder invloed van de Bredase glazen is er al sprake van een zweem in de ramen van de Jozefkerk te Nijmegen (1926-1928), waar overigens ook schilderingen van Nicolas aanwezig zijn (afb. 344).<a href=\"#105\">105<\/a>&nbsp; De nieuwe barok brak echter in zijn kerkelijke oeuvre pas onverbloemd door met het Kruisigingsraam in de Martinuskerk van Oud-Zevenaar, bij welke opdracht Nicolas samenwerkte met de iconograaf en latere hoogleraar (toen nog kapelaan) Frits van <span style=\"color: #808080;\"><strong>[p. 407]<\/strong> <\/span>der Meer.<a href=\"#106\">106<\/a>&nbsp; In Oud-Zevenaar schrijven we 1931, het jaar waarin de liturgische stijlstrijd bij de tentoonstelling van Molkenboer een aanloop nam. Dat de kunstenaar met dit werk daar al een antwoord op formuleerde, staat niet vast. Het zou in ieder geval de rol van het decorum bevestigen. Of Nicolas nu episch bezig was of moraliserend, hij richtte zijn kompas naar het decorum in allerlei gradaties: verheven of burlesk, kerkelijk of profaan, voor de brouwer of voor de bisschop, voor het stoomschip of het woonhuis, het maakte allemaal niet uit. Ook de vermurails getuigen daarvan.<\/p>\n<p>Tot zover het fragment.<\/p>\n<p>Meer lezen? Bestel het boek dan tweedehands of bij een van de bibliotheken in Nederland!<\/p>\n<h4><span class=\"ez-toc-section\" id=\"Naschrift\"><\/span>Naschrift<span class=\"ez-toc-section-end\"><\/span><\/h4>\n<p>Toen ik in 2013 startte met het onderzoek naar de nieuwe Bavo\/KoepelKathedraal te Haarlem van Joseph Cuypers, bleek al snel dat hij vanwege de atmosferische lichtval in de kathedraal een zeer bewuste toepassing nastreefde van veel partijen wit of zachte tinten glas. Je ziet een soort opmaat in de voorhal van het Rijksmuseum (1885), maar als bewuste kunstgreep komt hij ermee in 1898 met de engelenramen in de koortravee van de Haarlemse kathedraal. Hiermee brak hij met de traditie van de kleurrijke Chartresachtige glazen. Voor zover mij bekend, wordt nergens als bijzonderheid vermeld dat Joseph Cuypers hier mee bezig was, ook al stipuleerde hij zelf het belang van de lichtinval wel in verschillende artikelen voor de toenmalige vakbladen. In <em>De genade van de steiger<\/em> heb ik deze vernieuwing &#8211; gekoppeld aan de herwaardering van de Goudse glazen &#8211; toegeschreven aan Derkinderen en Nicolas in 1925. Curieus genoeg was de laatste goed bevriend met Pierre Cuypers junior, wiens vader, Joseph Cuypers weer goed bevriend was met Antoon Derkinderen. Dat maakt het al helemaal vreemd dat de vernieuwing van glas-in-lood in het kader van de atmosferische lichtval van Joseph Cuypers in vergetelheid is geraakt.<\/p>\n<p>Meer hierover kun je lezen in paragraaf <span style=\"color: #800000;\"><strong>6.4<\/strong><\/span> in het boek over <a href=\"https:\/\/www.vanhellenberghubar.org\/index.php\/projecten\/nieuwe-bavokathedraal\/bestel-het-boek\/\">de nieuwe Bavo<\/a> (2016) of vinden in het wat oudere item <a title=\"Licht en atmosfeer in de nieuwe Bavo\" href=\"https:\/\/www.vanhellenberghubar.org\/index.php\/projecten\/nieuwe-bavokathedraal\/nieuwe-bavo-verhalen\/licht-atmosfeer-nieuwe-bavo\/\">Licht en atmosfeer in de nieuwe Bavo<\/a> (2014).<\/p>\n<p>;-) B (&amp;M)<\/p>\n<p><a href=\"https:\/\/i0.wp.com\/www.vanhellenberghubar.org\/wp-content\/uploads\/2015\/09\/BVHH_logo_basis1-rapport-spiegel.png?ssl=1\"><img loading=\"lazy\" decoding=\"async\" data-attachment-id=\"6772\" data-permalink=\"https:\/\/www.vanhellenberghubar.org\/?attachment_id=6772#main\" data-orig-file=\"https:\/\/i0.wp.com\/www.vanhellenberghubar.org\/wp-content\/uploads\/2015\/09\/BVHH_logo_basis1-rapport-spiegel.png?fit=368%2C420&amp;ssl=1\" data-orig-size=\"368,420\" data-comments-opened=\"0\" data-image-meta=\"{&quot;aperture&quot;:&quot;0&quot;,&quot;credit&quot;:&quot;&quot;,&quot;camera&quot;:&quot;&quot;,&quot;caption&quot;:&quot;&quot;,&quot;created_timestamp&quot;:&quot;0&quot;,&quot;copyright&quot;:&quot;&quot;,&quot;focal_length&quot;:&quot;0&quot;,&quot;iso&quot;:&quot;0&quot;,&quot;shutter_speed&quot;:&quot;0&quot;,&quot;title&quot;:&quot;&quot;,&quot;orientation&quot;:&quot;0&quot;}\" data-image-title=\"BVHH_logo_basis1-rapport-spiegel\" data-image-description=\"\" data-image-caption=\"\" data-medium-file=\"https:\/\/i0.wp.com\/www.vanhellenberghubar.org\/wp-content\/uploads\/2015\/09\/BVHH_logo_basis1-rapport-spiegel.png?fit=368%2C420&amp;ssl=1\" data-large-file=\"https:\/\/i0.wp.com\/www.vanhellenberghubar.org\/wp-content\/uploads\/2015\/09\/BVHH_logo_basis1-rapport-spiegel.png?fit=368%2C420&amp;ssl=1\" class=\"alignnone wp-image-6772 jetpack-lazy-image jetpack-lazy-image--handled\" title=\"Vragen? Stuur een mailtje naar bernadette@vanhellenberghubar.org!\" src=\"https:\/\/i0.wp.com\/www.vanhellenberghubar.org\/wp-content\/uploads\/2015\/09\/BVHH_logo_basis1-rapport-spiegel.png?resize=71%2C81&amp;ssl=1\" sizes=\"auto, (max-width: 71px) 100vw, 71px\" srcset=\"https:\/\/i0.wp.com\/www.vanhellenberghubar.org\/wp-content\/uploads\/2015\/09\/BVHH_logo_basis1-rapport-spiegel.png?resize=263%2C300&amp;ssl=1 263w, https:\/\/i0.wp.com\/www.vanhellenberghubar.org\/wp-content\/uploads\/2015\/09\/BVHH_logo_basis1-rapport-spiegel.png?w=368&amp;ssl=1 368w\" alt=\"Vragen? Stuur een mailtje naar bernadette@vanhellenberghubar.org!\" width=\"71\" height=\"81\" data-attachment-id=\"6772\" data-permalink=\"https:\/\/www.vanhellenberghubar.org\/?attachment_id=6772#main\" data-orig-file=\"https:\/\/i0.wp.com\/www.vanhellenberghubar.org\/wp-content\/uploads\/2015\/09\/BVHH_logo_basis1-rapport-spiegel.png?fit=368%2C420&amp;ssl=1\" data-orig-size=\"368,420\" data-comments-opened=\"0\" data-image-meta=\"{&quot;aperture&quot;:&quot;0&quot;,&quot;credit&quot;:&quot;&quot;,&quot;camera&quot;:&quot;&quot;,&quot;caption&quot;:&quot;&quot;,&quot;created_timestamp&quot;:&quot;0&quot;,&quot;copyright&quot;:&quot;&quot;,&quot;focal_length&quot;:&quot;0&quot;,&quot;iso&quot;:&quot;0&quot;,&quot;shutter_speed&quot;:&quot;0&quot;,&quot;title&quot;:&quot;&quot;,&quot;orientation&quot;:&quot;0&quot;}\" data-image-title=\"BVHH_logo_basis1-rapport-spiegel\" data-image-description=\"\" data-image-caption=\"\" data-medium-file=\"https:\/\/i0.wp.com\/www.vanhellenberghubar.org\/wp-content\/uploads\/2015\/09\/BVHH_logo_basis1-rapport-spiegel.png?fit=368%2C420&amp;ssl=1\" data-large-file=\"https:\/\/i0.wp.com\/www.vanhellenberghubar.org\/wp-content\/uploads\/2015\/09\/BVHH_logo_basis1-rapport-spiegel.png?fit=368%2C420&amp;ssl=1\" data-recalc-dims=\"1\" data-lazy-loaded=\"1\"\/><\/a><\/p>\n<hr \/>\n<h3><span class=\"ez-toc-section\" id=\"Bronnen\"><\/span>Bronnen<span class=\"ez-toc-section-end\"><\/span><\/h3>\n<p><span style=\"color: #800000;\"><em>Nota bene \u2014 <\/em><\/span> In de voetnoten staan verkorte titels die volledig zijn aangehaald in de <a href=\"https:\/\/www.vanhellenberghubar.org\/index.php\/projecten\/de-genade-van-de-steiger\/toegang\/bibliografie-genade-van-de-steiger\/\">bibliografie<\/a> van het boek dat al een paar jaar uitverkocht is.<\/p>\n<ul>\n<li><span id=\"92\" class=\"sta-anchor \" aria-hidden=\"true\"><\/span>92 | Claire Nicolas White, Joep Nicolas, p. 29. Eli\u00ebns, \u2018Limburgse glasschilderkunst\u2019, pp. 146-147, afb. 183A-D.<\/li>\n<li><span id=\"93\" class=\"sta-anchor \" aria-hidden=\"true\"><\/span>93 | Vergelijk Bisanz-Prakken, Toorop \/ Klimt, pp. 191, 219. Nicolas, Kroniek (1939), p. 218. voor de invloed van Klimt zie hierna ook paragraaf 7.11.3 Jaap Mes (1892-1983).<\/li>\n<li><span id=\"94\" class=\"sta-anchor \" aria-hidden=\"true\"><\/span>94 | Nicolas, Wij Glazeniers, pp. 90-91. Miek Janssen, Toorop deel XII (1932), p. 397.<\/li>\n<li><span id=\"95\" class=\"sta-anchor \" aria-hidden=\"true\"><\/span>95 | Zie http:\/\/ocmw.antwerpen.be, zoekterm Jacob Jordaens.<\/li>\n<li><span id=\"96\" class=\"sta-anchor \" aria-hidden=\"true\"><\/span>96 | Claire Nicolas White, Joep Nicolas, p. 34. De datering 1926 danken we aan KB krantenbank, zoektermen: Nicolas, Derkinderen, Bazel (Algemeen Handelsblad 27-05-1926).<\/li>\n<li><span id=\"97\" class=\"sta-anchor \" aria-hidden=\"true\"><\/span>97 | Nicolas, Wij glazeniers, pp. 68-69 (Nicolas noemt alleen de zestiende-eeuwse glazen, hoewel er ook uit de zeventiende eeuw dateren). Zie voorts paragraaf 2.3.3 De collegestof van Derkinderen en 4.5.4 Tussen joie de vivre en devotie (Van Gelder).<\/li>\n<li><span id=\"98\" class=\"sta-anchor \" aria-hidden=\"true\"><\/span>98 | Vergelijk \u2018Sapientia en Stultitia\u2019 in de serie Deugden en ondeugden van ontwerper Willem van Haecht en graficus Hieronimus Wierix uit 1579 (Museum Boijmans Van Beuningen), te vinden op de site van het Geheugen van Nederland. Algemeen, zie Levi e.a., Tot lering en vermaak, passim.<\/li>\n<li><span id=\"99\" class=\"sta-anchor \" aria-hidden=\"true\"><\/span>99 | Claire Nicolas White, Joep Nicolas, pp. 64-65.<\/li>\n<li><span id=\"100\" class=\"sta-anchor \" aria-hidden=\"true\"><\/span>100 | Hubar, Arbeid en Bezieling, passim.<\/li>\n<li><span id=\"101\" class=\"sta-anchor \" aria-hidden=\"true\"><\/span>101 | Claire Nicolas White, Joep Nicolas, p. 39.<\/li>\n<li><span id=\"102\" class=\"sta-anchor \" aria-hidden=\"true\"><\/span> 102 | Zie de site van het RKD, zoekterm: Nicolas, Joep: afbeeldingnummer 000092493: kunstwerknummer 61882.<\/li>\n<li><span id=\"103\" class=\"sta-anchor \" aria-hidden=\"true\"><\/span>103 | Voor het Maartensraam, waarmee Nicolas 1925 op de Exposition lntemationale des Arts Decoratifs et Industriels Modernes in Parijs zowel een gouden medaille won als de Grand Prix des Maitres Verriers de France, zie paragraaf 4.2 Albert Plasschaert.<\/li>\n<li><span id=\"104\" class=\"sta-anchor \" aria-hidden=\"true\"><\/span>104 | Nicolas, Religieuse kunst van dezen tijd (1932), pp. 91-94, 105-108. Een steekproef aan de hand van het oeuvre in Limburg bevestigt dit beeld. Vergelijk: www.Kerkgebouwen-inlimburg.nl.<\/li>\n<li><span id=\"105\" class=\"sta-anchor \" aria-hidden=\"true\"><\/span>105 | Van der Meer, Joep Nicolas (1929), p. 198.<\/li>\n<li><span id=\"106\" class=\"sta-anchor \" aria-hidden=\"true\"><\/span>106: Voor de datering zie Ars scara, p. 91, afb. 162, Nicolas, Religieuse kunst van dezen tijd (1932), pp. 105-108, en het monumentenregister. Voorts Claire Nicolas White, Joep Nicolas, p. 53.<\/li>\n<\/ul>\n<h3><span class=\"ez-toc-section\" id=\"Afbeeldingen\"><\/span>Afbeeldingen<span class=\"ez-toc-section-end\"><\/span><\/h3>\n<ul>\n<li><span id=\"afbeelding\" class=\"sta-anchor \" aria-hidden=\"true\"><\/span>Afbeelding links ontleend aan: Eli\u00ebns, Limburgse glasschilderkunst, in Hoogveld, Glas-in-lood, pp. 146-147, afb. 183A-D. Rechts: RCE-Pixelpolder.<\/li>\n<li><span id=\"337\" class=\"sta-anchor \" aria-hidden=\"true\"><\/span>Afb. 337 | Afbeelding uit: Claire Nicolas White, Joep Nicolas, p. 29.&nbsp;<\/li>\n<li><span id=\"341\" class=\"sta-anchor \" aria-hidden=\"true\"><\/span>Afb. 341 | Ars sacra, p. 93, afb. 166. Nicolas, Religieuse kunst van dezen tijd, Opgang 1932, p. 93.<\/li>\n<li><span id=\"338\" class=\"sta-anchor \" aria-hidden=\"true\"><\/span>Afb. 338a-b | Engelman, Chagall, De Gemeenschap 1926, pp. 310-311. Afbeeldingen uit: tent.cat. Marc Chagall, Luik, 1998, p. 9, nr. 7.<\/li>\n<li><span id=\"339\" class=\"sta-anchor \" aria-hidden=\"true\"><\/span>Afb. 339 | Claire Nicolas White, Joep Nicolas, pp. 36, 48, 51.<\/li>\n<li><span id=\"343\" class=\"sta-anchor \" aria-hidden=\"true\"><\/span>Afb. 343 | Afbeelding uit: Claire Nicolas White, Joep Nicolas, p. 41.<\/li>\n<\/ul>\n<p>Het bovenstaande item heeft als verkorte links http:\/\/bit.ly\/GvdS-Nicolas-glazen <strong>of<\/strong> www.VanHH.org\/?p=3780<\/p>\n<p>&lt; Terug naar <a title=\"De genade van de steiger\" href=\"https:\/\/www.vanhellenberghubar.org\/index.php\/projecten\/de-genade-van-de-steiger\/\"><em>De genade van de steiger<\/em><\/a>!<\/p>\n","protected":false},"excerpt":{"rendered":"<p>Inleiding en aanleiding: Nicolas op expositie 2014 was voor liefhebbers van Joep Nicolas een bijzonder jaar. Een van de belangrijkste kunstenaars van het interbellum die in geen enkele vaste opstelling voorkomt van enig museum in Nederland, vormde zomaar het middelpunt van twee exposities: in het Cuypershuis te Roermond en bij Galerie Mariska Dirkx in dezelfde [&hellip;]<\/p>\n","protected":false},"author":3,"featured_media":3870,"parent":3916,"menu_order":208,"comment_status":"closed","ping_status":"closed","template":"","meta":{"ngg_post_thumbnail":0,"jetpack_post_was_ever_published":false,"footnotes":""},"tags":[275,279,280,284,281,9,278,283,91,276,286,285,8,4,282,287,71,288,277,6],"class_list":["post-3780","page","type-page","status-publish","has-post-thumbnail","hentry","tag-biennalex","tag-a-j-derkinderen","tag-aldous-huxley","tag-barok","tag-claire-nicolas-white","tag-de-genade-van-de-steiger","tag-dick-van-wijk","tag-expressionistisch","tag-glas-in-lood","tag-glasbiennale-roermond","tag-goudse-glazen","tag-hans-vredeman-de-vries","tag-interbellum","tag-interbellumboek","tag-jacob-jordaens","tag-jan-toorop","tag-joep-nicolas","tag-marc-chagall","tag-mariska-dirkx","tag-monumentale-kunst"],"yoast_head":"<!-- This site is optimized with the Yoast SEO plugin v26.8 - https:\/\/yoast.com\/product\/yoast-seo-wordpress\/ -->\n<title>Joep Nicolas tussen de glazen - VanHellenbergHubar.org<\/title>\n<meta name=\"description\" content=\"Joep Nicolas tussen de glazen | Een analyse van het werk van Joep Nicolas als glazenier uit het boek De genade van de steiger.\" \/>\n<meta name=\"robots\" content=\"index, follow, max-snippet:-1, max-image-preview:large, max-video-preview:-1\" \/>\n<link rel=\"canonical\" href=\"https:\/\/www.vanhellenberghubar.org\/index.php\/projecten\/de-genade-van-de-steiger\/fragmenten-gvds\/joep-nicolas-glazen\/\" \/>\n<meta property=\"og:locale\" content=\"nl_NL\" \/>\n<meta property=\"og:type\" content=\"article\" \/>\n<meta property=\"og:title\" content=\"Joep Nicolas tussen de glazen - VanHellenbergHubar.org\" \/>\n<meta property=\"og:description\" content=\"Joep Nicolas tussen de glazen | Een analyse van het werk van Joep Nicolas als glazenier uit het boek De genade van de steiger.\" \/>\n<meta property=\"og:url\" content=\"https:\/\/www.vanhellenberghubar.org\/index.php\/projecten\/de-genade-van-de-steiger\/fragmenten-gvds\/joep-nicolas-glazen\/\" \/>\n<meta property=\"og:site_name\" content=\"VanHellenbergHubar.org\" \/>\n<meta property=\"article:publisher\" content=\"https:\/\/www.facebook.com\/bern4dette\" \/>\n<meta property=\"article:modified_time\" content=\"2023-06-18T06:29:35+00:00\" \/>\n<meta property=\"og:image\" content=\"https:\/\/www.vanhellenberghubar.org\/wp-content\/uploads\/2014\/08\/Nicolas-Graflegging-Asselt.jpg\" \/>\n\t<meta property=\"og:image:width\" content=\"1634\" \/>\n\t<meta property=\"og:image:height\" content=\"895\" \/>\n\t<meta property=\"og:image:type\" content=\"image\/jpeg\" \/>\n<meta name=\"twitter:label1\" content=\"Geschatte leestijd\" \/>\n\t<meta name=\"twitter:data1\" content=\"24 minuten\" \/>\n<script type=\"application\/ld+json\" class=\"yoast-schema-graph\">{\"@context\":\"https:\/\/schema.org\",\"@graph\":[{\"@type\":\"WebPage\",\"@id\":\"https:\/\/www.vanhellenberghubar.org\/index.php\/projecten\/de-genade-van-de-steiger\/fragmenten-gvds\/joep-nicolas-glazen\/\",\"url\":\"https:\/\/www.vanhellenberghubar.org\/index.php\/projecten\/de-genade-van-de-steiger\/fragmenten-gvds\/joep-nicolas-glazen\/\",\"name\":\"Joep Nicolas tussen de glazen - VanHellenbergHubar.org\",\"isPartOf\":{\"@id\":\"https:\/\/www.vanhellenberghubar.org\/#website\"},\"primaryImageOfPage\":{\"@id\":\"https:\/\/www.vanhellenberghubar.org\/index.php\/projecten\/de-genade-van-de-steiger\/fragmenten-gvds\/joep-nicolas-glazen\/#primaryimage\"},\"image\":{\"@id\":\"https:\/\/www.vanhellenberghubar.org\/index.php\/projecten\/de-genade-van-de-steiger\/fragmenten-gvds\/joep-nicolas-glazen\/#primaryimage\"},\"thumbnailUrl\":\"https:\/\/i0.wp.com\/www.vanhellenberghubar.org\/wp-content\/uploads\/2014\/08\/Nicolas-Graflegging-Asselt.jpg?fit=1634%2C895&ssl=1\",\"datePublished\":\"2014-09-14T07:00:52+00:00\",\"dateModified\":\"2023-06-18T06:29:35+00:00\",\"description\":\"Joep Nicolas tussen de glazen | Een analyse van het werk van Joep Nicolas als glazenier uit het boek De genade van de steiger.\",\"breadcrumb\":{\"@id\":\"https:\/\/www.vanhellenberghubar.org\/index.php\/projecten\/de-genade-van-de-steiger\/fragmenten-gvds\/joep-nicolas-glazen\/#breadcrumb\"},\"inLanguage\":\"nl-NL\",\"potentialAction\":[{\"@type\":\"ReadAction\",\"target\":[\"https:\/\/www.vanhellenberghubar.org\/index.php\/projecten\/de-genade-van-de-steiger\/fragmenten-gvds\/joep-nicolas-glazen\/\"]}]},{\"@type\":\"ImageObject\",\"inLanguage\":\"nl-NL\",\"@id\":\"https:\/\/www.vanhellenberghubar.org\/index.php\/projecten\/de-genade-van-de-steiger\/fragmenten-gvds\/joep-nicolas-glazen\/#primaryimage\",\"url\":\"https:\/\/i0.wp.com\/www.vanhellenberghubar.org\/wp-content\/uploads\/2014\/08\/Nicolas-Graflegging-Asselt.jpg?fit=1634%2C895&ssl=1\",\"contentUrl\":\"https:\/\/i0.wp.com\/www.vanhellenberghubar.org\/wp-content\/uploads\/2014\/08\/Nicolas-Graflegging-Asselt.jpg?fit=1634%2C895&ssl=1\",\"width\":1634,\"height\":895,\"caption\":\"Joep Nicolas, Graflegging, Dionysiuskerk Asselt\"},{\"@type\":\"BreadcrumbList\",\"@id\":\"https:\/\/www.vanhellenberghubar.org\/index.php\/projecten\/de-genade-van-de-steiger\/fragmenten-gvds\/joep-nicolas-glazen\/#breadcrumb\",\"itemListElement\":[{\"@type\":\"ListItem\",\"position\":1,\"name\":\"Home\",\"item\":\"https:\/\/www.vanhellenberghubar.org\/\"},{\"@type\":\"ListItem\",\"position\":2,\"name\":\"Projecten &#038;\",\"item\":\"https:\/\/www.vanhellenberghubar.org\/index.php\/projecten\/\"},{\"@type\":\"ListItem\",\"position\":3,\"name\":\"De genade van de steiger\",\"item\":\"https:\/\/www.vanhellenberghubar.org\/index.php\/projecten\/de-genade-van-de-steiger\/\"},{\"@type\":\"ListItem\",\"position\":4,\"name\":\"Fragmenten uit het boek\",\"item\":\"https:\/\/www.vanhellenberghubar.org\/index.php\/projecten\/de-genade-van-de-steiger\/fragmenten-gvds\/\"},{\"@type\":\"ListItem\",\"position\":5,\"name\":\"Joep Nicolas tussen de glazen\"}]},{\"@type\":\"WebSite\",\"@id\":\"https:\/\/www.vanhellenberghubar.org\/#website\",\"url\":\"https:\/\/www.vanhellenberghubar.org\/\",\"name\":\"VanHellenbergHubar.org\",\"description\":\"Kunst, cultuur &amp; erfgoed\",\"publisher\":{\"@id\":\"https:\/\/www.vanhellenberghubar.org\/#organization\"},\"potentialAction\":[{\"@type\":\"SearchAction\",\"target\":{\"@type\":\"EntryPoint\",\"urlTemplate\":\"https:\/\/www.vanhellenberghubar.org\/?s={search_term_string}\"},\"query-input\":{\"@type\":\"PropertyValueSpecification\",\"valueRequired\":true,\"valueName\":\"search_term_string\"}}],\"inLanguage\":\"nl-NL\"},{\"@type\":\"Organization\",\"@id\":\"https:\/\/www.vanhellenberghubar.org\/#organization\",\"name\":\"VanHellenbergHubar.Org\",\"url\":\"https:\/\/www.vanhellenberghubar.org\/\",\"logo\":{\"@type\":\"ImageObject\",\"inLanguage\":\"nl-NL\",\"@id\":\"https:\/\/www.vanhellenberghubar.org\/#\/schema\/logo\/image\/\",\"url\":\"https:\/\/i1.wp.com\/www.vanhellenberghubar.org\/wp-content\/uploads\/2015\/11\/BVHH_logo_basis1-kleiner.png?fit=456%2C506&ssl=1\",\"contentUrl\":\"https:\/\/i1.wp.com\/www.vanhellenberghubar.org\/wp-content\/uploads\/2015\/11\/BVHH_logo_basis1-kleiner.png?fit=456%2C506&ssl=1\",\"width\":456,\"height\":506,\"caption\":\"VanHellenbergHubar.Org\"},\"image\":{\"@id\":\"https:\/\/www.vanhellenberghubar.org\/#\/schema\/logo\/image\/\"},\"sameAs\":[\"https:\/\/www.facebook.com\/bern4dette\",\"https:\/\/x.com\/Bern4dette\",\"https:\/\/www.instagram.com\/bernadettevanhellenberghubar\/\",\"https:\/\/www.linkedin.com\/in\/vanhellenberghubar\/\",\"https:\/\/nl.pinterest.com\/bern4dette\/\",\"https:\/\/www.youtube.com\/channel\/UCYTa5JeAX_BImf33KUQDBYA\"]}]}<\/script>\n<!-- \/ Yoast SEO plugin. -->","yoast_head_json":{"title":"Joep Nicolas tussen de glazen - VanHellenbergHubar.org","description":"Joep Nicolas tussen de glazen | Een analyse van het werk van Joep Nicolas als glazenier uit het boek De genade van de steiger.","robots":{"index":"index","follow":"follow","max-snippet":"max-snippet:-1","max-image-preview":"max-image-preview:large","max-video-preview":"max-video-preview:-1"},"canonical":"https:\/\/www.vanhellenberghubar.org\/index.php\/projecten\/de-genade-van-de-steiger\/fragmenten-gvds\/joep-nicolas-glazen\/","og_locale":"nl_NL","og_type":"article","og_title":"Joep Nicolas tussen de glazen - VanHellenbergHubar.org","og_description":"Joep Nicolas tussen de glazen | Een analyse van het werk van Joep Nicolas als glazenier uit het boek De genade van de steiger.","og_url":"https:\/\/www.vanhellenberghubar.org\/index.php\/projecten\/de-genade-van-de-steiger\/fragmenten-gvds\/joep-nicolas-glazen\/","og_site_name":"VanHellenbergHubar.org","article_publisher":"https:\/\/www.facebook.com\/bern4dette","article_modified_time":"2023-06-18T06:29:35+00:00","og_image":[{"width":1634,"height":895,"url":"https:\/\/www.vanhellenberghubar.org\/wp-content\/uploads\/2014\/08\/Nicolas-Graflegging-Asselt.jpg","type":"image\/jpeg"}],"twitter_misc":{"Geschatte leestijd":"24 minuten"},"schema":{"@context":"https:\/\/schema.org","@graph":[{"@type":"WebPage","@id":"https:\/\/www.vanhellenberghubar.org\/index.php\/projecten\/de-genade-van-de-steiger\/fragmenten-gvds\/joep-nicolas-glazen\/","url":"https:\/\/www.vanhellenberghubar.org\/index.php\/projecten\/de-genade-van-de-steiger\/fragmenten-gvds\/joep-nicolas-glazen\/","name":"Joep Nicolas tussen de glazen - VanHellenbergHubar.org","isPartOf":{"@id":"https:\/\/www.vanhellenberghubar.org\/#website"},"primaryImageOfPage":{"@id":"https:\/\/www.vanhellenberghubar.org\/index.php\/projecten\/de-genade-van-de-steiger\/fragmenten-gvds\/joep-nicolas-glazen\/#primaryimage"},"image":{"@id":"https:\/\/www.vanhellenberghubar.org\/index.php\/projecten\/de-genade-van-de-steiger\/fragmenten-gvds\/joep-nicolas-glazen\/#primaryimage"},"thumbnailUrl":"https:\/\/i0.wp.com\/www.vanhellenberghubar.org\/wp-content\/uploads\/2014\/08\/Nicolas-Graflegging-Asselt.jpg?fit=1634%2C895&ssl=1","datePublished":"2014-09-14T07:00:52+00:00","dateModified":"2023-06-18T06:29:35+00:00","description":"Joep Nicolas tussen de glazen | Een analyse van het werk van Joep Nicolas als glazenier uit het boek De genade van de steiger.","breadcrumb":{"@id":"https:\/\/www.vanhellenberghubar.org\/index.php\/projecten\/de-genade-van-de-steiger\/fragmenten-gvds\/joep-nicolas-glazen\/#breadcrumb"},"inLanguage":"nl-NL","potentialAction":[{"@type":"ReadAction","target":["https:\/\/www.vanhellenberghubar.org\/index.php\/projecten\/de-genade-van-de-steiger\/fragmenten-gvds\/joep-nicolas-glazen\/"]}]},{"@type":"ImageObject","inLanguage":"nl-NL","@id":"https:\/\/www.vanhellenberghubar.org\/index.php\/projecten\/de-genade-van-de-steiger\/fragmenten-gvds\/joep-nicolas-glazen\/#primaryimage","url":"https:\/\/i0.wp.com\/www.vanhellenberghubar.org\/wp-content\/uploads\/2014\/08\/Nicolas-Graflegging-Asselt.jpg?fit=1634%2C895&ssl=1","contentUrl":"https:\/\/i0.wp.com\/www.vanhellenberghubar.org\/wp-content\/uploads\/2014\/08\/Nicolas-Graflegging-Asselt.jpg?fit=1634%2C895&ssl=1","width":1634,"height":895,"caption":"Joep Nicolas, Graflegging, Dionysiuskerk Asselt"},{"@type":"BreadcrumbList","@id":"https:\/\/www.vanhellenberghubar.org\/index.php\/projecten\/de-genade-van-de-steiger\/fragmenten-gvds\/joep-nicolas-glazen\/#breadcrumb","itemListElement":[{"@type":"ListItem","position":1,"name":"Home","item":"https:\/\/www.vanhellenberghubar.org\/"},{"@type":"ListItem","position":2,"name":"Projecten &#038;","item":"https:\/\/www.vanhellenberghubar.org\/index.php\/projecten\/"},{"@type":"ListItem","position":3,"name":"De genade van de steiger","item":"https:\/\/www.vanhellenberghubar.org\/index.php\/projecten\/de-genade-van-de-steiger\/"},{"@type":"ListItem","position":4,"name":"Fragmenten uit het boek","item":"https:\/\/www.vanhellenberghubar.org\/index.php\/projecten\/de-genade-van-de-steiger\/fragmenten-gvds\/"},{"@type":"ListItem","position":5,"name":"Joep Nicolas tussen de glazen"}]},{"@type":"WebSite","@id":"https:\/\/www.vanhellenberghubar.org\/#website","url":"https:\/\/www.vanhellenberghubar.org\/","name":"VanHellenbergHubar.org","description":"Kunst, cultuur &amp; erfgoed","publisher":{"@id":"https:\/\/www.vanhellenberghubar.org\/#organization"},"potentialAction":[{"@type":"SearchAction","target":{"@type":"EntryPoint","urlTemplate":"https:\/\/www.vanhellenberghubar.org\/?s={search_term_string}"},"query-input":{"@type":"PropertyValueSpecification","valueRequired":true,"valueName":"search_term_string"}}],"inLanguage":"nl-NL"},{"@type":"Organization","@id":"https:\/\/www.vanhellenberghubar.org\/#organization","name":"VanHellenbergHubar.Org","url":"https:\/\/www.vanhellenberghubar.org\/","logo":{"@type":"ImageObject","inLanguage":"nl-NL","@id":"https:\/\/www.vanhellenberghubar.org\/#\/schema\/logo\/image\/","url":"https:\/\/i1.wp.com\/www.vanhellenberghubar.org\/wp-content\/uploads\/2015\/11\/BVHH_logo_basis1-kleiner.png?fit=456%2C506&ssl=1","contentUrl":"https:\/\/i1.wp.com\/www.vanhellenberghubar.org\/wp-content\/uploads\/2015\/11\/BVHH_logo_basis1-kleiner.png?fit=456%2C506&ssl=1","width":456,"height":506,"caption":"VanHellenbergHubar.Org"},"image":{"@id":"https:\/\/www.vanhellenberghubar.org\/#\/schema\/logo\/image\/"},"sameAs":["https:\/\/www.facebook.com\/bern4dette","https:\/\/x.com\/Bern4dette","https:\/\/www.instagram.com\/bernadettevanhellenberghubar\/","https:\/\/www.linkedin.com\/in\/vanhellenberghubar\/","https:\/\/nl.pinterest.com\/bern4dette\/","https:\/\/www.youtube.com\/channel\/UCYTa5JeAX_BImf33KUQDBYA"]}]}},"jetpack_sharing_enabled":true,"jetpack-related-posts":[{"id":9855,"url":"https:\/\/www.vanhellenberghubar.org\/index.php\/projecten\/glas\/nicolas-en-tijdgenoten\/nicolas-in-de-genade-van-de-steiger-%e2%86%92\/","url_meta":{"origin":3780,"position":0},"title":"Nicolas in &#8216;De genade van de steiger&#8217; \u2192","author":"Bernadette van Hellenberg Hubar","date":"27 juli 2017","format":false,"excerpt":"\u00a0Afb. 343 Joep Nicolas, Intrepiditas (onverschrokkenheid) uit de serie deugden (1926-27) in de trappenhal van het stadhuis van Breda. Deze cyclus is in meer opzichten be\u00efnvloed door het werk dat hij had gedaan aan de voltooiing van de glazen van Derkinderen (1925) in de trappenhal van de Algemene Handelsmaatschappij te\u2026","rel":"","context":"In \"Breda\"","block_context":{"text":"Breda","link":"https:\/\/www.vanhellenberghubar.org\/index.php\/tag\/breda\/"},"img":{"alt_text":"Joep Nicolas, Intrepiditas stadhuis Breda.","src":"https:\/\/i0.wp.com\/www.vanhellenberghubar.org\/wp-content\/uploads\/2014\/08\/Nicolas-Intrepididas.jpg?fit=377%2C726&ssl=1&resize=350%2C200","width":350,"height":200},"classes":[]},{"id":11267,"url":"https:\/\/www.vanhellenberghubar.org\/index.php\/archief\/homepage\/homepage-september-2017-maart-2018\/","url_meta":{"origin":3780,"position":1},"title":"Homepage september 2017-maart 2018","author":"Bernadette van Hellenberg Hubar","date":"24 maart 2018","format":false,"excerpt":"Op 9 september, aan de voormiddag van de Open Monumentendagen in 2016, kwam mijn boek over de nieuwe Bavo uit, geproduceerd door WBooks te Zwolle in opdracht van de stichting Kathedrale Basiliek Sint Bavo te Haarlem. Je kunt het boek bestellen via deze link. De omslag van 'De nieuwe Bavo\u2026","rel":"","context":"In \"E-boek\"","block_context":{"text":"E-boek","link":"https:\/\/www.vanhellenberghubar.org\/index.php\/tag\/e-boek\/"},"img":{"alt_text":"Het boek over de nieuwe Bavo!","src":"https:\/\/i0.wp.com\/www.vanhellenberghubar.org\/wp-content\/uploads\/2019\/12\/21137449900_ea1b1d7412_z.jpg?resize=350%2C200&ssl=1","width":350,"height":200,"srcset":"https:\/\/i0.wp.com\/www.vanhellenberghubar.org\/wp-content\/uploads\/2019\/12\/21137449900_ea1b1d7412_z.jpg?resize=350%2C200&ssl=1 1x, https:\/\/i0.wp.com\/www.vanhellenberghubar.org\/wp-content\/uploads\/2019\/12\/21137449900_ea1b1d7412_z.jpg?resize=525%2C300&ssl=1 1.5x"},"classes":[]},{"id":4594,"url":"https:\/\/www.vanhellenberghubar.org\/index.php\/projecten\/de-genade-van-de-steiger\/fragmenten-gvds\/nicolas-asselt\/","url_meta":{"origin":3780,"position":2},"title":"Joep Nicolas in Asselt","author":"Marij Coenen","date":"13 november 2014","format":false,"excerpt":"Vue op het noorderportaal van de crypte van de Dionysiuskerk te Asselt. De schilderingen verkeren in goede staat, doordat ze in 2001 zijn geconserveerd door de Stichting Restauratie Atelier Limburg (SRAL).* Joep Nicolas in Asselt Het is wat paradoxaal om de aandacht te vragen voor een kunstwerk dat je nauwelijks\u2026","rel":"","context":"In &quot;Fragmenten&quot;","block_context":{"text":"Fragmenten","link":"https:\/\/www.vanhellenberghubar.org\/index.php\/category\/onderzoek\/genade-van-de-steiger\/fragmenten\/"},"img":{"alt_text":"Joep Nicolas in Asselt, Morte fortior, Vigeliusprijs 1922.","src":"https:\/\/i0.wp.com\/www.vanhellenberghubar.org\/wp-content\/uploads\/2014\/11\/000072-Nicolas-Joep-Vigiliusprijs-EGM-1925-bew1.jpg?resize=350%2C200&ssl=1","width":350,"height":200,"srcset":"https:\/\/i0.wp.com\/www.vanhellenberghubar.org\/wp-content\/uploads\/2014\/11\/000072-Nicolas-Joep-Vigiliusprijs-EGM-1925-bew1.jpg?resize=350%2C200&ssl=1 1x, https:\/\/i0.wp.com\/www.vanhellenberghubar.org\/wp-content\/uploads\/2014\/11\/000072-Nicolas-Joep-Vigiliusprijs-EGM-1925-bew1.jpg?resize=525%2C300&ssl=1 1.5x, https:\/\/i0.wp.com\/www.vanhellenberghubar.org\/wp-content\/uploads\/2014\/11\/000072-Nicolas-Joep-Vigiliusprijs-EGM-1925-bew1.jpg?resize=700%2C400&ssl=1 2x"},"classes":[]},{"id":19747,"url":"https:\/\/www.vanhellenberghubar.org\/index.php\/archief\/webitems\/terugblik-op-kroonjuwelen-en-zo-meer\/","url_meta":{"origin":3780,"position":3},"title":"Terugblik op kroonjuwelen en zo meer","author":"Bernadette van Hellenberg Hubar","date":"4 oktober 2024","format":false,"excerpt":"Terugblik op kroonjuwelen en zo meer \u2014 Deze pagina vormt het vervolg van de oude homepage vanaf medio 2013 tot begin 2021.\u00a0 Kroonjuwelen \u2014 E\u00e9n van de meest interessante projecten die ik ooit heb mogen doen, heb ik alweer enige tijd geleden afgerond. Dat is het\u00a0boek over de nieuwe Bavo\u2026","rel":"","context":"In \"#KunstInBreda\"","block_context":{"text":"#KunstInBreda","link":"https:\/\/www.vanhellenberghubar.org\/index.php\/tag\/kunstinbreda\/"},"img":{"alt_text":"","src":"https:\/\/i0.wp.com\/www.vanhellenberghubar.org\/wp-content\/uploads\/2014\/06\/Bernadette-en-Marij-2-sep-14.jpg?fit=1081%2C598&ssl=1&resize=350%2C200","width":350,"height":200,"srcset":"https:\/\/i0.wp.com\/www.vanhellenberghubar.org\/wp-content\/uploads\/2014\/06\/Bernadette-en-Marij-2-sep-14.jpg?fit=1081%2C598&ssl=1&resize=350%2C200 1x, https:\/\/i0.wp.com\/www.vanhellenberghubar.org\/wp-content\/uploads\/2014\/06\/Bernadette-en-Marij-2-sep-14.jpg?fit=1081%2C598&ssl=1&resize=525%2C300 1.5x, https:\/\/i0.wp.com\/www.vanhellenberghubar.org\/wp-content\/uploads\/2014\/06\/Bernadette-en-Marij-2-sep-14.jpg?fit=1081%2C598&ssl=1&resize=700%2C400 2x, https:\/\/i0.wp.com\/www.vanhellenberghubar.org\/wp-content\/uploads\/2014\/06\/Bernadette-en-Marij-2-sep-14.jpg?fit=1081%2C598&ssl=1&resize=1050%2C600 3x"},"classes":[]},{"id":13082,"url":"https:\/\/www.vanhellenberghubar.org\/index.php\/archief\/webitems\/","url_meta":{"origin":3780,"position":4},"title":"Webitems te kust en te keur","author":"Bernadette van Hellenberg Hubar","date":"26 december 2018","format":false,"excerpt":"Webitems | Waarom een aparte opslag nodig was. Soms lijk je met een grote boog om een probleem heen te gaan. En dat is wat we ogenschijnlijk doen met deze toegang op alle webitems die opgesteld zijn in de format van WordPress pagina's. Hoe technisch zullen we het maken? Laat\u2026","rel":"","context":"In \"concordans\"","block_context":{"text":"concordans","link":"https:\/\/www.vanhellenberghubar.org\/index.php\/tag\/concordans\/"},"img":{"alt_text":"Joep Nicolas, Detail van het Sint Maartensraam (1925), Marij Coenen (expositie Cuypershuis) 2014.","src":"https:\/\/i0.wp.com\/www.vanhellenberghubar.org\/wp-content\/uploads\/2019\/05\/Nicolas-Dirkx-9-okt-14-mc-13-vierkant.jpg?fit=1200%2C1200&ssl=1&resize=350%2C200","width":350,"height":200,"srcset":"https:\/\/i0.wp.com\/www.vanhellenberghubar.org\/wp-content\/uploads\/2019\/05\/Nicolas-Dirkx-9-okt-14-mc-13-vierkant.jpg?fit=1200%2C1200&ssl=1&resize=350%2C200 1x, https:\/\/i0.wp.com\/www.vanhellenberghubar.org\/wp-content\/uploads\/2019\/05\/Nicolas-Dirkx-9-okt-14-mc-13-vierkant.jpg?fit=1200%2C1200&ssl=1&resize=525%2C300 1.5x, https:\/\/i0.wp.com\/www.vanhellenberghubar.org\/wp-content\/uploads\/2019\/05\/Nicolas-Dirkx-9-okt-14-mc-13-vierkant.jpg?fit=1200%2C1200&ssl=1&resize=700%2C400 2x, https:\/\/i0.wp.com\/www.vanhellenberghubar.org\/wp-content\/uploads\/2019\/05\/Nicolas-Dirkx-9-okt-14-mc-13-vierkant.jpg?fit=1200%2C1200&ssl=1&resize=1050%2C600 3x"},"classes":[]},{"id":9848,"url":"https:\/\/www.vanhellenberghubar.org\/index.php\/projecten\/glas\/nicolas-en-tijdgenoten\/","url_meta":{"origin":3780,"position":5},"title":"Nicolas en tijdgenoten","author":"Bernadette van Hellenberg Hubar","date":"27 juli 2017","format":false,"excerpt":"\u00a0 Een van de meest interessante werken van\u00a0Joep Nicolas: Long island symphony uit 1957 (eigendom Stichting 1888 Roermond. Foto Marij Coenen 2014). Opvallend is het deels allegorische, deels\u00a0surrealistische karakater van dit werk, waarin verschillende technieken zijn toegepast. De combinatie van monochrome en polychrome onderdelen zal de glazenier later vaker toepassen.\u2026","rel":"","context":"In \"Antoon Derkinderen\"","block_context":{"text":"Antoon Derkinderen","link":"https:\/\/www.vanhellenberghubar.org\/index.php\/tag\/antoon-derkinderen\/"},"img":{"alt_text":"Joep Nicolas, Long island symphony 1957, eigendom Stichting 1888 Roermond. Foto Marij Coenen 2014","src":"https:\/\/i0.wp.com\/www.vanhellenberghubar.org\/wp-content\/uploads\/2017\/07\/Joep-Nicolas-Long-island-symphony-1957-eigendom-Stichting-1888-Roermond.-Foto-Marij-Coenen-2014.png?fit=1200%2C518&ssl=1&resize=350%2C200","width":350,"height":200,"srcset":"https:\/\/i0.wp.com\/www.vanhellenberghubar.org\/wp-content\/uploads\/2017\/07\/Joep-Nicolas-Long-island-symphony-1957-eigendom-Stichting-1888-Roermond.-Foto-Marij-Coenen-2014.png?fit=1200%2C518&ssl=1&resize=350%2C200 1x, https:\/\/i0.wp.com\/www.vanhellenberghubar.org\/wp-content\/uploads\/2017\/07\/Joep-Nicolas-Long-island-symphony-1957-eigendom-Stichting-1888-Roermond.-Foto-Marij-Coenen-2014.png?fit=1200%2C518&ssl=1&resize=525%2C300 1.5x, https:\/\/i0.wp.com\/www.vanhellenberghubar.org\/wp-content\/uploads\/2017\/07\/Joep-Nicolas-Long-island-symphony-1957-eigendom-Stichting-1888-Roermond.-Foto-Marij-Coenen-2014.png?fit=1200%2C518&ssl=1&resize=700%2C400 2x, https:\/\/i0.wp.com\/www.vanhellenberghubar.org\/wp-content\/uploads\/2017\/07\/Joep-Nicolas-Long-island-symphony-1957-eigendom-Stichting-1888-Roermond.-Foto-Marij-Coenen-2014.png?fit=1200%2C518&ssl=1&resize=1050%2C600 3x"},"classes":[]}],"jetpack_likes_enabled":true,"_links":{"self":[{"href":"https:\/\/www.vanhellenberghubar.org\/index.php\/wp-json\/wp\/v2\/pages\/3780","targetHints":{"allow":["GET"]}}],"collection":[{"href":"https:\/\/www.vanhellenberghubar.org\/index.php\/wp-json\/wp\/v2\/pages"}],"about":[{"href":"https:\/\/www.vanhellenberghubar.org\/index.php\/wp-json\/wp\/v2\/types\/page"}],"author":[{"embeddable":true,"href":"https:\/\/www.vanhellenberghubar.org\/index.php\/wp-json\/wp\/v2\/users\/3"}],"replies":[{"embeddable":true,"href":"https:\/\/www.vanhellenberghubar.org\/index.php\/wp-json\/wp\/v2\/comments?post=3780"}],"version-history":[{"count":91,"href":"https:\/\/www.vanhellenberghubar.org\/index.php\/wp-json\/wp\/v2\/pages\/3780\/revisions"}],"predecessor-version":[{"id":19280,"href":"https:\/\/www.vanhellenberghubar.org\/index.php\/wp-json\/wp\/v2\/pages\/3780\/revisions\/19280"}],"up":[{"embeddable":true,"href":"https:\/\/www.vanhellenberghubar.org\/index.php\/wp-json\/wp\/v2\/pages\/3916"}],"wp:featuredmedia":[{"embeddable":true,"href":"https:\/\/www.vanhellenberghubar.org\/index.php\/wp-json\/wp\/v2\/media\/3870"}],"wp:attachment":[{"href":"https:\/\/www.vanhellenberghubar.org\/index.php\/wp-json\/wp\/v2\/media?parent=3780"}],"wp:term":[{"taxonomy":"post_tag","embeddable":true,"href":"https:\/\/www.vanhellenberghubar.org\/index.php\/wp-json\/wp\/v2\/tags?post=3780"}],"curies":[{"name":"wp","href":"https:\/\/api.w.org\/{rel}","templated":true}]}}