{"id":3554,"date":"2014-08-19T09:48:13","date_gmt":"2014-08-19T07:48:13","guid":{"rendered":"https:\/\/www.vanhellenberghubar.org\/?page_id=3554"},"modified":"2019-05-31T15:12:41","modified_gmt":"2019-05-31T13:12:41","slug":"register-op-topografica","status":"publish","type":"page","link":"https:\/\/www.vanhellenberghubar.org\/index.php\/projecten\/de-genade-van-de-steiger\/toegang\/register-op-topografica\/","title":{"rendered":"Register op topografica"},"content":{"rendered":"<h1 style=\"padding-left: 30px;\"><\/h1>\n<div class=\"tiled-gallery type-circle tiled-gallery-unresized\" data-original-width=\"640\" data-carousel-extra='{&quot;blog_id&quot;:1,&quot;permalink&quot;:&quot;https:\\\/\\\/www.vanhellenberghubar.org\\\/index.php\\\/projecten\\\/de-genade-van-de-steiger\\\/toegang\\\/register-op-topografica\\\/&quot;,&quot;likes_blog_id&quot;:62507498}' itemscope itemtype=\"http:\/\/schema.org\/ImageGallery\" > <div class=\"gallery-row\" style=\"width: 640px; height: 213px;\" data-original-width=\"640\" data-original-height=\"213\" > <div class=\"gallery-group\" style=\"width: 213px; height: 213px;\" data-original-width=\"213\" data-original-height=\"213\" > <div class=\"tiled-gallery-item \" itemprop=\"associatedMedia\" itemscope itemtype=\"http:\/\/schema.org\/ImageObject\"> <a href=\"https:\/\/www.vanhellenberghubar.org\/index.php\/projecten\/de-genade-van-de-steiger\/toegang\/2013-11-10-12_10_45-de-genade-van-de-steiger-pr5-lr-pdf-adobe-acrobat\/#main\" border=\"0\" itemprop=\"url\"> <meta itemprop=\"width\" content=\"209\"> <meta itemprop=\"height\" content=\"209\"> <img decoding=\"async\" class=\"\" data-attachment-id=\"3569\" data-orig-file=\"https:\/\/www.vanhellenberghubar.org\/wp-content\/uploads\/2014\/08\/2013-11-10-12_10_45-De-genade-van-de-steiger-PR5-LR.pdf-Adobe-Acrobat.png\" data-orig-size=\"1207,799\" data-comments-opened=\"\" data-image-meta=\"{&quot;aperture&quot;:&quot;0&quot;,&quot;credit&quot;:&quot;&quot;,&quot;camera&quot;:&quot;&quot;,&quot;caption&quot;:&quot;&quot;,&quot;created_timestamp&quot;:&quot;0&quot;,&quot;copyright&quot;:&quot;&quot;,&quot;focal_length&quot;:&quot;0&quot;,&quot;iso&quot;:&quot;0&quot;,&quot;shutter_speed&quot;:&quot;0&quot;,&quot;title&quot;:&quot;&quot;}\" data-image-title=\"Het moza\u00efek van Anton Molkenboer in &#8216;De genade van de steiger&#8217; (2013).\" data-image-description=\"\" data-medium-file=\"https:\/\/i0.wp.com\/www.vanhellenberghubar.org\/wp-content\/uploads\/2014\/08\/2013-11-10-12_10_45-De-genade-van-de-steiger-PR5-LR.pdf-Adobe-Acrobat.png?fit=300%2C198&#038;ssl=1\" data-large-file=\"https:\/\/i0.wp.com\/www.vanhellenberghubar.org\/wp-content\/uploads\/2014\/08\/2013-11-10-12_10_45-De-genade-van-de-steiger-PR5-LR.pdf-Adobe-Acrobat.png?fit=640%2C423&#038;ssl=1\" src=\"https:\/\/i0.wp.com\/www.vanhellenberghubar.org\/wp-content\/uploads\/2014\/08\/2013-11-10-12_10_45-De-genade-van-de-steiger-PR5-LR.pdf-Adobe-Acrobat.png?w=209&#038;h=209&#038;crop=1&#038;ssl=1\" srcset=\"https:\/\/i0.wp.com\/www.vanhellenberghubar.org\/wp-content\/uploads\/2014\/08\/2013-11-10-12_10_45-De-genade-van-de-steiger-PR5-LR.pdf-Adobe-Acrobat.png?resize=250%2C250&amp;ssl=1 250w, https:\/\/i0.wp.com\/www.vanhellenberghubar.org\/wp-content\/uploads\/2014\/08\/2013-11-10-12_10_45-De-genade-van-de-steiger-PR5-LR.pdf-Adobe-Acrobat.png?zoom=2&amp;resize=209%2C209&amp;ssl=1 418w, https:\/\/i0.wp.com\/www.vanhellenberghubar.org\/wp-content\/uploads\/2014\/08\/2013-11-10-12_10_45-De-genade-van-de-steiger-PR5-LR.pdf-Adobe-Acrobat.png?zoom=3&amp;resize=209%2C209&amp;ssl=1 627w\" width=\"209\" height=\"209\" loading=\"lazy\" data-original-width=\"209\" data-original-height=\"209\" itemprop=\"http:\/\/schema.org\/image\" title=\"Het moza\u00efek van Anton Molkenboer in &#039;De genade van de steiger&#039; (2013).\" alt=\"Het moza\u00efek van Anton Molkenboer in &#039;De genade van de steiger&#039; (2013).\" style=\"width: 209px; height: 209px;\" \/> <\/a> <div class=\"tiled-gallery-caption\" itemprop=\"caption description\"> Het moza\u00efek van Anton Molkenboer in &#8216;De genade van de steiger&#8217; (2013). <\/div> <\/div> <\/div> <div class=\"gallery-group\" style=\"width: 213px; height: 213px;\" data-original-width=\"213\" data-original-height=\"213\" > <div class=\"tiled-gallery-item \" itemprop=\"associatedMedia\" itemscope itemtype=\"http:\/\/schema.org\/ImageObject\"> <a href=\"https:\/\/www.vanhellenberghubar.org\/index.php\/projecten\/de-genade-van-de-steiger\/toegang\/interbellumboek-laudy-schepping-wereld-pp-452-453\/#main\" border=\"0\" itemprop=\"url\"> <meta itemprop=\"width\" content=\"209\"> <meta itemprop=\"height\" content=\"209\"> <img decoding=\"async\" class=\"\" data-attachment-id=\"3566\" data-orig-file=\"https:\/\/www.vanhellenberghubar.org\/wp-content\/uploads\/2014\/08\/Interbellumboek-Laudy-schepping-wereld-pp.-452-453.jpg\" data-orig-size=\"1189,791\" data-comments-opened=\"\" data-image-meta=\"{&quot;aperture&quot;:&quot;0&quot;,&quot;credit&quot;:&quot;&quot;,&quot;camera&quot;:&quot;&quot;,&quot;caption&quot;:&quot;&quot;,&quot;created_timestamp&quot;:&quot;0&quot;,&quot;copyright&quot;:&quot;&quot;,&quot;focal_length&quot;:&quot;0&quot;,&quot;iso&quot;:&quot;0&quot;,&quot;shutter_speed&quot;:&quot;0&quot;,&quot;title&quot;:&quot;&quot;}\" data-image-title=\"#Interbellumboek Laudy schepping wereld pp. 452-453\" data-image-description=\"\" data-medium-file=\"https:\/\/i0.wp.com\/www.vanhellenberghubar.org\/wp-content\/uploads\/2014\/08\/Interbellumboek-Laudy-schepping-wereld-pp.-452-453.jpg?fit=300%2C199&#038;ssl=1\" data-large-file=\"https:\/\/i0.wp.com\/www.vanhellenberghubar.org\/wp-content\/uploads\/2014\/08\/Interbellumboek-Laudy-schepping-wereld-pp.-452-453.jpg?fit=640%2C426&#038;ssl=1\" src=\"https:\/\/i0.wp.com\/www.vanhellenberghubar.org\/wp-content\/uploads\/2014\/08\/Interbellumboek-Laudy-schepping-wereld-pp.-452-453.jpg?w=209&#038;h=209&#038;crop=1&#038;ssl=1\" srcset=\"https:\/\/i0.wp.com\/www.vanhellenberghubar.org\/wp-content\/uploads\/2014\/08\/Interbellumboek-Laudy-schepping-wereld-pp.-452-453.jpg?resize=250%2C250&amp;ssl=1 250w, https:\/\/i0.wp.com\/www.vanhellenberghubar.org\/wp-content\/uploads\/2014\/08\/Interbellumboek-Laudy-schepping-wereld-pp.-452-453.jpg?zoom=2&amp;resize=209%2C209&amp;ssl=1 418w, https:\/\/i0.wp.com\/www.vanhellenberghubar.org\/wp-content\/uploads\/2014\/08\/Interbellumboek-Laudy-schepping-wereld-pp.-452-453.jpg?zoom=3&amp;resize=209%2C209&amp;ssl=1 627w\" width=\"209\" height=\"209\" loading=\"lazy\" data-original-width=\"209\" data-original-height=\"209\" itemprop=\"http:\/\/schema.org\/image\" title=\"#Interbellumboek Laudy schepping wereld pp. 452-453\" alt=\"Eug\u00e8ne Laudy in de Jozefkerk van Valkenburg-Broekhem.\" style=\"width: 209px; height: 209px;\" \/> <\/a> <div class=\"tiled-gallery-caption\" itemprop=\"caption description\"> Eug\u00e8ne Laudy in de Jozefkerk van Valkenburg-Broekhem. <\/div> <\/div> <\/div> <div class=\"gallery-group\" style=\"width: 213px; height: 213px;\" data-original-width=\"213\" data-original-height=\"213\" > <div class=\"tiled-gallery-item \" itemprop=\"associatedMedia\" itemscope itemtype=\"http:\/\/schema.org\/ImageObject\"> <a href=\"https:\/\/www.vanhellenberghubar.org\/index.php\/projecten\/de-genade-van-de-steiger\/toegang\/interbellumboek-perey-lambertuskerk-van-helmond\/#main\" border=\"0\" itemprop=\"url\"> <meta itemprop=\"width\" content=\"209\"> <meta itemprop=\"height\" content=\"209\"> <img decoding=\"async\" class=\"\" data-attachment-id=\"3568\" data-orig-file=\"https:\/\/www.vanhellenberghubar.org\/wp-content\/uploads\/2014\/08\/Interbellumboek-Perey-Lambertuskerk-van-Helmond.png\" data-orig-size=\"1189,788\" data-comments-opened=\"\" data-image-meta=\"{&quot;aperture&quot;:&quot;0&quot;,&quot;credit&quot;:&quot;&quot;,&quot;camera&quot;:&quot;&quot;,&quot;caption&quot;:&quot;&quot;,&quot;created_timestamp&quot;:&quot;0&quot;,&quot;copyright&quot;:&quot;&quot;,&quot;focal_length&quot;:&quot;0&quot;,&quot;iso&quot;:&quot;0&quot;,&quot;shutter_speed&quot;:&quot;0&quot;,&quot;title&quot;:&quot;&quot;}\" data-image-title=\"#Interbellumboek, Perey, Lambertuskerk van Helmond\" data-image-description=\"\" data-medium-file=\"https:\/\/i0.wp.com\/www.vanhellenberghubar.org\/wp-content\/uploads\/2014\/08\/Interbellumboek-Perey-Lambertuskerk-van-Helmond.png?fit=300%2C198&#038;ssl=1\" data-large-file=\"https:\/\/i0.wp.com\/www.vanhellenberghubar.org\/wp-content\/uploads\/2014\/08\/Interbellumboek-Perey-Lambertuskerk-van-Helmond.png?fit=640%2C424&#038;ssl=1\" src=\"https:\/\/i0.wp.com\/www.vanhellenberghubar.org\/wp-content\/uploads\/2014\/08\/Interbellumboek-Perey-Lambertuskerk-van-Helmond.png?w=209&#038;h=209&#038;crop=1&#038;ssl=1\" srcset=\"https:\/\/i0.wp.com\/www.vanhellenberghubar.org\/wp-content\/uploads\/2014\/08\/Interbellumboek-Perey-Lambertuskerk-van-Helmond.png?resize=250%2C250&amp;ssl=1 250w, https:\/\/i0.wp.com\/www.vanhellenberghubar.org\/wp-content\/uploads\/2014\/08\/Interbellumboek-Perey-Lambertuskerk-van-Helmond.png?zoom=2&amp;resize=209%2C209&amp;ssl=1 418w, https:\/\/i0.wp.com\/www.vanhellenberghubar.org\/wp-content\/uploads\/2014\/08\/Interbellumboek-Perey-Lambertuskerk-van-Helmond.png?zoom=3&amp;resize=209%2C209&amp;ssl=1 627w\" width=\"209\" height=\"209\" loading=\"lazy\" data-original-width=\"209\" data-original-height=\"209\" itemprop=\"http:\/\/schema.org\/image\" title=\"#Interbellumboek, Perey, Lambertuskerk van Helmond\" alt=\"#Interbellumboek, Perey, Lambertuskerk van Helmond\" style=\"width: 209px; height: 209px;\" \/> <\/a> <\/div> <\/div> <\/div> <\/div>\n<p><i style=\"color: #38271e;\">&#8216;De genade van de steiger&#8217;\u00a0kan rechtstreeks besteld worden bij de\u00a0<a style=\"font-weight: inherit; font-style: inherit; color: #222222;\" title=\"Direct bestellen!\" href=\"https:\/\/web.archive.org\/web\/20140405004430\/http:\/\/www.walburgpers.nl:80\/site\/boek_detail.php?hfst_id=78&amp;hfst_id_parent=78&amp;boek_id=1118&amp;text=Hubar\" target=\"_blank\">Walburg Pers<\/a><\/i>. ((De foto&#8217;s betreffen van links naar rechts: Anton Molkenboer in de Antonius Abtkerk te Scheveningen,\u00a0Eug\u00e8ne Laudy in de\u00a0Jozefkerk van Broekhem en Perey in de Lambertuskerk te Helmond.\u00a0Ze\u00a0kunnen gedownload worden via de beeldbank van de\u00a0<a style=\"font-weight: inherit; font-style: inherit; color: #222222;\" href=\"http:\/\/beeldbank.cultureelerfgoed.nl\/\" target=\"_blank\">RCE<\/a>\u00a0en zijn gemaakt door\u00a0Pixelpolder.<\/p>\n<p>&lt; Terug naar <a title=\"De genade van de steiger\" href=\"https:\/\/www.vanhellenberghubar.org\/index.php\/projecten\/de-genade-van-de-steiger\/\"><em>De genade van de steiger<\/em><\/a>!))<\/p>\n<h1 style=\"padding-left: 30px;\">A<\/h1>\n<ul>\n<li>Alkmaar, Stedelijk Museum Alkmaar, 138-140, 147-148, 512<\/li>\n<li>Amerika, Amerikaan, 15, 62, 99, 254, 339, 364, 386, 468<\/li>\n<li>Amersfoort, Rijksdienst voor het Cultureel Erfgoed [RCE], 16, 19, 22-23, 87, 97, 118, 306, 512<\/li>\n<li>Ammerzoden, 29<\/li>\n<li><strong>Amsterdam<\/strong>, Agneskerk, 244, 386, 407, 458-459; Algemene Nederlandsche Diamantbewerkers Bond, 48, 51, 98, 122, 217, 271-272, 372; Amstelstation, 62; Augustinuskerk [gesloopt], 385; Begijnhofkerk, 34, 36, 47, 105; Bernulphushuis, 385; Beurs van Berlage, 35-37, 49, 55-58, 70, 112, 278-279, 281, 284-287, 298, 300, 302, 363, 372, 411, 420, 467, 470, 476; Chemisch Laboratorium, 58-59; De Roos, 61; Dominicuskerk, 227-228-231, 263, 328; First Church of Christ Scientist, 61; Franciscushuis, 291-292; Gemeentelijken Geneeskundigen Dienst, 172; Geologisch Instituut, 58-59; Kamer van Koophandel, 35, 37, 42, 49; Instituut voor Kerkelijke Kunst Bonifacius, 385; Levensverzekeringsmaatschappij \u2018De Algemeene\u2019, 48; Mozes en Aaronkerk [verwoest bombardement], 30; Nederlandsche Handel-Maatschappij, 35, 404, 406; Nicolaaskerk, 9, 30, 179, 183-192, 198, 202-203, 206-208, 263; Obrechtkerk (Roze(n)kranskerk, 9, 12, 30, 114, 135, 139, 143, 166, 175-185, 191, 193-208, 220, 235, 237, 244, 258-261, 267, 278, 328, 356, 382, 386, 389, 406, 415-416-431, 434, 437, 440, 447, 464, 466, 475, 512; Openluchtschool Oosterpark, 89; Paleis op de Dam, 46, 89; Papegaai (zie Petrus en Pauluskerk), 89, 167, 357, 372; Petrus en Pauluskerk (zie Papegaai), 89, 375; Posthoornkerk, 100; Quellinusschool, 73, 360, 372; Rijksmuseum, 23, 35-36, 41, 45, 48, 59, 62, 73, 100, 102, 166, 179, 241, 279, 341, 360, 406, 466, 470; Rijksschool voor Kunstnijverheid, 73, 80, 372, 431; Scheepvaarthuis, 45-46; Stadhuis, Trouwkamer der Eerste Klasse, 63, 359, 370; Stedelijk Museum, 62-63, 113-114, 142-143, 150, 274, 291, 306; Teekenschool voor Kunstambachten, 73; Van Goghmuseum, 151; Vredeskerk, 374; Willibrorduspatronaat, 88<\/li>\n<li>Annecy, Frankrijk, Basiliek, 357<\/li>\n<li>Antiochi\u00eb, 10, 210-211, 249<\/li>\n<li><strong>Antwerpen<\/strong>, 133, 179, 262; Koninklijke Academie voor Schone Kunsten, 179 239, 470; Koninklijk Museum voor Schone Kunsten Antwerpen, 179; Maagdenhuis, 403<\/li>\n<li><strong>Arnhem<\/strong>, Nederlandsche Heidemaatschappij, 51; Walburgiskerk, 162<\/li>\n<li>Ascona, Itali\u00eb, 389, 401<\/li>\n<li>Assen, Drents Museum, 72<\/li>\n<li>Assisi, Itali\u00eb, 10, 90, 98, 199, 332, 396<\/li>\n<li>Assyri\u00eb, 291<\/li>\n<li><strong>Athene<\/strong>, 284; Akropolis, 284; Parthenon, 45-46, 284<\/li>\n<\/ul>\n<h1 style=\"padding-left: 30px;\">B<\/h1>\n<ul>\n<li>Bakhuizen, Odulphuskerk, 17, 458<\/li>\n<li>Balk, Ludgeruskerk, 458-460<\/li>\n<li>Beegden, Martinuskerk, 72, 437<\/li>\n<li>Beek-Genhout, Hubertuskerk, 159, 450-451<\/li>\n<li>Beltrum, O.L. Vrouwe ten Hemelopnemingkerk, 198, 223-224, 268<\/li>\n<li>Bergen aan Zee, Petrus en Pauluskerk, 58, 61, 65, 315-317<\/li>\n<li>Berkel-Enschot, Ceciliakerk, 69, 71, 158, 226<\/li>\n<li><strong>Beuron<\/strong>, Genadekapel, 118, 228, 245, 254-255; Mauruskapel, 181<\/li>\n<li><strong>Bilthoven,<\/strong> O.L. Vrouwe van Altijddurende Bijstand, 164, 457, 461, 464; Sanatorium, 328<\/li>\n<li>Bir es-Zet, Transjordani\u00eb [?], 240<\/li>\n<li>Bleyerheide, Antoniuskerk, 385<\/li>\n<li>Bloemendaal, kapel, 358<\/li>\n<li><strong>Breda,<\/strong> 12, 406-407; Annakerk, 207; Stadhuis, 403, 405-406, 413<\/li>\n<li>Broekhem-Valkenburg, Jozefkerk, 164, 174, 198, 382, 451, 455; kinderkapel, 382<\/li>\n<li><strong>Brugge<\/strong>, Stadhuis, 239; Stedelijk Museum, 293<\/li>\n<li>Brunssum, Vincentius a Paolokerk (zie onder Rumpen), 155, 156, 254-260, 512<\/li>\n<li>Brussel, 36, 87, 130, 262<\/li>\n<li>Buffalo [New York], Albright\u2013Knox Art Gallery, 128<\/li>\n<li>Bunde, 19, 437<\/li>\n<li>Bussum, Heilig Hartkerk, 385<\/li>\n<\/ul>\n<h1 style=\"padding-left: 30px;\">C<\/h1>\n<ul>\n<li>Canada, 427<\/li>\n<li>Chartres, Frankrijk, Kathedraal, 222<\/li>\n<li>Compostella, 273, 278<\/li>\n<li>Constantinopel, 208<\/li>\n<li>Damascus, 240, 248, 250<\/li>\n<\/ul>\n<h1 style=\"padding-left: 30px;\">D<\/h1>\n<ul>\n<li><strong>Delft<\/strong>, Hippolytuskerk [gesloopt], 325, 459; Maria-van-Jessekerk, 196<\/li>\n<li><strong>Den Bosch<\/strong>, Catharinakerk, 10, 208-212; Jacobskerk,76, 90, 206, 211, 328, 467; Koninklijke School voor Beeldende Kunsten, 67; Sint Jan, 399; Stadhuis, 40, 50, 105, 179, 261-262<\/li>\n<li><strong>Den Haag<\/strong>, Academie van Beeldende Kunsten, 67, 312; Agneskerk, 317; Antonius en Lodewijkkerk, 30, 456; Dalton College, 357; Duinoordkerk [gesloopt],315-317; Emma\u00fcskerk, 456; Firma Botermans &amp; Co, 339; Gemeentemuseum, 142, 158, 307, 313, 465; Gerardus Majellakerk, 243; Hoge Raad, 100, 246; Joannes de Deokapel Westeinde Ziekenhuis, 11, 76-77, 329, 338, 367, 399; Koninklijke Schouwburg, 109, 111; Kunstzaal Kleykamp, 142, 287, 401; Lourdesgrotkapel O.L. Vrouwe van Lourdeskerk, 93, 319-322, 331; Marthakerk, 30-31, 312-314, 324, 326-328, 426; O.L. Vrouwe van Goede Raadkerk, 11, 118, 339-341, 345, 359-360, 384, 413, 475; Paschalis van Baylonkerk, 315-316; Sacramentskerk, 319; Vincentiuskapel, 317<\/li>\n<li><strong>Deurne<\/strong>, 130, 139, 145, 153, 424; Klein Kasteel, 130; Museum De Wieger, 144, 153, 162, 384, 512<\/li>\n<li>Deventer, Stadhuis, 59, 358<\/li>\n<li>Domburg, 288, 297, 304, 384, 424; Noordzeehuis, 284<\/li>\n<li><strong>Dongen<\/strong>, 93, 102, 238, 256, 267, 329, 331, 355, 456; Laurentiuskerk, 10, 22, 25-26, 127, 220, 226-227, 230-231, 234-237, 322-323, 330; Huize Overdonk, 68<\/li>\n<li>Duitsland, 17, 60, 63, 93, 101, 117, 190, 357, 468, 476; Duits, 47, 49, 51, 53, 61, 64-65, 88, 90, 91-92, 115-116, 150, 163, 179-180, 191, 222, 257, 266, 317, 324, 369, 373, 379, 386, 413, 418, 458, 464, 471, 473<\/li>\n<li>D\u00fcsseldorf, 325; D\u00fcsseldorfer Malerschule, 182; Staatliche Kunstakademie, 61<\/li>\n<\/ul>\n<h1 style=\"padding-left: 30px;\">E<\/h1>\n<ul>\n<li>Edinburgh, Scottish National Gallery, 112<\/li>\n<li>Efeze, 303<\/li>\n<li>Egmond, Adelbertusabdij, 383<\/li>\n<li>Egypte, 219, 237, 264, 285, 291, 304, 360, 425; Egyptisch, 55, 132, 183, 227, 251-252, 285-286, 334, 360, 368, 371, 383, 417, 468, 470<\/li>\n<li>Eindhoven, Philips, 406; Van Abbemuseum, 150<\/li>\n<li>El-Hosn, Transjordani\u00eb [?], 239<\/li>\n<li>Engeland, 52, 93, 100, 103, 227; Engels, 103, 477<\/li>\n<li><strong>Enschede<\/strong>, Jacobskerk, 385; Jozefkerk, 199, 323; Mariakerk, 268, 459<\/li>\n<li>Es-Rumenimes, Es-Salt, Transjordani\u00eb [?], 240<\/li>\n<li><strong>Essen<\/strong>, Duitsland, 380; Folkwang-Museum, 324, 379, 470; Kunstgewerbeschule, 61<\/li>\n<li>Europa, 62, 69, 91, 222, 241, 348, 380 , 405, 425, 447, 463, 468, 474; Europees, 165<\/li>\n<\/ul>\n<h1 style=\"padding-left: 30px;\">F<\/h1>\n<ul>\n<li>Fleury-en-Bi\u00e8re, Frankrijk, Kasteelkapel, 415-416<\/li>\n<li>Florence, Itali\u00eb, 90, 381, 403<\/li>\n<li>Frankrijk, 12, 17, 100, 111, 201, 340, 357, 415-416, 421, 474; Frans, 426-427, 472, 473<\/li>\n<li>Fribourg, Zwitserland, 389, 392, 395<\/li>\n<li>Friesland, 16-17<\/li>\n<\/ul>\n<h1 style=\"padding-left: 30px;\">G<\/h1>\n<ul>\n<li>Galaadgebergte [Gilead], Jordani\u00eb, 239<\/li>\n<li>Galilea, Isra\u00ebl, 139, 251, 421<\/li>\n<li>Gerach, 239<\/li>\n<li>Goirle, Kerk, 68<\/li>\n<li>Groenlo, Calixtuskerk, 203-204, 337, 381, 464<\/li>\n<li>Groningen, 34, 59, 213; Groninger, 21, 213, 225; Groningse, 34<\/li>\n<li>Groningen, Academie Minerva, 213<\/li>\n<li>Grubbenvorst, 437<\/li>\n<\/ul>\n<h1 style=\"padding-left: 30px;\">H<\/h1>\n<ul>\n<li><strong>Haarlem<\/strong>, 16, 19, 25, 54, 80, 94, 208, 275; Bavo kathedrale basiliek, 10, 119, 206, 262-264, 266; Geneeskundige Dienst, 90; Kunstnijverheidsschool, 80, 94; Postkantoor, 367<\/li>\n<li><strong>Heerlen<\/strong>, Franciscus van Assisikerk, 98; Gerardus Majellakerk Heksenberg, 159, 163, 407, 446, 448-449; Pancratiuskerk, 104<\/li>\n<li>Heilig Landstichting, 10, 116, 240-241, 243-244, 247-253, 267, 437, 475; Cenakelkerk, 10, 220, 240-254, 258, 303, 321, 437, 467, 474, 474, 475<\/li>\n<li><strong>Heiloo<\/strong>, 90; Bedevaartskapel, 110; Kruiswegpark, 190; O.L. Vrouwe ter Nood, 100, 264-265; Willibrordusstichting, 91<\/li>\n<li>Helmond, 130, 450; Lambertuskerk, 34, 78<\/li>\n<li>Herculaneum, Itali\u00eb, 103<\/li>\n<li>Hertogenbosch (zie Den Bosch)<\/li>\n<li>Hilversum, 137, 159, 403, 426, 445; Ludgerus Kweekschool, 373-375, 394<\/li>\n<li>Hoogeloon, Pancratiuskerk, 80<\/li>\n<li>Houthem Sint-Gerlach, 29, 90, 451<\/li>\n<\/ul>\n<h1 style=\"padding-left: 30px;\">I<\/h1>\n<ul>\n<li>Isra\u00ebl, 116, 190, 215, 237, 250, 365<\/li>\n<li>Itali\u00eb, 47, 88, 90, 182, 189, 348, 358, 456; Italiaan(s) 50, 88, 90, 264, 348, 364, 406, 461, 477<\/li>\n<\/ul>\n<h1 style=\"padding-left: 30px;\">J<\/h1>\n<ul>\n<li>Jaffa, Isra\u00ebl, 240<\/li>\n<li>Jeruzalem, Isra\u00ebl, 240, 244, 246, 248<\/li>\n<li>Josaphat, Isra\u00ebl, 250, 289-290, 334, 365<\/li>\n<li>Judea, Isra\u00ebl, Jordani\u00eb, 240<\/li>\n<li>Jutphaas, 263, 266, 335-336, 427; Nicolaaskerk, 44, 119, 206, 337, 429, 466, 512<\/li>\n<\/ul>\n<h1 style=\"padding-left: 30px;\">K<\/h1>\n<ul>\n<li>Kevelaar, 185, 198<\/li>\n<li>Kleef, 93<\/li>\n<\/ul>\n<h1 style=\"padding-left: 30px;\">L<\/h1>\n<ul>\n<li>Laren, 42, 331, 423, 443; Janskerk, 90<\/li>\n<li><strong>Leiden<\/strong>, 12, 16, 280, 313, 361, 369-372, 376, 391, 397; Franciscaner Kerk, 67; Oudkatholieke kerk, 11, 21, 273, 329, 344-345, 359-365, 367-369, 371, 376, 512; Rijksuniversiteit, 62<\/li>\n<li>Limburg, 9, 16, 71, 74, 94, 114, 152, 155, 158-159, 409, 422, 435, 465<\/li>\n<li>Lisse, 179, 199, 355, 382, 469; Agathakerk, 117-118, 177, 183-187, 190, 196, 198, 204, 206-208, 212, 219, 267, 327, 467<\/li>\n<li>Luik, 87, 389<\/li>\n<\/ul>\n<h1 style=\"padding-left: 30px;\">M<\/h1>\n<ul>\n<li><strong>Maastricht<\/strong>, Dinghuis, 89; Heilig Hartkerk, 409; Juvenaatskapel, 34, 80, 177, 212-219, 222-223, 225, 228, 262, 330-331, 334, 437, 512; Koepelkerk, 12, 137, 158-159, 259, 320, 389, 409-415, 417-418; Lambertuskerk, 8, 20, 83-89, 92-97, 100-101, 114, 165, 402-403, 455, 460-462, 465, 512; Lidwinakapel, 94; Museum aan het Vrijthof , 19, 512; Servaaskerk, 23, 34, 168, 175, 185, 206, 402; SRAL [stichting Restauratieatelier Limburg], 22, 84, 86-87, 94, 98, 102-105; Stadsteekeninstituut, 87; Theresiakerk, 85, 87, 89<\/li>\n<li>Madrid, Prado, 294<\/li>\n<li>Manchester, 52<\/li>\n<li>Marburg, Duitsland, 381<\/li>\n<li>Medemblik, Martinuskerk, 182<\/li>\n<li>Meyel, 237<\/li>\n<li>Midden-Oosten, 239-240<\/li>\n<li>Milaan, 331<\/li>\n<li>Monte Cassino, Itali\u00eb, 203; Benedictijner abdij, 181<\/li>\n<li>M\u00fcnchen, 8, 52, 90-92, 102-103, 236, 402<\/li>\n<li>Munstergeleen, 237<\/li>\n<\/ul>\n<h1 style=\"padding-left: 30px;\">N<\/h1>\n<ul>\n<li>Nederland, 8, 12, 15-16, 19-21, 23, 29, 40-41, 51, 55, 59, 61-67, 74, 87-93, 101-102, 114-115, 130, 133-137, 142, 146, 159, 172, 178, 180-181, 184-185, 190, 208, 210, 238, 240, 254, 267, 275, 312, 314-315, 324, 326, 328-329, 359, 372, 377, 379-380, 383, 386, 400, 409, 415, 424-428, 431, 437, 439, 454, 469, 470, 473, 474<\/li>\n<li>Neer, Martinuskerk, 94<\/li>\n<li>Neerbeek, Callistuskerk, 437<\/li>\n<li><strong>Neuss<\/strong>, 317, 328, 342; Clemens-Sels-Museum, 285; Driekoningenkerk, 317, 409<\/li>\n<li>New Mills, 52<\/li>\n<li>New York, 357; Academie, 339; Albright\u2013Knox Art Gallery 128<\/li>\n<li>Nieuwenhagen-Landgraaf, O.L. Vrouwe Hulp der Christenenkerk, 104, 454<\/li>\n<li>Nieuwkoop, Kapel van de Zusters van de Soci\u00ebteit van Jezus Maria Jozef, 68-69<\/li>\n<li><strong>Nijmegen<\/strong>, 17, 174, 236, 239, 358, 385; Bethlehem, klooster, 129; Jozefkerk, 275, 406-407; Museum Valkhof, 297; O.L. Vrouwekerk, 189<\/li>\n<li>Noord-Holland, 16, 143, 152, 213<\/li>\n<li>Noordwijkerhout, Jozefkerk, 182, 208<\/li>\n<li>Nunhem, 13, 16, 389, 439, , 444, 464-465; Servatiushuis, 435, 437, 440, 445; Servatiuskerk, 435, 438, 441-443<\/li>\n<\/ul>\n<h1 style=\"padding-left: 30px;\">O<\/h1>\n<ul>\n<li>Oekra\u00efne, Vrije Zone van, 364<\/li>\n<li>Otterlo, Kr\u00f6ller-M\u00fcller Museum, 286, 298, 302<\/li>\n<li>Oud-Zevenaar, Martinuskerk, 406-407<\/li>\n<\/ul>\n<h1 style=\"padding-left: 30px;\">P<\/h1>\n<ul>\n<li>Palestina, 116, 239-240, 243, 250, 467<\/li>\n<li>Paray-le-Monial, 239<\/li>\n<li><strong>Parijs<\/strong>, 17, 57, 61, 88, 127, 130, 132, 137, 139, 142-143, 254, 312, 348, 393, 402-403, 424; Exposition Internationale des Arts D\u00e9coratifs et Industriels Modernes [1925], 307; Jeu de Paume, dependance Louvre, 348; Kunstzaal Blanche Guillot, 254; Louvre, 348; Maum\u00e9jean Fr\u00e8res moza\u00efekatelier, 348-349; Mus\u00e9e des Monumens Fran\u00e7ais, 241; Parc Monceau, 241<\/li>\n<li>Patmos, Griekenland, 50, 402<\/li>\n<li>Pompe\u00ef, Itali\u00eb, 103<\/li>\n<li>Pont-Aven, Frankrijk, 127, 421<\/li>\n<li>Praag, 228; Emaus abdij, 191-192, 263<\/li>\n<\/ul>\n<h1 style=\"padding-left: 30px;\">R<\/h1>\n<ul>\n<li>Ravenna, 10, 59, 208, 251, 254-255, 348, 354, 358, 456, 468; Sant Apollinare Nuovo Classe, 244-245<\/li>\n<li>Ravenstein, Luciakerk, 434<\/li>\n<li>Reijmerstok, 237<\/li>\n<li>Rijswijk, Bonifatiuskerk, 339<\/li>\n<li><strong>Roermond<\/strong>, 385, 390-391; Museum Cuypershuis, 390; Teeken- en Ambachtsschool, 74-75, 307<\/li>\n<li>Roggel, Petruskerk, 44, 463<\/li>\n<li><strong>Rome<\/strong>, 29, 69, 115, 133, 141, 144, 179, 189, 198, 203, 215, 220, 268-269, 278, 280, 348-349, 360, 386, 403, 409, 468, 470, 472; Romeins, 50, 103, 188, 191, 246, 290, 302, 373, 447, 472-473; Cornarokapel van Santa Maria della Vittoria, 149; Nederlands Historisch Instituut, 348; Sint Pieter, 175, 198, 203, 258; Sixtijnse Kapel, 46, 100, 189<\/li>\n<li><strong>Rotterdam<\/strong>, 16, 59, 75, 108, 150 204, 320; Erasmiaans Gymnasium, 328; kathedraal [Elisabethkerk], 184, 190, 202, 244; Laurentiuskerk, 72; Museum Boijmans van Beuningen, 295; Stadhuis, 59, 306; Willibrorduskerk 441<\/li>\n<li>R\u00fcdesheim, Abdijkerk, 202<\/li>\n<li>Rumpen, 21, 103, 155, 266-267, 304, 327, 379, 404, 415, 427, 429, 445, 447, 451, 466; Vincentius a Paolokerk Brunssum, 156, 254-260, 512<\/li>\n<li>Rusland, 244-245<\/li>\n<\/ul>\n<h1 style=\"padding-left: 30px;\">S<\/h1>\n<ul>\n<li>Scheveningen, Antonius Abtkerk, 11, 329, 339, 341, 344-345, 348-350, 354, 356-357, 439, 475<\/li>\n<li>Schiedam, Lidwinakerk, 121, 187<\/li>\n<li>Schijndel, Kapel van de Congregatie van de Zusters van Liefde van Jezus en Maria, Moeder van Goede Bijstand, 385<\/li>\n<li>Schoten, Lidwinakerk, 93<\/li>\n<li>Siena, Itali\u00eb, Dom, 381<\/li>\n<li>Sint-Michielsgestel, Toenmalige doveninstituut, 94-95, 103, 165, 460-461, 463<\/li>\n<li>Sion [of Zion], berg bij Jeruzalem, Isra\u00ebl, 195<\/li>\n<li>Sittard, 409; Jezuitenkerk, 76, 328<\/li>\n<li>Spaubeek, 44; Laurentiuskerk, 176, 456<\/li>\n<li>Steenwijksmoer, Franciscuskerk, 71<\/li>\n<li>Stuttgart, Mariakerk, 190-191, 222, 263, 469<\/li>\n<li>Stuttgart: 190-191, 222, 263, 339, 469<\/li>\n<li>Suriname, 434<\/li>\n<li>Syri\u00eb, 240<\/li>\n<\/ul>\n<h1 style=\"padding-left: 30px;\">T<\/h1>\n<ul>\n<li>Tabor, Isra\u00ebl, 422<\/li>\n<li>Tarsus, Turkije, 246<\/li>\n<li>Terwinselen, 103, 155, 237, 254, 259, 320<\/li>\n<li>Thorn, 400<\/li>\n<li>Tiberias, Isra\u00ebl, 203, 246<\/li>\n<li>Tiel, [Walburgis?]kerk, 373<\/li>\n<li><strong>Tilburg<\/strong>, Antonius van Paduakerk [Korvel], 244; Dionysiuskerk of Goirkesekerk, 431, 434; Gerardus Majellakerk, 10, 241-245, 248, 366, 474, 475; kerk van Broekhoven, 70; Margaretha Maria Alacoquekerk, 245; Rooi Hartenkapel, 10, 34, 228-229, 259; Roomse Academie, 7, 19, 65, 67, 71, 137, 266<\/li>\n<li>Transjordani\u00eb, 239-240, 248<\/li>\n<li>Twente, 366, 431<\/li>\n<\/ul>\n<h1 style=\"padding-left: 30px;\">U<\/h1>\n<ul>\n<li>Uden, 212, 215, 427; Petrus Stoel van Antiochi\u00ebkerk,10, 210-211<\/li>\n<li><strong>Utrecht<\/strong>, Academiegebouw, 42, 328, 406; Aloysiuskerk, 373; Catharijneconvent museum, 128, 273, 292, 299; Dom, 55, 160-161, 467; Kathedrale koorschool, kapel, 199; Kerkhof Barbara, kapel, 426, 445; Museum nieuwe religieuze kunst, 357; Nationale Schildersschool, 75-76; Voormalige hoofdpostkantoor op het Neude, 53<\/li>\n<\/ul>\n<h1 style=\"padding-left: 30px;\">V<\/h1>\n<ul>\n<li>Vaticaan, 133, 358, 380, 403; Palazzo di Cancellaria, 348<\/li>\n<li>Vlaanderen, 150, 153, 155; Vlaams, 133, 150, 153, 155, 206, 291, 403<\/li>\n<li>Voorburg, Noord Brabant, kapel van de Congregatie van de Broeders van O.L.V. van Lourdes, 385<\/li>\n<li>Vranck, Antoniuskerk, 437<\/li>\n<\/ul>\n<h1 style=\"padding-left: 30px;\">W<\/h1>\n<ul>\n<li>Wahlwiller, Cunibertus en Dionysiuskerk, 337, 470<\/li>\n<li>Wenen, Wiener Sezession, 217-218, 469<\/li>\n<li>Wittem, Redemptoristenkerk, 450<\/li>\n<li>Woudsend, 17 Michaelkerk, 458<\/li>\n<\/ul>\n<h1 style=\"padding-left: 30px;\">Z<\/h1>\n<ul>\n<li>Zeeland, Zeeuw, Zeeuws 302<\/li>\n<li><strong>Zeist<\/strong>, Jozefkerk, 191; Jozefkweekschool, 157-158, 380, 426, 445, 447<\/li>\n<li>Zoeterwoude, Kerk van de Kruisverheffing, 385<\/li>\n<li>Zuid-Limburg, 16, 213<\/li>\n<li><strong>Zwolle<\/strong>, Dominicanerkerk, 309; Jozefkerk, 385<\/li>\n<\/ul>\n","protected":false},"excerpt":{"rendered":"<p>&#8216;De genade van de steiger&#8217;\u00a0kan rechtstreeks besteld worden bij de\u00a0Walburg Pers. ((De foto&#8217;s betreffen van links naar rechts: Anton Molkenboer in de Antonius Abtkerk te Scheveningen,\u00a0Eug\u00e8ne Laudy in de\u00a0Jozefkerk van Broekhem en Perey in de Lambertuskerk te Helmond.\u00a0Ze\u00a0kunnen gedownload worden via de beeldbank van de\u00a0RCE\u00a0en zijn gemaakt door\u00a0Pixelpolder. &lt; Terug naar De genade van de [&hellip;]<\/p>\n","protected":false},"author":2,"featured_media":0,"parent":3546,"menu_order":55,"comment_status":"open","ping_status":"open","template":"","meta":{"ngg_post_thumbnail":0,"jetpack_post_was_ever_published":false,"footnotes":""},"tags":[111,9,92,91,134,52,8,4,6,174,191,25,193,26,95],"class_list":["post-3554","page","type-page","status-publish","hentry","tag-cuyperiana","tag-de-genade-van-de-steiger","tag-gesamtkunstwerk","tag-glas-in-lood","tag-herbestemming-2","tag-iconografie","tag-interbellum","tag-interbellumboek","tag-monumentale-kunst","tag-monumentale-schilderkunst","tag-muurschilderingen-2","tag-polychromie","tag-uitmonstering","tag-viollet-le-duc","tag-waardenstelling"],"yoast_head":"<!-- This site is optimized with the Yoast SEO plugin v26.8 - https:\/\/yoast.com\/product\/yoast-seo-wordpress\/ -->\n<title>Register op topografica - VanHellenbergHubar.org<\/title>\n<meta name=\"robots\" content=\"index, follow, max-snippet:-1, max-image-preview:large, max-video-preview:-1\" \/>\n<link rel=\"canonical\" href=\"https:\/\/www.vanhellenberghubar.org\/index.php\/projecten\/de-genade-van-de-steiger\/toegang\/register-op-topografica\/\" \/>\n<meta property=\"og:locale\" content=\"nl_NL\" \/>\n<meta property=\"og:type\" content=\"article\" \/>\n<meta property=\"og:title\" content=\"Register op topografica - VanHellenbergHubar.org\" \/>\n<meta property=\"og:description\" content=\"&#8216;De genade van de steiger&#8217;\u00a0kan rechtstreeks besteld worden bij de\u00a0Walburg Pers. ((De foto&#8217;s betreffen van links naar rechts: Anton Molkenboer in de Antonius Abtkerk te Scheveningen,\u00a0Eug\u00e8ne Laudy in de\u00a0Jozefkerk van Broekhem en Perey in de Lambertuskerk te Helmond.\u00a0Ze\u00a0kunnen gedownload worden via de beeldbank van de\u00a0RCE\u00a0en zijn gemaakt door\u00a0Pixelpolder. &lt; Terug naar De genade van de [&hellip;]\" \/>\n<meta property=\"og:url\" content=\"https:\/\/www.vanhellenberghubar.org\/index.php\/projecten\/de-genade-van-de-steiger\/toegang\/register-op-topografica\/\" \/>\n<meta property=\"og:site_name\" content=\"VanHellenbergHubar.org\" \/>\n<meta property=\"article:publisher\" content=\"https:\/\/www.facebook.com\/bern4dette\" \/>\n<meta property=\"article:modified_time\" content=\"2019-05-31T13:12:41+00:00\" \/>\n<meta property=\"og:image\" content=\"https:\/\/i0.wp.com\/www.vanhellenberghubar.org\/wp-content\/uploads\/2014\/08\/2013-11-10-12_10_45-De-genade-van-de-steiger-PR5-LR.pdf-Adobe-Acrobat.png?w=209&#038;h=209&#038;crop=1&#038;ssl=1\" \/>\n<meta name=\"twitter:label1\" content=\"Geschatte leestijd\" \/>\n\t<meta name=\"twitter:data1\" content=\"5 minuten\" \/>\n<script type=\"application\/ld+json\" class=\"yoast-schema-graph\">{\"@context\":\"https:\/\/schema.org\",\"@graph\":[{\"@type\":\"WebPage\",\"@id\":\"https:\/\/www.vanhellenberghubar.org\/index.php\/projecten\/de-genade-van-de-steiger\/toegang\/register-op-topografica\/\",\"url\":\"https:\/\/www.vanhellenberghubar.org\/index.php\/projecten\/de-genade-van-de-steiger\/toegang\/register-op-topografica\/\",\"name\":\"Register op topografica - VanHellenbergHubar.org\",\"isPartOf\":{\"@id\":\"https:\/\/www.vanhellenberghubar.org\/#website\"},\"datePublished\":\"2014-08-19T07:48:13+00:00\",\"dateModified\":\"2019-05-31T13:12:41+00:00\",\"breadcrumb\":{\"@id\":\"https:\/\/www.vanhellenberghubar.org\/index.php\/projecten\/de-genade-van-de-steiger\/toegang\/register-op-topografica\/#breadcrumb\"},\"inLanguage\":\"nl-NL\",\"potentialAction\":[{\"@type\":\"ReadAction\",\"target\":[\"https:\/\/www.vanhellenberghubar.org\/index.php\/projecten\/de-genade-van-de-steiger\/toegang\/register-op-topografica\/\"]}]},{\"@type\":\"BreadcrumbList\",\"@id\":\"https:\/\/www.vanhellenberghubar.org\/index.php\/projecten\/de-genade-van-de-steiger\/toegang\/register-op-topografica\/#breadcrumb\",\"itemListElement\":[{\"@type\":\"ListItem\",\"position\":1,\"name\":\"Home\",\"item\":\"https:\/\/www.vanhellenberghubar.org\/\"},{\"@type\":\"ListItem\",\"position\":2,\"name\":\"Projecten &#038;\",\"item\":\"https:\/\/www.vanhellenberghubar.org\/index.php\/projecten\/\"},{\"@type\":\"ListItem\",\"position\":3,\"name\":\"De genade van de steiger\",\"item\":\"https:\/\/www.vanhellenberghubar.org\/index.php\/projecten\/de-genade-van-de-steiger\/\"},{\"@type\":\"ListItem\",\"position\":4,\"name\":\"Toegangen op &#8216;De genade van de steiger&#8217;\",\"item\":\"https:\/\/www.vanhellenberghubar.org\/index.php\/projecten\/de-genade-van-de-steiger\/toegang\/\"},{\"@type\":\"ListItem\",\"position\":5,\"name\":\"Register op topografica\"}]},{\"@type\":\"WebSite\",\"@id\":\"https:\/\/www.vanhellenberghubar.org\/#website\",\"url\":\"https:\/\/www.vanhellenberghubar.org\/\",\"name\":\"VanHellenbergHubar.org\",\"description\":\"Kunst, cultuur &amp; erfgoed\",\"publisher\":{\"@id\":\"https:\/\/www.vanhellenberghubar.org\/#organization\"},\"potentialAction\":[{\"@type\":\"SearchAction\",\"target\":{\"@type\":\"EntryPoint\",\"urlTemplate\":\"https:\/\/www.vanhellenberghubar.org\/?s={search_term_string}\"},\"query-input\":{\"@type\":\"PropertyValueSpecification\",\"valueRequired\":true,\"valueName\":\"search_term_string\"}}],\"inLanguage\":\"nl-NL\"},{\"@type\":\"Organization\",\"@id\":\"https:\/\/www.vanhellenberghubar.org\/#organization\",\"name\":\"VanHellenbergHubar.Org\",\"url\":\"https:\/\/www.vanhellenberghubar.org\/\",\"logo\":{\"@type\":\"ImageObject\",\"inLanguage\":\"nl-NL\",\"@id\":\"https:\/\/www.vanhellenberghubar.org\/#\/schema\/logo\/image\/\",\"url\":\"https:\/\/i1.wp.com\/www.vanhellenberghubar.org\/wp-content\/uploads\/2015\/11\/BVHH_logo_basis1-kleiner.png?fit=456%2C506&ssl=1\",\"contentUrl\":\"https:\/\/i1.wp.com\/www.vanhellenberghubar.org\/wp-content\/uploads\/2015\/11\/BVHH_logo_basis1-kleiner.png?fit=456%2C506&ssl=1\",\"width\":456,\"height\":506,\"caption\":\"VanHellenbergHubar.Org\"},\"image\":{\"@id\":\"https:\/\/www.vanhellenberghubar.org\/#\/schema\/logo\/image\/\"},\"sameAs\":[\"https:\/\/www.facebook.com\/bern4dette\",\"https:\/\/x.com\/Bern4dette\",\"https:\/\/www.instagram.com\/bernadettevanhellenberghubar\/\",\"https:\/\/www.linkedin.com\/in\/vanhellenberghubar\/\",\"https:\/\/nl.pinterest.com\/bern4dette\/\",\"https:\/\/www.youtube.com\/channel\/UCYTa5JeAX_BImf33KUQDBYA\"]}]}<\/script>\n<!-- \/ Yoast SEO plugin. -->","yoast_head_json":{"title":"Register op topografica - VanHellenbergHubar.org","robots":{"index":"index","follow":"follow","max-snippet":"max-snippet:-1","max-image-preview":"max-image-preview:large","max-video-preview":"max-video-preview:-1"},"canonical":"https:\/\/www.vanhellenberghubar.org\/index.php\/projecten\/de-genade-van-de-steiger\/toegang\/register-op-topografica\/","og_locale":"nl_NL","og_type":"article","og_title":"Register op topografica - VanHellenbergHubar.org","og_description":"&#8216;De genade van de steiger&#8217;\u00a0kan rechtstreeks besteld worden bij de\u00a0Walburg Pers. ((De foto&#8217;s betreffen van links naar rechts: Anton Molkenboer in de Antonius Abtkerk te Scheveningen,\u00a0Eug\u00e8ne Laudy in de\u00a0Jozefkerk van Broekhem en Perey in de Lambertuskerk te Helmond.\u00a0Ze\u00a0kunnen gedownload worden via de beeldbank van de\u00a0RCE\u00a0en zijn gemaakt door\u00a0Pixelpolder. &lt; Terug naar De genade van de [&hellip;]","og_url":"https:\/\/www.vanhellenberghubar.org\/index.php\/projecten\/de-genade-van-de-steiger\/toegang\/register-op-topografica\/","og_site_name":"VanHellenbergHubar.org","article_publisher":"https:\/\/www.facebook.com\/bern4dette","article_modified_time":"2019-05-31T13:12:41+00:00","og_image":[{"url":"https:\/\/i0.wp.com\/www.vanhellenberghubar.org\/wp-content\/uploads\/2014\/08\/2013-11-10-12_10_45-De-genade-van-de-steiger-PR5-LR.pdf-Adobe-Acrobat.png?w=209&#038;h=209&#038;crop=1&#038;ssl=1","type":"","width":"","height":""}],"twitter_misc":{"Geschatte leestijd":"5 minuten"},"schema":{"@context":"https:\/\/schema.org","@graph":[{"@type":"WebPage","@id":"https:\/\/www.vanhellenberghubar.org\/index.php\/projecten\/de-genade-van-de-steiger\/toegang\/register-op-topografica\/","url":"https:\/\/www.vanhellenberghubar.org\/index.php\/projecten\/de-genade-van-de-steiger\/toegang\/register-op-topografica\/","name":"Register op topografica - VanHellenbergHubar.org","isPartOf":{"@id":"https:\/\/www.vanhellenberghubar.org\/#website"},"datePublished":"2014-08-19T07:48:13+00:00","dateModified":"2019-05-31T13:12:41+00:00","breadcrumb":{"@id":"https:\/\/www.vanhellenberghubar.org\/index.php\/projecten\/de-genade-van-de-steiger\/toegang\/register-op-topografica\/#breadcrumb"},"inLanguage":"nl-NL","potentialAction":[{"@type":"ReadAction","target":["https:\/\/www.vanhellenberghubar.org\/index.php\/projecten\/de-genade-van-de-steiger\/toegang\/register-op-topografica\/"]}]},{"@type":"BreadcrumbList","@id":"https:\/\/www.vanhellenberghubar.org\/index.php\/projecten\/de-genade-van-de-steiger\/toegang\/register-op-topografica\/#breadcrumb","itemListElement":[{"@type":"ListItem","position":1,"name":"Home","item":"https:\/\/www.vanhellenberghubar.org\/"},{"@type":"ListItem","position":2,"name":"Projecten &#038;","item":"https:\/\/www.vanhellenberghubar.org\/index.php\/projecten\/"},{"@type":"ListItem","position":3,"name":"De genade van de steiger","item":"https:\/\/www.vanhellenberghubar.org\/index.php\/projecten\/de-genade-van-de-steiger\/"},{"@type":"ListItem","position":4,"name":"Toegangen op &#8216;De genade van de steiger&#8217;","item":"https:\/\/www.vanhellenberghubar.org\/index.php\/projecten\/de-genade-van-de-steiger\/toegang\/"},{"@type":"ListItem","position":5,"name":"Register op topografica"}]},{"@type":"WebSite","@id":"https:\/\/www.vanhellenberghubar.org\/#website","url":"https:\/\/www.vanhellenberghubar.org\/","name":"VanHellenbergHubar.org","description":"Kunst, cultuur &amp; erfgoed","publisher":{"@id":"https:\/\/www.vanhellenberghubar.org\/#organization"},"potentialAction":[{"@type":"SearchAction","target":{"@type":"EntryPoint","urlTemplate":"https:\/\/www.vanhellenberghubar.org\/?s={search_term_string}"},"query-input":{"@type":"PropertyValueSpecification","valueRequired":true,"valueName":"search_term_string"}}],"inLanguage":"nl-NL"},{"@type":"Organization","@id":"https:\/\/www.vanhellenberghubar.org\/#organization","name":"VanHellenbergHubar.Org","url":"https:\/\/www.vanhellenberghubar.org\/","logo":{"@type":"ImageObject","inLanguage":"nl-NL","@id":"https:\/\/www.vanhellenberghubar.org\/#\/schema\/logo\/image\/","url":"https:\/\/i1.wp.com\/www.vanhellenberghubar.org\/wp-content\/uploads\/2015\/11\/BVHH_logo_basis1-kleiner.png?fit=456%2C506&ssl=1","contentUrl":"https:\/\/i1.wp.com\/www.vanhellenberghubar.org\/wp-content\/uploads\/2015\/11\/BVHH_logo_basis1-kleiner.png?fit=456%2C506&ssl=1","width":456,"height":506,"caption":"VanHellenbergHubar.Org"},"image":{"@id":"https:\/\/www.vanhellenberghubar.org\/#\/schema\/logo\/image\/"},"sameAs":["https:\/\/www.facebook.com\/bern4dette","https:\/\/x.com\/Bern4dette","https:\/\/www.instagram.com\/bernadettevanhellenberghubar\/","https:\/\/www.linkedin.com\/in\/vanhellenberghubar\/","https:\/\/nl.pinterest.com\/bern4dette\/","https:\/\/www.youtube.com\/channel\/UCYTa5JeAX_BImf33KUQDBYA"]}]}},"jetpack_sharing_enabled":true,"jetpack-related-posts":[{"id":3546,"url":"https:\/\/www.vanhellenberghubar.org\/index.php\/projecten\/de-genade-van-de-steiger\/toegang\/","url_meta":{"origin":3554,"position":0},"title":"Toegangen op &#8216;De genade van de steiger&#8217;","author":"Bernadette van Hellenberg Hubar","date":"19 augustus 2014","format":false,"excerpt":"Omslag van 'De genade van de steiger'. De foto's op de omslag en in het boek kunnen gedownload worden via de beeldbank van de RCE en zijn merendeels gemaakt door Pixelpolder. Het boek kan rechtstreeks besteld worden bij de Walburg Pers. De verkorte link van dit item is http:\/\/wp.me\/P4eh3s-Vc |\u2026","rel":"","context":"In &quot;Bern4dette&quot;","block_context":{"text":"Bern4dette","link":"https:\/\/www.vanhellenberghubar.org\/index.php\/category\/bern4dette\/"},"img":{"alt_text":"Omslag van 'De genade van de steiger' (2013).","src":"https:\/\/i0.wp.com\/www.vanhellenberghubar.org\/wp-content\/uploads\/2013\/06\/GenadeVanDeSteiger-1024x434.jpg?resize=350%2C200&ssl=1","width":350,"height":200,"srcset":"https:\/\/i0.wp.com\/www.vanhellenberghubar.org\/wp-content\/uploads\/2013\/06\/GenadeVanDeSteiger-1024x434.jpg?resize=350%2C200&ssl=1 1x, https:\/\/i0.wp.com\/www.vanhellenberghubar.org\/wp-content\/uploads\/2013\/06\/GenadeVanDeSteiger-1024x434.jpg?resize=525%2C300&ssl=1 1.5x, https:\/\/i0.wp.com\/www.vanhellenberghubar.org\/wp-content\/uploads\/2013\/06\/GenadeVanDeSteiger-1024x434.jpg?resize=700%2C400&ssl=1 2x, https:\/\/i0.wp.com\/www.vanhellenberghubar.org\/wp-content\/uploads\/2013\/06\/GenadeVanDeSteiger-1024x434.jpg?resize=1050%2C600&ssl=1 3x"},"classes":[]},{"id":613,"url":"https:\/\/www.vanhellenberghubar.org\/index.php\/projecten\/de-genade-van-de-steiger\/interbellumboek-reserve\/","url_meta":{"origin":3554,"position":1},"title":"Archief: symposium","author":"Bernadette van Hellenberg Hubar","date":"22 november 2013","format":false,"excerpt":"Bladzijde uit \u2018De genade van de steiger\u2019 over de schilderingen in het schip en de koortravee van Kees Dunselman in de Obrechtkerk te Amsterdam. Presentatie & symposium 'De genade van de steiger' Op donderdag 21 november 2013 verschijnt het boek De genade van de steiger, monumentale kerkelijke schilderkunst in het\u2026","rel":"","context":"In &quot;Bern4dette&quot;","block_context":{"text":"Bern4dette","link":"https:\/\/www.vanhellenberghubar.org\/index.php\/category\/bern4dette\/"},"img":{"alt_text":"Interbellumboek Obrechtkerk Kees Dunselman","src":"https:\/\/i0.wp.com\/www.vanhellenberghubar.org\/wp-content\/uploads\/2019\/12\/10738947346_6f78772b2e_c.jpg?resize=350%2C200&ssl=1","width":350,"height":200,"srcset":"https:\/\/i0.wp.com\/www.vanhellenberghubar.org\/wp-content\/uploads\/2019\/12\/10738947346_6f78772b2e_c.jpg?resize=350%2C200&ssl=1 1x, https:\/\/i0.wp.com\/www.vanhellenberghubar.org\/wp-content\/uploads\/2019\/12\/10738947346_6f78772b2e_c.jpg?resize=525%2C300&ssl=1 1.5x"},"classes":[]},{"id":3916,"url":"https:\/\/www.vanhellenberghubar.org\/index.php\/projecten\/de-genade-van-de-steiger\/fragmenten-gvds\/","url_meta":{"origin":3554,"position":2},"title":"Fragmenten uit het boek","author":"Bernadette van Hellenberg Hubar","date":"14 september 2014","format":false,"excerpt":"De kruisweg van Jan Toorop \u00a0","rel":"","context":"In &quot;Bern4dette&quot;","block_context":{"text":"Bern4dette","link":"https:\/\/www.vanhellenberghubar.org\/index.php\/category\/bern4dette\/"},"img":{"alt_text":"Pagina uit \u2018De genade van de steiger\u2019 (2013) met ornamenten van Piet Gerrits in de Cenakelkerk in de Heilig Landstichting. Screenshot bvhh.nu 2014.","src":"https:\/\/i0.wp.com\/www.vanhellenberghubar.org\/wp-content\/uploads\/2014\/06\/Interbellumboek-Gerrits-Cenakelkerk-252-e1410679467978.jpg?resize=350%2C200","width":350,"height":200,"srcset":"https:\/\/i0.wp.com\/www.vanhellenberghubar.org\/wp-content\/uploads\/2014\/06\/Interbellumboek-Gerrits-Cenakelkerk-252-e1410679467978.jpg?resize=350%2C200 1x, https:\/\/i0.wp.com\/www.vanhellenberghubar.org\/wp-content\/uploads\/2014\/06\/Interbellumboek-Gerrits-Cenakelkerk-252-e1410679467978.jpg?resize=525%2C300 1.5x, https:\/\/i0.wp.com\/www.vanhellenberghubar.org\/wp-content\/uploads\/2014\/06\/Interbellumboek-Gerrits-Cenakelkerk-252-e1410679467978.jpg?resize=700%2C400 2x, https:\/\/i0.wp.com\/www.vanhellenberghubar.org\/wp-content\/uploads\/2014\/06\/Interbellumboek-Gerrits-Cenakelkerk-252-e1410679467978.jpg?resize=1050%2C600 3x, https:\/\/i0.wp.com\/www.vanhellenberghubar.org\/wp-content\/uploads\/2014\/06\/Interbellumboek-Gerrits-Cenakelkerk-252-e1410679467978.jpg?resize=1400%2C800 4x"},"classes":[]},{"id":1148,"url":"https:\/\/www.vanhellenberghubar.org\/index.php\/projecten\/de-genade-van-de-steiger\/","url_meta":{"origin":3554,"position":3},"title":"De genade van de steiger","author":"Bernadette van Hellenberg Hubar","date":"10 februari 2014","format":false,"excerpt":"Jan Toorop, De genade van de steiger en wat dies meer zij ... De kruisweg van Toorop ... Omslag van 'De genade van de steiger'. De foto's op de omslag en in het boek kunnen gedownload worden via de beeldbank van de RCE en zijn merendeels gemaakt door Pixelpolder. Signalement\u2026","rel":"","context":"In &quot;Genade van de steiger&quot;","block_context":{"text":"Genade van de steiger","link":"https:\/\/www.vanhellenberghubar.org\/index.php\/category\/onderzoek\/genade-van-de-steiger\/"},"img":{"alt_text":"Lezing 'Genade van de steiger' Probus Leudal en Thorner kwartier 26 mei 2016","src":"https:\/\/i0.wp.com\/www.vanhellenberghubar.org\/wp-content\/uploads\/2018\/12\/GvdS-lezing-Probus-26-mei-16.png?fit=1200%2C799&ssl=1&resize=350%2C200","width":350,"height":200,"srcset":"https:\/\/i0.wp.com\/www.vanhellenberghubar.org\/wp-content\/uploads\/2018\/12\/GvdS-lezing-Probus-26-mei-16.png?fit=1200%2C799&ssl=1&resize=350%2C200 1x, https:\/\/i0.wp.com\/www.vanhellenberghubar.org\/wp-content\/uploads\/2018\/12\/GvdS-lezing-Probus-26-mei-16.png?fit=1200%2C799&ssl=1&resize=525%2C300 1.5x, https:\/\/i0.wp.com\/www.vanhellenberghubar.org\/wp-content\/uploads\/2018\/12\/GvdS-lezing-Probus-26-mei-16.png?fit=1200%2C799&ssl=1&resize=700%2C400 2x, https:\/\/i0.wp.com\/www.vanhellenberghubar.org\/wp-content\/uploads\/2018\/12\/GvdS-lezing-Probus-26-mei-16.png?fit=1200%2C799&ssl=1&resize=1050%2C600 3x"},"classes":[]},{"id":10,"url":"https:\/\/www.vanhellenberghubar.org\/index.php\/projecten\/de-genade-van-de-steiger\/test\/","url_meta":{"origin":3554,"position":4},"title":"Samenvatting van &#8216;De genade van de steiger&#8217;","author":"Hubarb","date":"10 juni 2013","format":false,"excerpt":"Nota bene \u2014 Wie liever eerst wil kijken naar het overzicht van items over De genade van de steiger op deze site, kan deze link volgen. Het boek is inmiddels uitverkocht en bij uitgeverij De Walburg Pers\u00a0niet meer verkrijgbaar.\u00a0Gelukkig blijkt het bij verschillende webwinkels nog verkrijgbaar te zijn en verder\u2026","rel":"","context":"In &quot;Bern4dette&quot;","block_context":{"text":"Bern4dette","link":"https:\/\/www.vanhellenberghubar.org\/index.php\/category\/bern4dette\/"},"img":{"alt_text":"Uitnodiging voor de presentatie van 'de genade van de steiger', 21 november 2013 in de Obrechtkerk te Amsterdam.","src":"https:\/\/i0.wp.com\/www.vanhellenberghubar.org\/wp-content\/uploads\/2013\/06\/Presentatie-Interbellumboek-Obrechtkerk.png?fit=1122%2C795&ssl=1&resize=350%2C200","width":350,"height":200,"srcset":"https:\/\/i0.wp.com\/www.vanhellenberghubar.org\/wp-content\/uploads\/2013\/06\/Presentatie-Interbellumboek-Obrechtkerk.png?fit=1122%2C795&ssl=1&resize=350%2C200 1x, https:\/\/i0.wp.com\/www.vanhellenberghubar.org\/wp-content\/uploads\/2013\/06\/Presentatie-Interbellumboek-Obrechtkerk.png?fit=1122%2C795&ssl=1&resize=525%2C300 1.5x, https:\/\/i0.wp.com\/www.vanhellenberghubar.org\/wp-content\/uploads\/2013\/06\/Presentatie-Interbellumboek-Obrechtkerk.png?fit=1122%2C795&ssl=1&resize=700%2C400 2x, https:\/\/i0.wp.com\/www.vanhellenberghubar.org\/wp-content\/uploads\/2013\/06\/Presentatie-Interbellumboek-Obrechtkerk.png?fit=1122%2C795&ssl=1&resize=1050%2C600 3x"},"classes":[]},{"id":5136,"url":"https:\/\/www.vanhellenberghubar.org\/index.php\/projecten\/de-genade-van-de-steiger\/bestellen\/","url_meta":{"origin":3554,"position":5},"title":"&#8216;De genade van de steiger&#8217; is uitverkocht!","author":"Bernadette van Hellenberg Hubar","date":"23 januari 2015","format":false,"excerpt":"Met \u00e9\u00e9n klik op de afbeelding k\u00f3n je De genade van de steiger\u00a0bestellen! Dat kan dus niet meer, want het boek is uitverkocht. Gelukkig blijkt het bij verschillende webwinkels nog verkrijgbaar te zijn en verder wordt het ook tweedehands en antiquarisch aangeboden. Ga maar eens googelen. Je kunt het boek\u2026","rel":"","context":"In \"#GvdSteiger\"","block_context":{"text":"#GvdSteiger","link":"https:\/\/www.vanhellenberghubar.org\/index.php\/tag\/gvdsteiger\/"},"img":{"alt_text":"","src":"https:\/\/i0.wp.com\/www.vanhellenberghubar.org\/wp-content\/uploads\/2015\/01\/GvdSteiger-screenshot-Walburg-Pers-rond.png?fit=743%2C749&ssl=1&resize=350%2C200","width":350,"height":200,"srcset":"https:\/\/i0.wp.com\/www.vanhellenberghubar.org\/wp-content\/uploads\/2015\/01\/GvdSteiger-screenshot-Walburg-Pers-rond.png?fit=743%2C749&ssl=1&resize=350%2C200 1x, https:\/\/i0.wp.com\/www.vanhellenberghubar.org\/wp-content\/uploads\/2015\/01\/GvdSteiger-screenshot-Walburg-Pers-rond.png?fit=743%2C749&ssl=1&resize=525%2C300 1.5x, https:\/\/i0.wp.com\/www.vanhellenberghubar.org\/wp-content\/uploads\/2015\/01\/GvdSteiger-screenshot-Walburg-Pers-rond.png?fit=743%2C749&ssl=1&resize=700%2C400 2x"},"classes":[]}],"jetpack_likes_enabled":true,"_links":{"self":[{"href":"https:\/\/www.vanhellenberghubar.org\/index.php\/wp-json\/wp\/v2\/pages\/3554","targetHints":{"allow":["GET"]}}],"collection":[{"href":"https:\/\/www.vanhellenberghubar.org\/index.php\/wp-json\/wp\/v2\/pages"}],"about":[{"href":"https:\/\/www.vanhellenberghubar.org\/index.php\/wp-json\/wp\/v2\/types\/page"}],"author":[{"embeddable":true,"href":"https:\/\/www.vanhellenberghubar.org\/index.php\/wp-json\/wp\/v2\/users\/2"}],"replies":[{"embeddable":true,"href":"https:\/\/www.vanhellenberghubar.org\/index.php\/wp-json\/wp\/v2\/comments?post=3554"}],"version-history":[{"count":14,"href":"https:\/\/www.vanhellenberghubar.org\/index.php\/wp-json\/wp\/v2\/pages\/3554\/revisions"}],"predecessor-version":[{"id":14601,"href":"https:\/\/www.vanhellenberghubar.org\/index.php\/wp-json\/wp\/v2\/pages\/3554\/revisions\/14601"}],"up":[{"embeddable":true,"href":"https:\/\/www.vanhellenberghubar.org\/index.php\/wp-json\/wp\/v2\/pages\/3546"}],"wp:attachment":[{"href":"https:\/\/www.vanhellenberghubar.org\/index.php\/wp-json\/wp\/v2\/media?parent=3554"}],"wp:term":[{"taxonomy":"post_tag","embeddable":true,"href":"https:\/\/www.vanhellenberghubar.org\/index.php\/wp-json\/wp\/v2\/tags?post=3554"}],"curies":[{"name":"wp","href":"https:\/\/api.w.org\/{rel}","templated":true}]}}