{"id":12994,"date":"2018-12-21T09:31:53","date_gmt":"2018-12-21T08:31:53","guid":{"rendered":"https:\/\/www.vanhellenberghubar.org\/?page_id=12994"},"modified":"2024-03-24T09:11:52","modified_gmt":"2024-03-24T08:11:52","slug":"prikbord","status":"publish","type":"page","link":"https:\/\/www.vanhellenberghubar.org\/index.php\/archief\/webitems\/prikbord\/","title":{"rendered":"Prikbord met stukken uit de JCC"},"content":{"rendered":"<div id=\"attachment_12710\" style=\"width: 650px\" class=\"wp-caption alignnone\"><a href=\"https:\/\/i0.wp.com\/www.vanhellenberghubar.org\/wp-content\/uploads\/2018\/10\/Bloedstollend-archiefwerk-JCC.png?ssl=1\"><img data-recalc-dims=\"1\" loading=\"lazy\" decoding=\"async\" aria-describedby=\"caption-attachment-12710\" data-attachment-id=\"12710\" data-permalink=\"https:\/\/www.vanhellenberghubar.org\/index.php\/welkom\/bloedstollend-archiefwerk-jcc\/#main\" data-orig-file=\"https:\/\/i0.wp.com\/www.vanhellenberghubar.org\/wp-content\/uploads\/2018\/10\/Bloedstollend-archiefwerk-JCC.png?fit=1759%2C1052&amp;ssl=1\" data-orig-size=\"1759,1052\" data-comments-opened=\"0\" data-image-meta=\"{&quot;aperture&quot;:&quot;0&quot;,&quot;credit&quot;:&quot;&quot;,&quot;camera&quot;:&quot;&quot;,&quot;caption&quot;:&quot;&quot;,&quot;created_timestamp&quot;:&quot;0&quot;,&quot;copyright&quot;:&quot;&quot;,&quot;focal_length&quot;:&quot;0&quot;,&quot;iso&quot;:&quot;0&quot;,&quot;shutter_speed&quot;:&quot;0&quot;,&quot;title&quot;:&quot;&quot;,&quot;orientation&quot;:&quot;0&quot;}\" data-image-title=\"Joseph Cuypers Collectie: bloedstollend is dat archiefwerk! En af en toe denk ik dat Joseph Cuypers me roept &#8230; Foto&#8217;s en collage bvhh.nu 2017\" data-image-description=\"&lt;p&gt;#JCC #JoCuy&lt;\/p&gt;\n\" data-image-caption=\"&lt;p&gt;De Joseph Cuypers Collectie&lt;\/p&gt;\n\" data-medium-file=\"https:\/\/i0.wp.com\/www.vanhellenberghubar.org\/wp-content\/uploads\/2018\/10\/Bloedstollend-archiefwerk-JCC.png?fit=800%2C478&amp;ssl=1\" data-large-file=\"https:\/\/i0.wp.com\/www.vanhellenberghubar.org\/wp-content\/uploads\/2018\/10\/Bloedstollend-archiefwerk-JCC.png?fit=640%2C383&amp;ssl=1\" class=\"wp-image-12710 size-large\" src=\"https:\/\/i0.wp.com\/www.vanhellenberghubar.org\/wp-content\/uploads\/2018\/10\/Bloedstollend-archiefwerk-JCC.png?resize=640%2C383&#038;ssl=1\" alt=\"Joseph Cuypers Collectie: bloedstollend is dat archiefwerk! En af en toe denk ik dat Joseph Cuypers me roept ... Foto's en collage bvhh.nu 2017\" width=\"640\" height=\"383\" srcset=\"https:\/\/i0.wp.com\/www.vanhellenberghubar.org\/wp-content\/uploads\/2018\/10\/Bloedstollend-archiefwerk-JCC.png?resize=1024%2C612&amp;ssl=1 1024w, https:\/\/i0.wp.com\/www.vanhellenberghubar.org\/wp-content\/uploads\/2018\/10\/Bloedstollend-archiefwerk-JCC.png?resize=300%2C179&amp;ssl=1 300w, https:\/\/i0.wp.com\/www.vanhellenberghubar.org\/wp-content\/uploads\/2018\/10\/Bloedstollend-archiefwerk-JCC.png?resize=800%2C478&amp;ssl=1 800w, https:\/\/i0.wp.com\/www.vanhellenberghubar.org\/wp-content\/uploads\/2018\/10\/Bloedstollend-archiefwerk-JCC.png?resize=768%2C459&amp;ssl=1 768w, https:\/\/i0.wp.com\/www.vanhellenberghubar.org\/wp-content\/uploads\/2018\/10\/Bloedstollend-archiefwerk-JCC.png?w=1759&amp;ssl=1 1759w, https:\/\/i0.wp.com\/www.vanhellenberghubar.org\/wp-content\/uploads\/2018\/10\/Bloedstollend-archiefwerk-JCC.png?w=1280&amp;ssl=1 1280w\" sizes=\"auto, (max-width: 640px) 100vw, 640px\" \/><\/a><p id=\"caption-attachment-12710\" class=\"wp-caption-text\"><em>Ik meende wel dat Joseph Cuypers me riep, maar Pierre M. Cuypers (III) attendeerde me erop dat dit het handschrift is van zijn vrouw Delphine Povel die hier begon met een brief aan haar zusje Bernadette (zie hieronder). Wat zegt het dat ik dat zelf niet opgemerkt heb, want de handschriften van het echtpaar zijn &#8211; na zoveel leeswerk &#8211; vertrouwd en goed te onderscheiden. Overigens is het ook prima om geroepen te worden door Delphine. Uit de vele brieven komt ze naar voren als een pittige vrouw. Collage, tekst en foto&#8217;s bvhh.nu 2018.<\/em><\/p><\/div>\n<div id=\"ez-toc-container\" class=\"ez-toc-v2_0_82_2 counter-hierarchy ez-toc-counter ez-toc-custom ez-toc-container-direction\">\n<div class=\"ez-toc-title-container\">\n<p class=\"ez-toc-title\" style=\"cursor:inherit\">Table of Contents<\/p>\n<span class=\"ez-toc-title-toggle\"><a href=\"#\" class=\"ez-toc-pull-right ez-toc-btn ez-toc-btn-xs ez-toc-btn-default ez-toc-toggle\" aria-label=\"Toggle tabel met inhoud\"><span class=\"ez-toc-js-icon-con\"><span class=\"\"><span class=\"eztoc-hide\" style=\"display:none;\">Toggle<\/span><span class=\"ez-toc-icon-toggle-span\"><svg style=\"fill: #6c0001;color:#6c0001\" xmlns=\"http:\/\/www.w3.org\/2000\/svg\" class=\"list-377408\" width=\"20px\" height=\"20px\" viewBox=\"0 0 24 24\" fill=\"none\"><path d=\"M6 6H4v2h2V6zm14 0H8v2h12V6zM4 11h2v2H4v-2zm16 0H8v2h12v-2zM4 16h2v2H4v-2zm16 0H8v2h12v-2z\" fill=\"currentColor\"><\/path><\/svg><svg style=\"fill: #6c0001;color:#6c0001\" class=\"arrow-unsorted-368013\" xmlns=\"http:\/\/www.w3.org\/2000\/svg\" width=\"10px\" height=\"10px\" viewBox=\"0 0 24 24\" version=\"1.2\" baseProfile=\"tiny\"><path d=\"M18.2 9.3l-6.2-6.3-6.2 6.3c-.2.2-.3.4-.3.7s.1.5.3.7c.2.2.4.3.7.3h11c.3 0 .5-.1.7-.3.2-.2.3-.5.3-.7s-.1-.5-.3-.7zM5.8 14.7l6.2 6.3 6.2-6.3c.2-.2.3-.5.3-.7s-.1-.5-.3-.7c-.2-.2-.4-.3-.7-.3h-11c-.3 0-.5.1-.7.3-.2.2-.3.5-.3.7s.1.5.3.7z\"\/><\/svg><\/span><\/span><\/span><\/a><\/span><\/div>\n<nav><ul class='ez-toc-list ez-toc-list-level-1 ' ><li class='ez-toc-page-1 ez-toc-heading-level-4'><a class=\"ez-toc-link ez-toc-heading-1\" href=\"https:\/\/www.vanhellenberghubar.org\/index.php\/archief\/webitems\/prikbord\/#Welkom_op_dit_prikbord\" >Welkom op dit prikbord!<\/a><ul class='ez-toc-list-level-5' ><li class='ez-toc-heading-level-5'><a class=\"ez-toc-link ez-toc-heading-2\" href=\"https:\/\/www.vanhellenberghubar.org\/index.php\/archief\/webitems\/prikbord\/#GAR_JCC_vn_200_Bijdragen_van_Delphine_Cuypers-Povel_aan_de_RK_Vrouwenbond_1925-1930\" >GAR JCC v.n. 200: Bijdragen van Delphine Cuypers-Povel aan de R.K. Vrouwenbond, 1925-1930<\/a><ul class='ez-toc-list-level-6' ><li class='ez-toc-heading-level-6'><a class=\"ez-toc-link ez-toc-heading-3\" href=\"https:\/\/www.vanhellenberghubar.org\/index.php\/archief\/webitems\/prikbord\/#Delphine_Cuypers-Povel_een_politiek_bewuste_vrouw\" >Delphine Cuypers-Povel, een politiek bewuste vrouw&nbsp;<\/a><\/li><li class='ez-toc-page-1 ez-toc-heading-level-6'><a class=\"ez-toc-link ez-toc-heading-4\" href=\"https:\/\/www.vanhellenberghubar.org\/index.php\/archief\/webitems\/prikbord\/#De_RK_Vrouwenbond_en_het_vrouwenkiesrecht\" >De R.K. Vrouwenbond en het vrouwenkiesrecht<\/a><\/li><li class='ez-toc-page-1 ez-toc-heading-level-6'><a class=\"ez-toc-link ez-toc-heading-5\" href=\"https:\/\/www.vanhellenberghubar.org\/index.php\/archief\/webitems\/prikbord\/#Addendum_via_de_sociale_media\" >Addendum via de sociale media<\/a><\/li><\/ul><\/li><li class='ez-toc-page-1 ez-toc-heading-level-5'><a class=\"ez-toc-link ez-toc-heading-6\" href=\"https:\/\/www.vanhellenberghubar.org\/index.php\/archief\/webitems\/prikbord\/#GAR_JCC_vn_179_Condoleances_naar_aanleiding_van_het_overlijden_van_Joseph_Cuypers_20_januari_1949_met_algemeen_bedankbriefje_van_Pierre_JJM_Cuypers_1949\" >GAR JCC v.n. 179: Condoleances naar aanleiding van het overlijden van Joseph Cuypers, 20 januari 1949, met algemeen bedankbriefje van Pierre J.J.M. Cuypers, 1949<\/a><\/li><li class='ez-toc-page-1 ez-toc-heading-level-5'><a class=\"ez-toc-link ez-toc-heading-7\" href=\"https:\/\/www.vanhellenberghubar.org\/index.php\/archief\/webitems\/prikbord\/#GAR_JCC_vn_173_Correspondentie_van_en_aan_Joseph_Cuypers_tijdens_zijn_zaken-_en_familiereis_in_1884_in_Duitsland_en_grand_tour_studie-_en_zakenreis_in_1885_door_Denemarken_Duitsland_Frankrijk_Italie_Oostenrijk-Hongarije_Luxemburg_en_Zwitserland_1884-1885\" >GAR JCC v.n. 173: Correspondentie van en aan Joseph Cuypers tijdens zijn zaken- en familiereis in 1884 in Duitsland en grand tour (studie- en zakenreis) in 1885 door Denemarken, Duitsland, Frankrijk, Itali\u00eb, Oostenrijk-Hongarije, Luxemburg en Zwitserland, 1884-1885<\/a><\/li><li class='ez-toc-page-1 ez-toc-heading-level-5'><a class=\"ez-toc-link ez-toc-heading-8\" href=\"https:\/\/www.vanhellenberghubar.org\/index.php\/archief\/webitems\/prikbord\/#GAR_JCC_vn_172_Stukken_met_betrekking_tot_de_breuk_met_Frans_Stoltzenberg_junior_1892\" >GAR JCC v.n. 172: Stukken met betrekking tot de breuk met Frans Stoltzenberg junior, 1892<\/a><\/li><li class='ez-toc-page-1 ez-toc-heading-level-5'><a class=\"ez-toc-link ez-toc-heading-9\" href=\"https:\/\/www.vanhellenberghubar.org\/index.php\/archief\/webitems\/prikbord\/#GAR_JCC_vn_164_Correspondentie_van_en_tussen_Emmy_Cuypers-Kneepkens_en_Charles_Cuypers_1945-1949\" >GAR JCC v.n. 164: Correspondentie van (en tussen) Emmy Cuypers-Kneepkens en Charles Cuypers, 1945-1949<\/a><\/li><li class='ez-toc-page-1 ez-toc-heading-level-5'><a class=\"ez-toc-link ez-toc-heading-10\" href=\"https:\/\/www.vanhellenberghubar.org\/index.php\/archief\/webitems\/prikbord\/#GAR_JCC_vn_148_Stukken_met_betrekking_tot_de_cursus_natuursteen_en_andere_bouwmaterialen_voor_de_%E2%80%98Vereeniging_voor_voortgezet_en_hooger_bouwkunstonderricht_1916-1919\" >GAR JCC v.n. 148: Stukken met betrekking tot de cursus natuursteen en andere bouwmaterialen voor de &#8216;Vereeniging voor voortgezet en hooger bouwkunstonderricht&#8217; (1916-1919)<\/a><\/li><li class='ez-toc-page-1 ez-toc-heading-level-5'><a class=\"ez-toc-link ez-toc-heading-11\" href=\"https:\/\/www.vanhellenberghubar.org\/index.php\/archief\/webitems\/prikbord\/#GAR_JCC_vn_118_Inleiding_tot_de_eisen_waaraan_een_kunstwerk_moet_voldoen_door_Pierre_JH_Cuypers_1882-1895\" >GAR JCC v.n. 118: Inleiding tot de eisen waaraan een kunstwerk moet voldoen, door Pierre J.H. Cuypers (1882-1895)<\/a><\/li><li class='ez-toc-page-1 ez-toc-heading-level-5'><a class=\"ez-toc-link ez-toc-heading-12\" href=\"https:\/\/www.vanhellenberghubar.org\/index.php\/archief\/webitems\/prikbord\/#GAR_JCC_vn_117_Stukken_met_betrekking_tot_het_rapport_over_de_OL_Vrouwe_Hemelvaart_te_Heemstede_ten_behoeve_van_de_liturgische_commissie_van_het_bisdom_Haarlem_1925\" >GAR JCC v.n.&nbsp;117:&nbsp;Stukken met betrekking tot het rapport over de O.L. Vrouwe Hemelvaart te Heemstede ten behoeve van de liturgische commissie van het bisdom Haarlem, 1925<\/a><\/li><li class='ez-toc-page-1 ez-toc-heading-level-5'><a class=\"ez-toc-link ez-toc-heading-13\" href=\"https:\/\/www.vanhellenberghubar.org\/index.php\/archief\/webitems\/prikbord\/#GAR_JCC_vn_113_Stukken_met_betrekking_tot_de_oprichting_van_de_Bond_van_Nederlandsche_Bouwkundige_Vereenigingen_en_de_Bond_van_Nederlandsche_Architecten_met_een_overzicht_van_steun_betuigende_architecten_en_van_de_RK_Architecten_Vakvereeniging_1898-1933\" >GAR JCC v.n.&nbsp;113:&nbsp;Stukken met betrekking tot de oprichting van de Bond van Nederlandsche Bouwkundige Vereenigingen en de Bond van Nederlandsche Architecten, met een overzicht van steun betuigende architecten; en van de R.K. Architecten Vakvereeniging, 1898-1933<\/a><\/li><li class='ez-toc-page-1 ez-toc-heading-level-5'><a class=\"ez-toc-link ez-toc-heading-14\" href=\"https:\/\/www.vanhellenberghubar.org\/index.php\/archief\/webitems\/prikbord\/#GAR_JCC_vn_109_Stukken_met_betrekking_tot_modernisering_van_het_Bernulphusgilde\" >GAR JCC v.n. 109:&nbsp;Stukken met betrekking tot modernisering van het Bernulphusgilde<\/a><\/li><li class='ez-toc-page-1 ez-toc-heading-level-5'><a class=\"ez-toc-link ez-toc-heading-15\" href=\"https:\/\/www.vanhellenberghubar.org\/index.php\/archief\/webitems\/prikbord\/#GAR_JCC_vn_1_Schetsboek_Belgie_Nederland_Engeland_Duitsland_Belgie_Montjoie_Weismes_Vise_Haute_Nederland_Haarzuylens_Zutphen_Denekamp_Wolter_te_Riele_Vondelstraat_Amsterdam_Beverwijk_1914-1915_Meerssen_Tweebruggen_1945_Engeland_WF_Dixon_Londen_Duitsland_Munchen_1914-1945\" >GAR JCC v.n. 1: Schetsboek Belgi\u00eb, Nederland, Engeland, Duitsland. Belgi\u00eb: Montjoie, Weismes, Vis\u00e9 Haute. Nederland: Haarzuylens, Zutphen, Denekamp (Wolter te Riele), Vondelstraat Amsterdam, Beverwijk (1914-1915), Meerssen Tweebruggen (1945). Engeland: W.F. Dixon Londen. Duitsland: M\u00fcnchen, 1914-1945<\/a><\/li><\/ul><\/li><li class='ez-toc-page-1 ez-toc-heading-level-4'><a class=\"ez-toc-link ez-toc-heading-16\" href=\"https:\/\/www.vanhellenberghubar.org\/index.php\/archief\/webitems\/prikbord\/#Bronnen_en_verdere_informatie\" >Bronnen en verdere informatie<\/a><\/li><\/ul><\/nav><\/div>\n\n<p><span style=\"color: #ebda8a;\">&#8230;<\/span><\/p>\n<h4><span class=\"ez-toc-section\" id=\"Welkom_op_dit_prikbord\"><\/span>Welkom op dit prikbord!<span class=\"ez-toc-section-end\"><\/span><\/h4>\n<p><span style=\"color: #800000;\"><em>Let op! \u2014<\/em> <\/span>Op dit moment, begin maart 2024, is de eindversie&nbsp; van het E-boek met de verantwoordingen van de inventarisatie en de biografie\u00ebn van de hoofdrolspelers klaar. De beschrijving van de individuele nummers van de collectie is nagenoeg klaar. Binnenkort start de tweede toets van het boek door de leescommissie, waarna de inventarisnummers redactioneel onder de loep genomen worden. Een en ander betekent dat de tekst hieronder voor een deel achterhaald is en als gevolg van nader onderzoek en voortschrijdend inzicht is uitgebreid. Zodra het <ins>JCC<\/ins>-boek on line is wordt zowel hier als bij de herziene items een link geplaatst om het in te zien en te downloaden.&nbsp; Overigens zijn de <strong>v<\/strong>oorlopige <strong>n<\/strong>ummers v.n. 148 en v.n. 173 recent bijgewerkt.<\/p>\n<p>De titelbeschrijving van het JCC-boek wordt als volgt: Hubar, Bernadette van Hellenberg, en Marij Coenen. De Joseph Cuypers Collectie te Roermond. Hoe een collectie toegankelijk werd. Roermond: Gemeentearchief Roermond, 2024. ISBN 978-90-820976-3-4.<\/p>\n<p>Zoals op de <a href=\"https:\/\/www.vanhellenberghubar.org\/index.php\/archief\/doorverwijzingen\/al-doende\/\">hoofdpagina<\/a> uitgelegd maakt het prikbord deel uit van het open atelier van de Joseph Cuypers Collectie. Hier vind je allerlei fragmenten met informatie die te maken hebben met de notabene&#8217;s bij de beschrijving van de stukken uit de Joseph Cuypers Collectie in <a href=\"https:\/\/www.de-ree.nl\/wat-doen-wij-voor-u\/mais-flexis\">MAIS-flexis<\/a>. Voor een deel moeten deze verder uitgewerkt worden en voor het overige staan ze hier met extra informatie en bronverwijzingen ten behoeve van het E-boek over de inventarisatie en de biografie.<\/p>\n<p>Het gaat om een selectie die we een paar jaar gelden online hebben gezet. Waarom we dat doen? Omdat we graag ons voordeel doen met de kennis van anderen, dus als je aanvullingen of correcties hebt, heel graag doorgeven via deze <a href=\"#doorgeven\">link<\/a>. Denk eraan, dit is een groeidocument: omdat er voortdurend aan veranderd wordt, staan de noten in de hoofdtekst hieronder getalsmatig niet in volgorde, maar in de bronnenlijst wel.<\/p>\n<p>De terugkerende aanduiding hieronder van <em>GAR, JCC, v.n.<\/em> staat overigens voor&nbsp;<em>Gemeentearchief Roermond, Joseph Cuypers Collectie, voorlopig nummer<\/em>.<\/p>\n<blockquote class=\"twitter-tweet\" data-lang=\"nl\"><p>&nbsp;<\/p>\n<p dir=\"ltr\" lang=\"nl\">20 januari 1949, 20 januari 1949, \u2018Wees sensitief voor de omslagpunten in een mensenleven. Doe je archiefonderzoek niet als een simpele invuloefening, maar wees empathisch, probeer te begrijpen wat mensen beweegt, waarom ze de beslissingen nemen die ze nemen.\u2019 Nigel Hamilton <a href=\"https:\/\/twitter.com\/hashtag\/JosephCuypers?src=hash&amp;ref_src=twsrc%5Etfw\">#JosephCuypers<\/a> <a href=\"https:\/\/t.co\/48x3NjXvvA\">https:\/\/t.co\/48x3NjXvvA<\/a> <a href=\"https:\/\/t.co\/qkwoMIOAg8\">https:\/\/t.co\/qkwoMIOAg8<\/a><\/p>\n<p>\u2014 Van Hellenberg Hubar (@Bern4dette) <a href=\"https:\/\/twitter.com\/Bern4dette\/status\/1034527222097432576?ref_src=twsrc%5Etfw\">28 augustus 2018<\/a><\/p><\/blockquote>\n<p><script async=\"\" src=\"https:\/\/platform.twitter.com\/widgets.js\" charset=\"utf-8\"><\/script><\/p>\n<p><span style=\"color: #800000;\">__________________<\/span><\/p>\n<h5><span class=\"ez-toc-section\" id=\"GAR_JCC_vn_200_Bijdragen_van_Delphine_Cuypers-Povel_aan_de_RK_Vrouwenbond_1925-1930\"><\/span><span id=\"lezing\" class=\"sta-anchor \" aria-hidden=\"true\"><\/span>GAR JCC v.n. 200: Bijdragen van Delphine Cuypers-Povel aan de R.K. Vrouwenbond, 1925-1930<span class=\"ez-toc-section-end\"><\/span><\/h5>\n<p><em><span style=\"color: #800000;\">Notabene \u2014 <\/span><\/em>Voorlopig inventarisnummer (v.n.) 200 in de Joseph Cuypers Collectie betreft een lezing voor de R.K. Vrouwenbond in Roermond en de concept beantwoording van een vragenlijst van waarschijnlijk dezelfde club. De R.K. Vrouwenbond speelde een belangrijke rol bij het klaarstomen van vrouwen voor het kiesrecht vanaf 1919. De lezing van Delphine gaat over de mentale en fysieke opvoeding en morele herbewapening van de mannelijke jeugd en het leger. In het verlengde daarvan bespreekt ze de opleiding van hulpziekenverpleegsters. De tekst zelf heeft geen datum, maar kon via krantenartikelen gedateerd worden op 1925 (#GAR, Historische Kranten, <em>Nieuwe Koerier Maas- en Roerbode<\/em> 1925-04-18, 1925-04-15, 1925-04-11). Tijdens de lezing zong Delphine verschillende (kinder)liederen en werd ze door de schilder Joan Collette, destijds werkzaam voor de Kunstwerkplaatsen Cuypers &amp; Co, begeleid op de luit. Op de envelop met de lezing, geadresseerd aan Delphine Cuypers-Povel, staat in het (bejaarde) handschrift van Joseph Cuypers: DCP? Zijn vermoeden blijkt dus inderdaad correct te zijn.&nbsp;<span style=\"font-weight: 400;\">De ongedateerde beantwoording van de vragenlijst, waarop in het handschrift van Joseph Cuypers \u2018D. Cuypers-Povel\u2019 staat (in potlood), laat zien dat Delphine rechts van het midden stelling neemt in de bandbreedte tussen de katholieke huisvrouw en de moderne werkende vrouw (zie #E-boek). De vragenlijst is vrijwel zeker door de kerk via de R.K. Vrouwenbond verspreid, gelet op het anti-modernistische karakter ervan.&nbsp;Overigens woonde Joan (Sjoan) Collette in die tijd in een van de woonhuizen van het corps de logis van het Cuypershuis (zie GAR JCC v.n. 184 en v.n. 188).&nbsp;<\/span><\/p>\n<div id=\"attachment_15699\" style=\"width: 758px\" class=\"wp-caption alignnone\"><a href=\"https:\/\/i0.wp.com\/www.vanhellenberghubar.org\/wp-content\/uploads\/2019\/09\/Delphine-Cuypers-Povel-Cuypershuis-6492-.png?ssl=1\"><img data-recalc-dims=\"1\" loading=\"lazy\" decoding=\"async\" aria-describedby=\"caption-attachment-15699\" data-attachment-id=\"15699\" data-permalink=\"https:\/\/www.vanhellenberghubar.org\/index.php\/archief\/webitems\/prikbord\/delphine-cuypers-povel-cuypershuis-6492\/#main\" data-orig-file=\"https:\/\/i0.wp.com\/www.vanhellenberghubar.org\/wp-content\/uploads\/2019\/09\/Delphine-Cuypers-Povel-Cuypershuis-6492-.png?fit=748%2C923&amp;ssl=1\" data-orig-size=\"748,923\" data-comments-opened=\"0\" data-image-meta=\"{&quot;aperture&quot;:&quot;0&quot;,&quot;credit&quot;:&quot;&quot;,&quot;camera&quot;:&quot;&quot;,&quot;caption&quot;:&quot;&quot;,&quot;created_timestamp&quot;:&quot;0&quot;,&quot;copyright&quot;:&quot;&quot;,&quot;focal_length&quot;:&quot;0&quot;,&quot;iso&quot;:&quot;0&quot;,&quot;shutter_speed&quot;:&quot;0&quot;,&quot;title&quot;:&quot;&quot;,&quot;orientation&quot;:&quot;0&quot;}\" data-image-title=\"Delphine Cuypers-Povel in een park of tuin, vermoedelijk in Amsterdam. Screenshot website Cuypershuis, nr 6492. bvhh.nu 2019.\" data-image-description=\"&lt;p&gt;Delphine Cuypers-Povel in een park of tuin, vermoedelijk in Amsterdam. Screenshot website Cuypershuis, nr 6492. bvhh.nu 2019.&lt;\/p&gt;\n\" data-image-caption=\"\" data-medium-file=\"https:\/\/i0.wp.com\/www.vanhellenberghubar.org\/wp-content\/uploads\/2019\/09\/Delphine-Cuypers-Povel-Cuypershuis-6492-.png?fit=648%2C800&amp;ssl=1\" data-large-file=\"https:\/\/i0.wp.com\/www.vanhellenberghubar.org\/wp-content\/uploads\/2019\/09\/Delphine-Cuypers-Povel-Cuypershuis-6492-.png?fit=640%2C790&amp;ssl=1\" class=\"wp-image-15699 size-full\" src=\"https:\/\/i0.wp.com\/www.vanhellenberghubar.org\/wp-content\/uploads\/2019\/09\/Delphine-Cuypers-Povel-Cuypershuis-6492-.png?resize=640%2C790&#038;ssl=1\" alt=\"Delphine Cuypers-Povel in een park of tuin, vermoedelijk in Amsterdam. Screenshot website Cuypershuis, nr 6492. bvhh.nu 2019.\" width=\"640\" height=\"790\" srcset=\"https:\/\/i0.wp.com\/www.vanhellenberghubar.org\/wp-content\/uploads\/2019\/09\/Delphine-Cuypers-Povel-Cuypershuis-6492-.png?w=748&amp;ssl=1 748w, https:\/\/i0.wp.com\/www.vanhellenberghubar.org\/wp-content\/uploads\/2019\/09\/Delphine-Cuypers-Povel-Cuypershuis-6492-.png?resize=243%2C300&amp;ssl=1 243w, https:\/\/i0.wp.com\/www.vanhellenberghubar.org\/wp-content\/uploads\/2019\/09\/Delphine-Cuypers-Povel-Cuypershuis-6492-.png?resize=648%2C800&amp;ssl=1 648w\" sizes=\"auto, (max-width: 640px) 100vw, 640px\" \/><\/a><p id=\"caption-attachment-15699\" class=\"wp-caption-text\"><i>Delphine Cuypers-Povel in een park of tuin, vermoedelijk in Amsterdam of Roermond. Screenshot website Cuypershuis, nr 6492. bvhh.nu 2019.<\/i><\/p><\/div>\n<h6><span class=\"ez-toc-section\" id=\"Delphine_Cuypers-Povel_een_politiek_bewuste_vrouw\"><\/span><em>Delphine Cuypers-Povel, een politiek bewuste vrouw&nbsp;<\/em><span class=\"ez-toc-section-end\"><\/span><\/h6>\n<p><span style=\"color: #800000;\"><em>Nota bene \u2014<\/em> <\/span>Er zijn inmiddels heel wat nieuwe gegevens naar voren gekomen die maken dat dit stuk herschreven moet worden. De strekking blijft overigens hetzelfde.<\/p>\n<p>Hoe Joseph Cuypers en Delphine Povel elkaar hebben leren kennen, is niet precies bekend, maar het was beslist een <em>&#8216;match made in heaven&#8217;<\/em>: een goed huwelijk van twee mensen die elkaar tot op hoge leeftijd zeer nabij waren.&nbsp;<em><br \/>\n<\/em><\/p>\n<p>Delphine is zeer aanwezig in de Joseph Cuypers Collectie. Primair door de vele brieven die ze met haar man wisselde als hij weg was. En net zoals zijn vader was Joseph v\u00e9\u00e9l weg: allereerst door zijn werkzaamheden die maakten dat hij door het hele land trok, en vervolgens door de vele buitenlandse reizen. Dat reizen sloeg over op de volgende generatie, van wie alleen Yvonne door haar langdurige depressie nauwelijks de grens over is geweest, Belgi\u00eb uitgezonderd. De brieven van Delphine geven een inkijkje in een familie op stand, waarin kunstzinnigheid en burgerlijkheid (in de goede zin van het woord) hand in hand gingen.&nbsp;<\/p>\n<p>Wat opvalt is dat Delphine een redelijk zelfstandige vrouw is in de behoudende, anti-modernistische katholieke zuil van de samenleving. Zeker, ze committeert zich aan de geijkte verhoudingen tussen man en vrouw die in haar wereld vanzelfsprekend waren en ook door de katholieke kerk ingeprent werden. Dat geldt navenant voor de visie op de gevaren voor werkende vrouwen en de intellectuele vorming, maar juist op dit laatste punt geeft ze in haar antwoorden op de vragenlijst &#8211; haast nolens volens &#8211; blijk van eigen inzichten. De manier waarop zij zich manifesteert, verraadt duidelijk de sporen van de eerste emancipatiegolf van de vrouw die bekroond werd met het vrouwenkiesrecht in 1919, waaraan zij in haar lezing refereert. Ze werkte in 1917-1918 actief mee aan de oproep aan de vrouwen in Nederland om een petitie te steunen gericht aan de keizerin van Duitsland ten behoeve van het lot van weggevoerde vrouwen, kinderen en andere burgers uit oorlogsgebieden (GAR JCC v.n. 107). In die tijd was haar dochter Marguerite&nbsp;(1896-1986) in de weer als vrijwillige oorlogsverpleegster in Frankrijk en bij gedetineerde Engelse militairen in Nederland (1916-1917\/18). In een van de brieven van Joseph Cuypers aan Yvonne (ongedateerd) vertelt hij dat haar moeder <em>&#8216;overwerkt&#8217;<\/em> was: <em>&#8216;Je kent dat leven hier wel: tuin, huishouden, dienstbode zoeken voor Joopie [de vrouw van Pierre J.J.M.], oefeningen vrouwelijke vrijwillige landstorm, politiek naast vrouwenbond!&#8217; <\/em><a href=\"#6\">6<\/a><\/p>\n<p>De brief is geschreven in de tijd dat Yvonne in het klooster zat, want Joseph legt uit waarom zij hem nog niet in <em>&#8216;de spreekkamer&#8217;<\/em> heeft gezien, de ruimte in het klooster waar familieleden van en door de&nbsp;religieuzen ontvangen werden. Voor de datering van deze brief betekent dit zeer waarschijnlijk 1922. Direct na deze opmerking vertelt Joseph over de ontmoeting met haar tante Jeanne in <em>&#8216;de spreekkamer&#8217;<\/em> van het klooster in Velp, waar hij &#8211; saillant detail &#8211; liggend op de <em>&#8216;sopha&#8217;<\/em> jeugdherinneringen met zijn tien jaar jongere schoonzus ophaalt die nog bij hen op de Vondelstraat heeft gewoond.<a href=\"#7\">7<\/a> Jeanne Povel behoorde tot de Franse onderwijscongregatie van de <em>Dames du Sacr\u00e9-Coeur<\/em>, ook bekend als de <em>Soci\u00e9t\u00e9 du Sacr\u00e9-Coeur de Jesus<\/em>.<a href=\"#8\">8<\/a>&nbsp;<\/p>\n<div id=\"attachment_15199\" style=\"width: 650px\" class=\"wp-caption alignnone\"><a href=\"https:\/\/i0.wp.com\/www.vanhellenberghubar.org\/wp-content\/uploads\/2019\/08\/Drie-zusjes-Povel.-Zat-in-GAR-JCC-v.-199.jpg?ssl=1\"><img data-recalc-dims=\"1\" loading=\"lazy\" decoding=\"async\" aria-describedby=\"caption-attachment-15199\" data-attachment-id=\"15199\" data-permalink=\"https:\/\/www.vanhellenberghubar.org\/index.php\/archief\/webitems\/prikbord\/drie-zusjes-povel-zat-in-gar-jcc-v-199\/#main\" data-orig-file=\"https:\/\/i0.wp.com\/www.vanhellenberghubar.org\/wp-content\/uploads\/2019\/08\/Drie-zusjes-Povel.-Zat-in-GAR-JCC-v.-199.jpg?fit=1211%2C833&amp;ssl=1\" data-orig-size=\"1211,833\" data-comments-opened=\"0\" data-image-meta=\"{&quot;aperture&quot;:&quot;0&quot;,&quot;credit&quot;:&quot;&quot;,&quot;camera&quot;:&quot;EPSON WF-7610\/7620 Series&quot;,&quot;caption&quot;:&quot;&quot;,&quot;created_timestamp&quot;:&quot;0&quot;,&quot;copyright&quot;:&quot;&quot;,&quot;focal_length&quot;:&quot;0&quot;,&quot;iso&quot;:&quot;0&quot;,&quot;shutter_speed&quot;:&quot;0&quot;,&quot;title&quot;:&quot;&quot;,&quot;orientation&quot;:&quot;1&quot;}\" data-image-title=\"Drie zusjes Povel. Zat in GAR JCC v. 199\" data-image-description=\"\" data-image-caption=\"\" data-medium-file=\"https:\/\/i0.wp.com\/www.vanhellenberghubar.org\/wp-content\/uploads\/2019\/08\/Drie-zusjes-Povel.-Zat-in-GAR-JCC-v.-199.jpg?fit=800%2C550&amp;ssl=1\" data-large-file=\"https:\/\/i0.wp.com\/www.vanhellenberghubar.org\/wp-content\/uploads\/2019\/08\/Drie-zusjes-Povel.-Zat-in-GAR-JCC-v.-199.jpg?fit=640%2C440&amp;ssl=1\" class=\"wp-image-15199 size-large\" title=\"Drie van de vier zusjes Povel: van links naar rechts Bernadette Veltman-Povel m(1876-1957), Delphine Cuypers-Povel (1868-1948) en Jeanne Povel (1871-1956). Alleen B\u00e9b\u00e9 (koosnaam voor Mathilde Delphine Marie Elisabeth Everard-Povel, 1882-1955) ontbreekt. Zeer waarschijnlijk is de foto gemaakt door hun neef\/zoon\/neef Charles Cuypers circa 1935; mogelijk in de grote tuin achter het woonhuis aan de Maastrichterweg, net voordat deze verkaveld zou worden voor woningbouw en de - nieuwe - Henri Luytenstraat. Herkomst GAR, JCC, v.n. 199.\" src=\"https:\/\/i0.wp.com\/www.vanhellenberghubar.org\/wp-content\/uploads\/2019\/08\/Drie-zusjes-Povel.-Zat-in-GAR-JCC-v.-199.jpg?resize=640%2C440&#038;ssl=1\" alt=\"Drie van de vier zusjes Povel: van links naar rechts Bernadette Veltman-Povel m(1876-1957), Delphine Cuypers-Povel (1868-1948) en Jeanne Povel (1871-1956). Alleen B\u00e9b\u00e9 (koosnaam voor Mathilde Delphine Marie Elisabeth Everard-Povel, 1882-1955) ontbreekt. Zeer waarschijnlijk is de foto gemaakt door hun neef\/zoon\/neef Charles Cuypers circa 1935; mogelijk in de grote tuin achter het woonhuis aan de Maastrichterweg, net voordat deze verkaveld zou worden voor woningbouw en de - nieuwe - Henri Luytenstraat. Herkomst GAR, JCC, v.n. 199.\" width=\"640\" height=\"440\" srcset=\"https:\/\/i0.wp.com\/www.vanhellenberghubar.org\/wp-content\/uploads\/2019\/08\/Drie-zusjes-Povel.-Zat-in-GAR-JCC-v.-199.jpg?resize=1024%2C704&amp;ssl=1 1024w, https:\/\/i0.wp.com\/www.vanhellenberghubar.org\/wp-content\/uploads\/2019\/08\/Drie-zusjes-Povel.-Zat-in-GAR-JCC-v.-199.jpg?resize=300%2C206&amp;ssl=1 300w, https:\/\/i0.wp.com\/www.vanhellenberghubar.org\/wp-content\/uploads\/2019\/08\/Drie-zusjes-Povel.-Zat-in-GAR-JCC-v.-199.jpg?resize=800%2C550&amp;ssl=1 800w, https:\/\/i0.wp.com\/www.vanhellenberghubar.org\/wp-content\/uploads\/2019\/08\/Drie-zusjes-Povel.-Zat-in-GAR-JCC-v.-199.jpg?resize=768%2C528&amp;ssl=1 768w, https:\/\/i0.wp.com\/www.vanhellenberghubar.org\/wp-content\/uploads\/2019\/08\/Drie-zusjes-Povel.-Zat-in-GAR-JCC-v.-199.jpg?w=1211&amp;ssl=1 1211w\" sizes=\"auto, (max-width: 640px) 100vw, 640px\" \/><\/a><p id=\"caption-attachment-15199\" class=\"wp-caption-text\"><em>Drie van de vier zusjes Povel! Wat lijken ze op elkaar! Van links naar rechts Bernadette Veltman-Povel (1876-1957), Delphine Cuypers-Povel (1868-1948) en Jeanne Povel (1871-1956). Alleen Baby (koosnaam voor Mathilde Delphine Marie Elisabeth Everard-Povel, 1882-1955) ontbreekt. Zeer waarschijnlijk is de foto gemaakt door hun neef\/zoon\/neef Charles Cuypers circa 1935; mogelijk in de grote tuin achter het woonhuis aan de Maastrichterweg, net voordat deze verkaveld zou worden voor woningbouw en de &#8211; nieuwe &#8211; Henri Luytenstraat. Herkomst GAR, JCC, v.n. 199.<\/em><\/p><\/div>\n<h6><span class=\"ez-toc-section\" id=\"De_RK_Vrouwenbond_en_het_vrouwenkiesrecht\"><\/span><em><span style=\"color: #000000;\">De R.K. Vrouwenbond en het vrouwenkiesrecht<\/span><\/em><span class=\"ez-toc-section-end\"><\/span><\/h6>\n<p>De lezing van Delphine moet zeker tegen het licht worden gehouden. Passen haar idee\u00ebn over de opvoeding van jongens tot mannen en de rol daarbij van een <em>&#8216;vredeleger&#8217;<\/em> in de toenmalige tijdsgeest of zijn ze dan al aan de conservatieve kant? En hoe zit het met haar pleidooi voor een opleiding van hulpziekenverpleegsters? Verder moet de vragenlijst die ten grondslag ligt aan haar antwoorden achterhaald worden. Mogelijk via een centraal archief van de R.K. Vrouwenbond die in de jaren &#8217;60 (?) omgedoopt is tot Katholiek Vrouwengilde. De bond werd in 1912 centraal opgericht. Het katholieke dagblad <em>De Tijd<\/em> meldt:&nbsp;&nbsp;<\/p>\n<blockquote><p>dat door elk der Bisschoppen in hun diocees dames zullen worden aangewezen om voor een R. K. Vrouwenbond te gaan werken, dat de R K. Vrouwenorganisatie zal staan op den grondslag der K.S.A. (Katholieke Sociale Actie), doch een zelfstandig lichaam zal vormen, dus in hoofdzaak geheel vrij zal zijn van het Centraal Bureau. Wel zal prof. Aengenent, algemeen Adviseur worden van de Vrouwenorganisatie. De indeeling zal zijn als bij de K.S.A.: er zullen afdeelingen worden opgericht en deze vereenigd in een R. K. Vrouwenbond.<a href=\"#9\">9<\/a><\/p><\/blockquote>\n<p>Uit een eerste speurtocht op Delpher blijkt dat de vroegste vermeldingen van de R.K. Vrouwenbond in relatie staan tot de door de kerk verafschuwde vrouwenemancipatie.&nbsp;Veelzeggend is de speech van <em>&#8216;den pas benoemden geestelijken adviseur van de op te richten Diocesanen R.&nbsp;K. Vrouwenbond, rector Stroomer&#8217;<\/em>, bij de oprichting van de afdeling Amsterdam, 28 november 1912:<\/p>\n<blockquote><p>Daarom zijn we hier bijeen. Een R.&nbsp;K. Vrouwenbond zal worden gesticht en Amsterdam zal, zooals &#8217;t behoort, de eerste afdeeling krijgen. In vele kringen zal het bericht uit de couranten omtrent de oprichting tot verschillende beoordeelingen hebben aanleiding gegeven. Velen zullen geroepen hebben: \u00bbeindelijk\u00ab&nbsp;; en zij dachten, dat al &#8217;t bestaande omvergeworpen zou worden om een nieuwe beweging te beginnen. Dezulken zijn niet vrij te pleiten van overdrijving. Zeker, er is nog een groot arbeidsveld, doch wij zijn verre er van om \u2014 zooals in het leelijke boek van Hilda van Suylenburgh gedaan wordt \u2014 te denken, dat in deze jaren eerst de vrouwenbeweging begint. Wij kunnen wijzen op een breede schare vrouwen, di\u00e9 jaren en jaren in alle stilte aan &#8217;t heil der menschheid werkzaam zijn geweest. Niet echter langs heel de linie zal het\u00bbeindelijk\u00ab vernomen zijn. Het bericht over de stichting werd gepubliceerd in de dagen, dat de couranten vol stonden met nieuws over het modepaleis van Hirsch. Had dit aanstekelijk gewerkt vroeg men! Gaat men nu een R.&nbsp;K. Vrouwenbond stichten, omdat de vrouwenbeweging \u00bbmode\u00ab is in onze dagen. Ja, sommigen zagen de rust verstoord reeds door R.&nbsp;K. Kiesrechtjuffers. Neen, de R.K. Vrouwenbond zal niet met geringschatting op het bestaande neerzien. Integendeel. De R.&nbsp;K- Vrouwenbond wil niet met alle energie er naar streven de mode te dienen. Een christelijk feminisme zal hij niet brengen. Hij wil echter de vrouwenbeweging, die in onzen tijd niet te ontkennen valt, langs goede banen leiden en behoeden voor afwijkingen.<a href=\"#9\">9<\/a><\/p><\/blockquote>\n<p>Een van die afwijkingen betrof in 1912 de politiek: <em>&#8216;Doel is: deelneming der vrouw aan het katholieke leven in den geest van Paus en Bisschoppen, met uitsluiting van alle politieke actie.&#8217;<\/em><a href=\"#9\">9<\/a><\/p>\n<p>Een saillant detail is de afkeurende verwijzing naar de feministische roman <em>Hilda van Suylenburg<\/em> (1897) van C\u00e9cile de Jong van Beek en Donk, een van de hoofdpersonen van Elisabeth Leijnse, <em>C\u00e9cile en Elsa, strijdbare freules, een biografie (<\/em>2015). Terwijl C\u00e9cile in deze tendensroman die van onvoorstelbaar belang is geweest voor het feminisme in Europa, de barricaden beklimt, kwam haar zus Elsa aan de andere kant van de scheidslijn terecht: zij trouwde met de componist Alphons Diepenbrock, verre neef (via de familie <a href=\"https:\/\/www.vanhellenberghubar.org\/index.php\/projecten\/nieuwe-bavokathedraal\/nieuwe-bavo-verhalen\/caelestis-urbs\/\">Alberdingk Thijm<\/a>) en vriend van Joseph Cuypers. Zelf behoorlijk vrij opgevoed, kwam Elsa in een door en door roomse familie terecht; weliswaar een die over de schutting kon kijken, maar toch &#8230;<a href=\"#10\">10<\/a><\/p>\n<blockquote class=\"twitter-tweet\">\n<p dir=\"ltr\" lang=\"nl\">.<a href=\"https:\/\/twitter.com\/bibliotheek?ref_src=twsrc%5Etfw\">@bibliotheek<\/a> Mooie timing! Ook een aanrader voor fans van <a href=\"https:\/\/twitter.com\/hashtag\/Diepenbrock?src=hash&amp;ref_src=twsrc%5Etfw\">#Diepenbrock<\/a> en <a href=\"https:\/\/twitter.com\/hashtag\/Engelman?src=hash&amp;ref_src=twsrc%5Etfw\">#Engelman<\/a> trouwens (ik, zei de gek). ;-) <a href=\"https:\/\/t.co\/xgP2RshIHr\">pic.twitter.com\/xgP2RshIHr<\/a><\/p>\n<p>\u2014 Van Hellenberg Hubar (@Bern4dette) <a href=\"https:\/\/twitter.com\/Bern4dette\/status\/707523882396340224?ref_src=twsrc%5Etfw\">March 9, 2016<\/a><\/p><\/blockquote>\n<p><script async=\"\" src=\"https:\/\/platform.twitter.com\/widgets.js\" charset=\"utf-8\"><\/script><\/p>\n<blockquote class=\"twitter-tweet\">\n<p dir=\"ltr\" lang=\"nl\">.<a href=\"https:\/\/twitter.com\/bibliotheek?ref_src=twsrc%5Etfw\">@bibliotheek<\/a> Elsa was getrouwd met <a href=\"https:\/\/twitter.com\/hashtag\/Diepenbrock?src=hash&amp;ref_src=twsrc%5Etfw\">#Diepenbrock<\/a> en hun dochter had een verhouding met <a href=\"https:\/\/twitter.com\/hashtag\/Engelman?src=hash&amp;ref_src=twsrc%5Etfw\">#Engelman<\/a>, waar een zoon uit voortkwam.<\/p>\n<p>\u2014 Van Hellenberg Hubar (@Bern4dette) <a href=\"https:\/\/twitter.com\/Bern4dette\/status\/707614861191192576?ref_src=twsrc%5Etfw\">March 9, 2016<\/a><\/p><\/blockquote>\n<p><script async=\"\" src=\"https:\/\/platform.twitter.com\/widgets.js\" charset=\"utf-8\"><\/script><\/p>\n<p>De afkeuring van de kerk roept de vraag op of Delphine dit boek gelezen zal hebben. Ze was vrijwel zeker aanwezig bij deze bijeenkomst, want in 1912 woonde het gezin nog op de Vondelstraat in Amsterdam; als lid van de familie Povel en de familie Cuypers behoorde Delphine stellig tot de roomse elite van de stad. Uit de bevolkingsregisters kun je opmaken dat ze waarschijnlijk vanaf 1917 in Roermond verbleef: in 1917 en 1918 worden haar dochters Yvonne en Marguerite in Roermond ingeschreven. Op 28 januari 1919 volgt Delphine zelf en pas 2 september 1921 (een etmaal voor hun trouwdag), Joseph. Of Delphine in Amsterdam lid was van de R.K. Vrouwenbond moet nog nagegaan worden. Wanneer ze zich in Roermond aansluit vraagt eveneens nader onderzoek. De Vrouwenbond daar werd begin 1919 opgericht, zoals blijkt uit de publicatie van de akte van dit gezelschap in de Nederlandsche Staatscourant op 22 januari 1919. Al snel blijkt sprake van een actieve vereniging die april dat jaar toetreedt tot de R.K. Diocesane Vrouwenbond. Wat heel opvallend is, is dat de Roermondse club werd uitgezonderd van het verbod op politieke actie: in mei 1919 werd een van de bestuursleden, Mathilde de Haan, door de Katholieke Kiesvereniging (KK) aangezocht als kandidaat voor de gemeenteraadsverkiezingen. Zo bizar was de situatie dat een vrouw wel gekozen kon worden, maar niet zelf mocht kiezen. Mathilde de Haan, afgestudeerd en werkzaam als apotheker, was tot haar huwelijk in 1923 lid van de gemeenteraad van Roermond. Aangezien Delphine zeer waarschijnlijk in 1922 lid was van de R.K. Vrouwenbond in Roermond (zie de brief van Joseph hierboven), zal ze haar vrijwel zeker gekend hebben. Het zou interessant zijn om te achterhalen of en wat dit contact heeft gebracht.<a href=\"#11\">11<\/a>&nbsp;<\/p>\n<p>Toen het kiesrecht voor de vrouw op 27 september 1919 een feit werd, was het helemaal gedaan met het verbod op politieke actie. Dan kunnen de heren clerici er niet langer omheen. Dat deel van het &#8211; potenti\u00eble &#8211; electoraat dat altijd op de achtergrond was gehouden, moest men nu wel serieus nemen en kiesrijp maken; dat wil zeggen, kiesrijp voor de Algemeene Bond van R.K. Kiesverenigingen (toen al bekend onder de naam van R.K. Staatspartij die formeel pas in 1926 werd opgericht)! De R.K. Vrouwenbond lijkt een onmisbaar podium voor deze vorm van missionering te zijn geweest, zoals ook blijkt uit de diocesane richtlijnen van onder meer het bisdom Den Bosch. In Roermond zal dat niet anders zijn geweest, want een van van de krantenberichten over de R.K. Vrouwenbond aldaar uit 1920 betreft nu net politieke vorming. Op 24 november 1920 weet de <em>Limburger koerier<\/em> te melden:<\/p>\n<blockquote><p>R.K. Vrouwenbond. \u2014 Onze dameskiezers die zich vereenigd hebben in bovengenoemde bond, zullen in geregelde cursussen op de hoogte gebracht worden van Staats- en sociale wetenschappen. Daarom zal mr. Bolsius op Maandag 29 November a s. te 8 1\/2 uur nam. In het Christoffelhuis het eerste onderwerp behandelen.<a href=\"#12\">12<\/a>&nbsp;<\/p><\/blockquote>\n<p>Met het oog op de Tweede Kamer verkiezingen van 1922 en de gemeenteraadsverkiezingen van 1923 wilde Roermond er kennelijk op tijd bij zijn. Mr. Frans Jozef Bolsius was overigens niemand minder dan de president van de rechtbank van Roermond, tevens de zoon van de eerste co-architect en buurman van Pierre J.H. Cuypers, A.C. Bolsius, die getrouwd was met M.C.H.J. Stoltzenberg (dochter van de eerste vennoot van Cuypers in de firma Cuypers &amp; Stoltzenberg). Antoine Bolsius werd beschouwd als een &#8216;neef&#8217;, hoewel hij de zoon was van een later huwelijk van Antoon Petrus Bolsius die weduwnaar was van Maria Theresia Cuypers, een tante van Pierre senior.<a href=\"#15\">15<\/a> De oude Cuypers heeft zijn leven lang contact gehouden met Frans Bolsius.&nbsp;Delphine heeft hem ongetwijfeld via haar schoonvader gekend.<\/p>\n<p>In 1920 mocht de vrouw voor het eerst kiezen. De primeur daarvoor ging naar Maria Elisabeth (Elise) Spauwen-Schrijnemakers, getrouwd met de burgemeester van Gronsveld (onder Maastricht), waar zij op zaterdag 15 mei 1920 (!) bij de gemeenteraadsverkiezingen van Gronsveld haar stem uitbracht.<a href=\"#12\">12<\/a> Zou de R.K. Vrouwenbond ook hier voor instructie hebben gezorgd?<\/p>\n<p><span style=\"color: #800000;\"><em>Terug naar de lezing \u2014<\/em> <\/span>In 1925 al blijken stemmen op te gaan om het leger af te schaffen en voelt men de dreiging van een <em>\u2018vernielenden maalstroom\u2019<\/em> buiten Nederland. Het <em>\u2018vrede leger\u2019<\/em>&nbsp;moet dienen als <em>\u2018levensschool\u2019<\/em>, in de vorm van een niet al te groot <em>\u2018keurkorps\u2019<\/em>. Delphine vermeldt verder de oprichting van een <em>\u2018cursus\u2019<\/em> op verzoek van de <em>\u2018gewestelijke landstorm commissie\u2019<\/em> voor de opleiding van&nbsp;<em>\u2018hulpziekenverpleegsters\u2019<\/em> voor <em>\u2018vredestijd als bij internationale ontwikkelingen\u2019<\/em>. Dit mislukte bij gebrek aan steun van de <em>\u2018toenmalige inspecteur van den landstorm\u2019<\/em>. Recent vond de oprichting plaats van een <em>\u2018voorloopig bestuur [&#8230;] van eene afdeeling van het roode kruis in Roermond\u2019<\/em> met hetzelfde doel. Het Rode Kruis zelf bestond in Roermond al in de negentiende eeuw, dus het gaat specifiek om dit punt. Delphine refereert aan de rampzalige staat van ziekenverpleging tijdens de mobilisatie. Deze belangstelling kwam niet uit de lucht vallen! Haar moeder stond aan de wieg van de katholieke ziekenzorg in Amsterdam en was een van de oprichters van het&nbsp;O.L. Vrouwe Gasthuis; en haar dochter Marguerite was vrijwillige oorlogsverpleegster tijdens de Eerste Wereldoorlog.<a href=\"#16\">16<\/a><\/p>\n<p>We komen nog terug op de R.K. Vrouwenbond, want er valt waarschijnlijk nog heel wat te achterhalen over de positie van Delphine in&nbsp;de Roermondse afdeling.<\/p>\n<h6><span class=\"ez-toc-section\" id=\"Addendum_via_de_sociale_media\"><\/span><em>Addendum via de sociale media<\/em><span class=\"ez-toc-section-end\"><\/span><\/h6>\n<p>En toen kwam deze verrassing via Twitter van een specialist vrouwenstudies, Myriam Everard:<\/p>\n<blockquote class=\"twitter-tweet\">\n<p dir=\"ltr\" lang=\"nl\">Zie vooral ook wat Wilhelmina Drucker (zelf katholiek opgevoed) in haar radicaal-feministische tijdschrift &#8220;Evolutie&#8221; over Delphine Cuypers-Povel schrijft: <a href=\"https:\/\/t.co\/mygWq4cguk\">https:\/\/t.co\/mygWq4cguk<\/a> Cuypers-Povel kon zich inzake <a href=\"https:\/\/twitter.com\/hashtag\/vrouwenkiesrecht?src=hash&amp;ref_src=twsrc%5Etfw\">#vrouwenkiesrecht<\/a> in katholieke kring uitstekend weren! <a href=\"https:\/\/twitter.com\/Bern4dette?ref_src=twsrc%5Etfw\">@Bern4dette<\/a> <a href=\"https:\/\/t.co\/bKBhKCg6Or\">https:\/\/t.co\/bKBhKCg6Or<\/a><\/p>\n<p>\u2014 Myriam Everard (@MyriamEverard) <a href=\"https:\/\/twitter.com\/MyriamEverard\/status\/1178272010583056384?ref_src=twsrc%5Etfw\">September 29, 2019<\/a><\/p><\/blockquote>\n<p><script async=\"\" src=\"https:\/\/platform.twitter.com\/widgets.js\" charset=\"utf-8\"><\/script><\/p>\n<p>Als je het <a href=\"https:\/\/drive.google.com\/file\/d\/1RsNIkIFSgeYQhfdw4IJdf-HTqXI7kAje\/view?usp=sharing\">artikel<\/a> leest blijkt duidelijk dat Delphine in 1922 niet alleen in besloten kring, maar ook in de openbaarheid politieke uitspraken deed over het vrouwenkiesrecht en vrouwelijke vertegenwoordigers in het parlement!&nbsp;<\/p>\n<p>Voor deze notitie over Delphine en de R.K. Vrouwenbond is een aparte verkorte link aangemaakt:&nbsp;http:\/\/bit.ly\/2kXgjlM-JCC<\/p>\n<p>Je kunt dit item als artikel citeren:&nbsp;Hubar, Bernadette van Hellenberg. \u2018GAR JCC v.n. 200: Bijdragen van Delphine Cuypers-Povel aan de R.K. Vrouwenbond, 1925-1930\u2019. Onder redactie van Marij Coenen. <em>VanHellenbergHubar.org<\/em>, 2019. http:\/\/bit.ly\/2kXgjlM-JCC.<\/p>\n<p><em>Wordt vervolgd!<\/em><\/p>\n<p><span style=\"color: #800000;\">__________________<\/span><\/p>\n<div id=\"attachment_15713\" style=\"width: 650px\" class=\"wp-caption alignnone\"><a href=\"https:\/\/i0.wp.com\/www.vanhellenberghubar.org\/wp-content\/uploads\/2019\/09\/Bidprentje-Joseph-Cuypers-met-tekst-deken-van-Meerssen.jpg?ssl=1\"><img data-recalc-dims=\"1\" loading=\"lazy\" decoding=\"async\" aria-describedby=\"caption-attachment-15713\" data-attachment-id=\"15713\" data-permalink=\"https:\/\/www.vanhellenberghubar.org\/index.php\/archief\/webitems\/prikbord\/bidprentje-joseph-cuypers-met-tekst-deken-van-meerssen-2\/#main\" data-orig-file=\"https:\/\/i0.wp.com\/www.vanhellenberghubar.org\/wp-content\/uploads\/2019\/09\/Bidprentje-Joseph-Cuypers-met-tekst-deken-van-Meerssen.jpg?fit=1400%2C1038&amp;ssl=1\" data-orig-size=\"1400,1038\" data-comments-opened=\"0\" data-image-meta=\"{&quot;aperture&quot;:&quot;0&quot;,&quot;credit&quot;:&quot;&quot;,&quot;camera&quot;:&quot;&quot;,&quot;caption&quot;:&quot;&quot;,&quot;created_timestamp&quot;:&quot;0&quot;,&quot;copyright&quot;:&quot;&quot;,&quot;focal_length&quot;:&quot;0&quot;,&quot;iso&quot;:&quot;0&quot;,&quot;shutter_speed&quot;:&quot;0&quot;,&quot;title&quot;:&quot;&quot;,&quot;orientation&quot;:&quot;1&quot;}\" data-image-title=\"Bidprentje Joseph Cuypers met tekst deken van Meerssen\" data-image-description=\"&lt;p&gt;JCC&lt;\/p&gt;\n\" data-image-caption=\"&lt;p&gt;Bidprentje Joseph Cuypers met tekst deken van Meerssen&lt;\/p&gt;\n\" data-medium-file=\"https:\/\/i0.wp.com\/www.vanhellenberghubar.org\/wp-content\/uploads\/2019\/09\/Bidprentje-Joseph-Cuypers-met-tekst-deken-van-Meerssen.jpg?fit=800%2C593&amp;ssl=1\" data-large-file=\"https:\/\/i0.wp.com\/www.vanhellenberghubar.org\/wp-content\/uploads\/2019\/09\/Bidprentje-Joseph-Cuypers-met-tekst-deken-van-Meerssen.jpg?fit=640%2C474&amp;ssl=1\" class=\"size-large wp-image-15713\" src=\"https:\/\/i0.wp.com\/www.vanhellenberghubar.org\/wp-content\/uploads\/2019\/09\/Bidprentje-Joseph-Cuypers-met-tekst-deken-van-Meerssen.jpg?resize=640%2C474&#038;ssl=1\" alt=\"Bidprentje Joseph Cuypers met tekst deken van Meerssen\" width=\"640\" height=\"474\" srcset=\"https:\/\/i0.wp.com\/www.vanhellenberghubar.org\/wp-content\/uploads\/2019\/09\/Bidprentje-Joseph-Cuypers-met-tekst-deken-van-Meerssen.jpg?resize=1024%2C759&amp;ssl=1 1024w, https:\/\/i0.wp.com\/www.vanhellenberghubar.org\/wp-content\/uploads\/2019\/09\/Bidprentje-Joseph-Cuypers-met-tekst-deken-van-Meerssen.jpg?resize=300%2C222&amp;ssl=1 300w, https:\/\/i0.wp.com\/www.vanhellenberghubar.org\/wp-content\/uploads\/2019\/09\/Bidprentje-Joseph-Cuypers-met-tekst-deken-van-Meerssen.jpg?resize=800%2C593&amp;ssl=1 800w, https:\/\/i0.wp.com\/www.vanhellenberghubar.org\/wp-content\/uploads\/2019\/09\/Bidprentje-Joseph-Cuypers-met-tekst-deken-van-Meerssen.jpg?resize=768%2C569&amp;ssl=1 768w, https:\/\/i0.wp.com\/www.vanhellenberghubar.org\/wp-content\/uploads\/2019\/09\/Bidprentje-Joseph-Cuypers-met-tekst-deken-van-Meerssen.jpg?w=1400&amp;ssl=1 1400w, https:\/\/i0.wp.com\/www.vanhellenberghubar.org\/wp-content\/uploads\/2019\/09\/Bidprentje-Joseph-Cuypers-met-tekst-deken-van-Meerssen.jpg?w=1280&amp;ssl=1 1280w\" sizes=\"auto, (max-width: 640px) 100vw, 640px\" \/><\/a><p id=\"caption-attachment-15713\" class=\"wp-caption-text\"><em>Bidprentje Joseph Cuypers met de tekst van deken H. Steegmans van Meerssen en een foto van Mathieu Koch uit Roermond.<a href=\"#14\">14<\/a><\/em><\/p><\/div>\n<h5><span class=\"ez-toc-section\" id=\"GAR_JCC_vn_179_Condoleances_naar_aanleiding_van_het_overlijden_van_Joseph_Cuypers_20_januari_1949_met_algemeen_bedankbriefje_van_Pierre_JJM_Cuypers_1949\"><\/span>GAR JCC v.n. 179: Condoleances naar aanleiding van het overlijden van Joseph Cuypers, 20 januari 1949, met algemeen bedankbriefje van Pierre J.J.M. Cuypers, 1949<span class=\"ez-toc-section-end\"><\/span><\/h5>\n<p><em><span style=\"color: #800000;\">Notabene \u2014<\/span>&nbsp;<\/em>De condoleances zijn onder meer gericht tot Delphine die een paar maanden eerder, 17 oktober 1948, was overleden. Onder de afzenders zitten beroemde, bekende en minder bekende namen die met elkaar een indrukwekkend beeld geven van de uitgebreide vriendenkring en het netwerk van Joseph Cuypers, om de familie niet te vergeten. De lijst is zo groot dat deze apart opgenomen dat daar nog een keer apart aandacht aan besteed moet worden. Voor de condoleances bij gelegenheid van het overlijden van Delphine zie v.n. 197.&nbsp;<\/p>\n<p><span style=\"color: #800000;\"><em>Noot B&amp;M<\/em><\/span> | Aanvankelijk bevond zich in de JCC een relatief klein bestand aan condoleances. Dat kon aanmerkelijk uitgebreid worden dankzij de nagekomen doos met stukken van Pierre M. Cuypers. Hierin bevond zich onder meer een pak met condoleances met het overlijden van Joseph Cuypers. Uit een begeleidend briefje van Pierre J.J.M. Cuypers blijkt dat hij deze heeft overgedragen aan Charles. Omdat Pierre J.J.M. namens de familie het aanspreekpunt is in het eerste segment hebben we ze samengevoegd. Het is namelijk mogelijk, dat er een afsplitsing heeft plaatsgevonden tijdens de verschillende verhuizingen. Het gezamenlijke nummer is echter onder de rubriek van Charles Cuypers gerangschikt. Aan de ene kant volgen we hiermee het herkomstbeginsel uit de archivistiek, anderzijds doen we recht aan de benoeming van Charles tot archivaris van de familie door Joseph Cuypers. Broer Pierre speelt hier op in in zijn aanbiedingsbrief. In het E-boek komen we hierop terug, ook omdat Charles &#8211; kennelijk in het verlengde hiervan &#8211; benoemd is tot executeur testamentair!<a href=\"#executeur\">17<\/a><\/p>\n<p><em>Wordt vervolgd!<\/em><\/p>\n<p><span style=\"color: #800000;\">__________________<\/span><\/p>\n<h5><span class=\"ez-toc-section\" id=\"GAR_JCC_vn_173_Correspondentie_van_en_aan_Joseph_Cuypers_tijdens_zijn_zaken-_en_familiereis_in_1884_in_Duitsland_en_grand_tour_studie-_en_zakenreis_in_1885_door_Denemarken_Duitsland_Frankrijk_Italie_Oostenrijk-Hongarije_Luxemburg_en_Zwitserland_1884-1885\"><\/span>GAR JCC v.n. 173: Correspondentie van en aan Joseph Cuypers tijdens zijn zaken- en familiereis in 1884 in Duitsland en grand tour (studie- en zakenreis) in 1885 door Denemarken, Duitsland, Frankrijk, Itali\u00eb, Oostenrijk-Hongarije, Luxemburg en Zwitserland, 1884-1885<span class=\"ez-toc-section-end\"><\/span><\/h5>\n<p><em><span style=\"color: #800000;\">Notabene \u2014<\/span><\/em>Zie voor deze grand tour ook de \u2013 gereconstrueerde &#8211; schetsboeken en losse tekeningen van die laatste reis: v.n. 17, v.n. 31, v.n. 41, v.n. 42, v.n. 43, v.n. 47, v.n. 58, v.n. 59, v.n. 60, v.n. 61, v.n. 62, v.n. 67. De brieven zijn bij elkaar gehouden in een (hergebruikte) omslag, afkomstig van een van de schetsboekjes (oude ordening). Waarschijnlijk heeft hij ze teruggekregen van zijn moeder. Onderweg hield Joseph Cuypers ook reisverslagen voor zijn ouders en dagboeken voor zijn werk bij, maar deze ontbreken in de collectie. Twee ervan, met betrekking tot Duitsland, liggen opgesteld in de Joseph Cuyperszaal van het Cuypershuis.<\/p>\n<p>Joseph Cuypers reisde voor een deel samen met zijn studievriend, de Haagse architect G. Brouwer junior, die met beide architecten Cuypers tot ten minste 1897 contact hield (zie JCC-boek, bronnenlijst: \u2018Amsterdam, 17 Mei. Het feest van Dr Cuypers\u2019, De Tijd (18\/5\/1897).<\/p>\n<p>Enkele &#8217;tegenbrieven&#8217; van zijn moeder Nenny Cuypers-Alberdingk Thijm zitten in v.n. 225. Zie voorts JCC-boek, bronnenlijst: Van Leeuwen, Pierre Cuypers, architect (2007), p. 288. Voor het fenomeen van het teruggeven van elkaars brieven zie JCC-boek, met name ~paragraaf 3.5.1 en ~paragraaf 3.5.2.<\/p>\n<p><span style=\"color: #800000;\">__________________<\/span><\/p>\n<h5><span class=\"ez-toc-section\" id=\"GAR_JCC_vn_172_Stukken_met_betrekking_tot_de_breuk_met_Frans_Stoltzenberg_junior_1892\"><\/span>GAR JCC v.n. 172: Stukken met betrekking tot de breuk met Frans Stoltzenberg junior, 1892<span class=\"ez-toc-section-end\"><\/span><\/h5>\n<p><em><span style=\"color: #800000;\">Notabene \u2014&nbsp;<\/span><\/em>Frans Stoltzenberg junior, zoon en opvolger van Fran\u00e7ois Stoltzenberg met wie P.J.H. Cuypers in 1852 het atelier Cuypers &amp; Stoltzenberg heeft opgericht, licht Cuypers senior op door een eigen bedrijf te beginnen en uiteindelijk met geld van de firma naar Amerika te gaan. Dit betekende het einde van de firma Cuypers &amp; Stoltzenberg en het begin van de Kunstwerkplaatsen Cuypers &amp; Co. Dit nummer bevat voornamelijk correspondentie hierover tussen Pierre J.H. Cuypers, Delphine Cuypers-Povel en Joseph Cuypers, die de laatste apart heeft gehouden. Het gaat dus om oude ordening. Zie het #E-boek: Hubar, <em>Rien de pareil<\/em>, deel 1; Schiphorst, <em>Een toevloed van werk<\/em>, p. 85. Van Leeuwen, <em>Pierre Cuypers, architect<\/em>, pp. 34-36.<\/p>\n<p><span style=\"color: #800000;\"><em>Noot B&amp;M<\/em><\/span> |&nbsp;Het hoofdstuk in <a href=\"https:\/\/www.vanhellenberghubar.org\/index.php\/bibliodoc\/cuyperiana\/\"><em>Rien de pareil<\/em><\/a> kreeg de veelzeggende subtitel&nbsp;<em>Buddenbrooks revisited.&nbsp;<\/em>Zeer de moeite waard om te lezen, omdat ook de rol van Joseph Cuypers hierin duidelijk wordt. Vaststaat dat Cuypers senior een buitengewoon eigenwijs iemand was die zowel de raadgevingen van zijn vrouw, zijn zwager als zijn zoon passeerde, met een vertrouwenscrisis en financi\u00eble rampspoed als gevolg. Dit verhaal van vaders en zonen, van vertrouwen en bedrog, stond centraal in de <a href=\"https:\/\/www.hansvanbergen.nl\/\">Cuypersmusical<\/a> van Hans van Bergen (tekst) &amp; Hub Boesten (muziek) die in 2007 in Roermond werd uitgevoerd bij gelegenheid van het Cuypersjaar.<\/p>\n<p><iframe loading=\"lazy\" style=\"border: none; overflow: hidden;\" src=\"https:\/\/www.facebook.com\/plugins\/post.php?href=https%3A%2F%2Fwww.facebook.com%2Fmarike.vanroon.5%2Fposts%2F1258613020987186&amp;width=500\" width=\"500\" height=\"784\" frameborder=\"0\" scrolling=\"no\"><\/iframe><br \/>\n<em>In bovenstaand item worden zoon Frans en vader Fran\u00e7ois door elkaar gehaald, maar verder is het een geweldige aanvulling op het verhaal over de familie Stoltzenberg!<\/em><\/p>\n<p><span style=\"color: #800000;\">__________________<\/span><\/p>\n<h5><span class=\"ez-toc-section\" id=\"GAR_JCC_vn_164_Correspondentie_van_en_tussen_Emmy_Cuypers-Kneepkens_en_Charles_Cuypers_1945-1949\"><\/span><span id=\"164\" class=\"sta-anchor \" aria-hidden=\"true\"><\/span>GAR JCC v.n. 164: Correspondentie van (en tussen) Emmy Cuypers-Kneepkens en Charles Cuypers, 1945-1949<span class=\"ez-toc-section-end\"><\/span><\/h5>\n<p><em><span style=\"color: #800000;\">Notabene \u2014<\/span>&nbsp;<\/em>Betreft onder meer de brieven van Joseph Cuypers en Delphine Cuypers-Povel aan hun schoondochter. Net zoals bij Joseph en Delphine is de correspondentie tussen Charles en Emmy voor een deel gescheiden opgeslagen, hier vooral vanwege de omstandigheid dat zij in de naoorlogse jaren voor een groot deel noodgedwongen apart leefden. Behelst onder meer een brief van Joseph (1945) waarin hij Charles tot <em>\u2018archivaris van onze stam\u2019<\/em> benoemt. Er blijkt veel contact met zoon Michael te zijn die vanuit de USA postpakketten stuurt. Delphine\u2019s zus Bernadette Veltman-Povel die eerder al in Meerssen ging wonen, was kwartiermaker voor hun verhuizing. Verder zat ook zus Jeanne in de buurt, en wel in het klooster Sacre Coeur bij Vaals (brief aan Charles Cuypers d.d. 26 februari 1948, v.n. 96). Ten slotte verbleef&nbsp;<span style=\"font-weight: 400;\">jongste dochter Yvonne in <\/span><span style=\"font-weight: 400;\">Mari\u00ebnwaard<\/span><span style=\"font-weight: 400;\"> in Maastricht (GAR, JCC, v.n. 96, brief van Delphine aan Charles, circa 7-11 augustus 1948)<\/span>. Joseph werkt in deze tijd ondanks zijn slechtziendheid aan de restauratie\/herbouw van het \u2018Kloosterpension\u2019 van <span style=\"font-weight: 400;\">de Zusters van de Heilige Harten<\/span> in Tweebruggen (Meerssen), waarvoor hij in augustus 1945 start met het voorbereiden van restauratie- en uitbreidingsplannen.<a href=\"#3\">3<\/a> Zie aanvullend de correspondentie in v.n. 96.<\/p>\n<p><span style=\"color: #800000;\"><em><span id=\"veltman\" class=\"sta-anchor \" aria-hidden=\"true\"><\/span>Noot B&amp;M<\/em><\/span> |&nbsp;Wie is Antoinette die voor Joseph en Delphine zorgt in Meerssen, waar ze 28 maart 1945 naar toe verhuizen. De zuster van Delphine, Bernadette Veltman-Povel, heeft gezorgd dat het echtpaar daar terecht kon.<a href=\"#verwijzing\">1<\/a> In de brief van Joseph aan Charles van 7 november 1948 blijkt het om Antoinette Smeets te gaan. Waarschijnlijk de gezelschapsdame van Bernadette na het overlijden van haar man Karel in 1940. Bernadette zelf overlijdt in Meerssen in 1957 en overleeft haar zuster bijna negen jaar.<a href=\"#2\">2<\/a> <span style=\"font-weight: 400;\">Een bijzonderheid of niet, b<\/span>rieven werden in die tijd een paar keer achter elkaar gelezen, zoals Delphine schrijft aan Emmy, zelfs bij de afstand Meerssen-Roermond. Emmy doet na de dood van Joseph in haar brief een boekje open over Marguerite en Pierre die volgens haar liever hebben dat Charles niet terugkomt uit Argentini\u00eb (GAR, JCC, 22 januari 1949, v.n. 96).<\/p>\n<p>Uit de briefwisseling tussen Joseph en Michel blijkt dat zijn ouders in december 1940 al van plan waren om naar een &#8216;klein pension&#8217; te zoeken, waardoor Delphine ontlast zou worden van de steeds meer drukkende huishoudelijke taken. Dat had ook te maken met de inmiddels te hoge kosten van de bewoning van Roerzicht in relatie tot de geslonken middelen van bestaan (GAR, JCC, v.n. 184).<\/p>\n<p>Dit item is wat betreft het kloosterpension bijgewerkt op 16 feb 2014.<\/p>\n<p><em>Wordt vervolgd!<\/em><\/p>\n<p><span style=\"color: #800000;\">__________________<\/span><\/p>\n<h5><span class=\"ez-toc-section\" id=\"GAR_JCC_vn_148_Stukken_met_betrekking_tot_de_cursus_natuursteen_en_andere_bouwmaterialen_voor_de_%E2%80%98Vereeniging_voor_voortgezet_en_hooger_bouwkunstonderricht_1916-1919\"><\/span>GAR JCC v.n. 148: Stukken met betrekking tot de cursus natuursteen en andere bouwmaterialen voor de &#8216;Vereeniging voor voortgezet en hooger bouwkunstonderricht&#8217; (1916-1919)<span class=\"ez-toc-section-end\"><\/span><\/h5>\n<p><em><span style=\"color: #800000;\">Notabene \u2014 <\/span><\/em>Oude ordening. Behelst met name formulieren en andere stukken met betrekking tot de cursus \u2018Natuursteen\u2019 in het handschrift van en ondertekend of geparafeerd door Joseph Cuypers. Op de achterkant van de formulieren bevindt zich de presentielijst van de cursisten.<\/p>\n<p>Blijkens een circulaire van augustus 1918 bestond de Raad van Toezicht van deze organisatie uit architect H.P. Berlage, A. Pit (directeur van het Nederlands Museum voor Geschiedenis en Kunst in het Rijksmuseum) en jonkheer J. Six, docent aan de Rijksacademie te Amsterdam (en tevens vader van zwager Jan Six van Pierre J.J.M. Cuypers). De cursus werd gehouden in de \u2018Kunst-Nijverheid-Teekenschool Quellinus\u2019 te Amsterdam, de school die uit de bouwloods van het Rijksmuseum was voortgekomen en na enige fusies opging in de Rietveld Academie. Joseph Cuypers volgde zijn vader hier in 1890 op als docent. In 1898 stelde hij voor om bouwkunst toe te voegen aan de Rijksacademie.<\/p>\n<p><span style=\"font-weight: 400;\">De &#8216;Cursus Voortgezet en Hooger Bouwkunst Onderricht&#8217; (HBO) ging in 1908 in Amsterdam van start op initiatief van Architectura et Amicitia, van welk genootschap Joseph Cuypers actief lid was. Met collega&#8217;s en geestverwanten als H.P. Berlage, Willem Kromhout, Jan Kalf en de latere directeur van de Rijksacademie, Antoon Derkinderen, bleef hij ernaar streven om dit onderwijs onder te brengen bij de Rijksacademie. Toen dit niet lukte werd in circa 1912 de &#8216;Vereeniging voor voortgezet en hooger bouwkunstonderricht&#8217; opgericht, de basis van de huidige Academie voor Bouwkunst in Amsterdam.<\/span><\/p>\n<p>Pierre J.J.M. Cuypers volgde zowel de Quellinusschool als de HBO. Zijn bureau was in 1935-1936 het vestigingsadres van de cursus.<\/p>\n<p>Zie JCC-boek, bronnenlijst: Hubar, De genade van de steiger, pp. 25-28, 483 H2 noot 1; Van Leeuwen, Pierre Cuypers, architect (2007), pp. 40, 54, 294, 295, 296, 299; voorts Academie van Bouwkunst, &#8216;Geschiedenis&#8217;. Zie rubrieknotabene 2.1.4.1. Pierre J.J.M. Cuypers en JCC-boek, \u2018Wie is wie in de JCC\u2019.<\/p>\n<p><span style=\"color: #800000;\"><em>Noot B&amp;M[<a href=\"#cursus\">18<\/a>]<\/em><\/span> | De positie van deze cursus in het kader van de architectenopleiding in de eerste helft van de vorige eeuw vraagt dringend om meer onderzoek. Hoe verhield de scholing zich in verhouding tot die van de TH Delft? Dat mensen die deze cursus met goed gevolg hadden afgelegd als volwaardige professionals telden, blijkt onder meer uit het lidmaatschap van de BNA van Pierre J.J.M. Cuypers (GAR JCC, v.n. 157).<\/p>\n<p><span style=\"color: #800000;\">__________________<\/span><\/p>\n<h5><span class=\"ez-toc-section\" id=\"GAR_JCC_vn_118_Inleiding_tot_de_eisen_waaraan_een_kunstwerk_moet_voldoen_door_Pierre_JH_Cuypers_1882-1895\"><\/span>GAR JCC v.n. 118: Inleiding tot de eisen waaraan een kunstwerk moet voldoen, door Pierre J.H. Cuypers (1882-1895)<span class=\"ez-toc-section-end\"><\/span><\/h5>\n<p><em><span style=\"color: #800000;\">Notabene \u2014<\/span>&nbsp;<\/em>Handschrift Pierre J.H. Cuypers, oorspronkelijk in pen, met later aantekeningen in potlood. Waarschijnlijk gebruikt voor lessen aan de Quellinusschool en\/of de Rijksschool voor Kunstnijverheid in het Rijksmuseum te Amsterdam. Thema\u2019s: \u2018aesthetica\u2019, ontwerpen op systeem (geometrie, patronen), \u2018symmetrie\u2019 en \u2018ponderation\u2019, \u2018denkbeeld\u2019 en \u2018wezen\u2019, \u2018Karakter en stijl\u2019, \u2018Symboliek\u2019, \u2018Het meetkundig geometrische element\u2019, \u2018Stijl\u2019, \u2018Symbool\u2019, \u2018(Ornament) De Versiering\u2019, \u2018De Kleuren\u2019. #PM Einddatum bepaald door afscheid Rijksmuseumscholen in 1895 (?) Zie uitnodiging uitreiking oorkonde 1895 in GAR JCC v.n. 93.<\/p>\n<p><span style=\"color: #800000;\"><em>Noot B&amp;M<\/em><\/span> |&nbsp;Pierre J.H. Cuypers werd in 1881 benoemd tot docent aan de Rijksnormaalschool voor Teekenonderwijzers en de Rijksschool voor Kunstnijverheid die na 1885 (?) gevestigd waren op de zolder van het Rijksmuseum. Datum ontleend aan:&nbsp;Cuypers, (toeschrijving), Joseph. \u201cPetrus Josephus Hubertus Cuypers\u201d. <em>Architectura, Orgaan van het Genootschap Architectura et Amicitia<\/em> 5 (1897): 1\u20134. <a href=\"http:\/\/bit.ly\/Architectura-Tresor\">http:\/\/bit.ly\/Architectura-Tresor<\/a>.<\/p>\n<p><span style=\"color: #800000;\">__________________<\/span><\/p>\n<h5><span class=\"ez-toc-section\" id=\"GAR_JCC_vn_117_Stukken_met_betrekking_tot_het_rapport_over_de_OL_Vrouwe_Hemelvaart_te_Heemstede_ten_behoeve_van_de_liturgische_commissie_van_het_bisdom_Haarlem_1925\"><\/span>GAR JCC v.n.&nbsp;117:&nbsp;Stukken met betrekking tot het rapport over de O.L. Vrouwe Hemelvaart te Heemstede ten behoeve van de liturgische commissie van het bisdom Haarlem, 1925<span class=\"ez-toc-section-end\"><\/span><\/h5>\n<p><em><span style=\"color: #800000;\">Notabene \u2014<\/span>&nbsp;<\/em>Deze kerk werd ontworpen door Joseph Cuypers en Pierre J.J.M. Cuypers en in gebruik genomen in 1926 (bron: parochiesite). Typologisch vormt het gebouw een hybride tussen de klassieke kruiskerk en de koepelkerk (centraalbouw) met als doel de liturgische betrokkenheid van de kerkganger te vergroten (volkskerk, Liturgische&nbsp;Beweging).<\/p>\n<p><span style=\"color: #800000;\"><em>Noot B&amp;M<\/em><\/span> |&nbsp;De <a href=\"http:\/\/www.parochiesklaverblad.nl\/olv-hemelvaart-heemstede\/algemeen\/kerkgebouw\">parochiesite<\/a> verwijst naar&nbsp;W. de Groot-Boot, M. Bakker, M. Wagemaker, <em>Onze Lieve Vrouw Hemelvaart, 75 jaar parochieleven aan het Valkenburgerplein<\/em>, Uitgeverij De Vrieseborgh, Haarlem 2002.<br \/>\nHet lemma op <a href=\"http:\/\/reliwiki.nl\/index.php\/Heemstede,_Valkenburgerplein_20_-_O.L._Vrouw_Hemelvaart\">Reliwiki<\/a> is te globaal om te gebruiken als verwijzing. Daaraan is wel ontleend dat in 2018 besloten is de kerk op termijn buiten gebruik te stellen.<\/p>\n<p>Onlangs zijn twee artikelen verschenen over deze kerk van Gert M. van Kleef en Gerrit Vermeer, van welke eerste in 2024 een monografie over Joseph Cuypers verschijnt in het kader van Joseph Cuypers Jaar 2024.<\/p>\n<p>Voor het liturgische concept van de volkskerk en de daaruit voortgekomen Christocentrische kerk zie Rackham en Hubar, <em>De Sacramentskerk te Tilburg<\/em> (2005), pp. 34-46. Voorts Rackham m.m.v. Hubar, <em>De Steentjeskerk te Eindhoven<\/em> (2019).<\/p>\n<p><span style=\"color: #800000;\">__________________<\/span><\/p>\n<h5><span class=\"ez-toc-section\" id=\"GAR_JCC_vn_113_Stukken_met_betrekking_tot_de_oprichting_van_de_Bond_van_Nederlandsche_Bouwkundige_Vereenigingen_en_de_Bond_van_Nederlandsche_Architecten_met_een_overzicht_van_steun_betuigende_architecten_en_van_de_RK_Architecten_Vakvereeniging_1898-1933\"><\/span>GAR JCC v.n.&nbsp;113:&nbsp;Stukken met betrekking tot de oprichting van de Bond van Nederlandsche Bouwkundige Vereenigingen en de Bond van Nederlandsche Architecten, met een overzicht van steun betuigende architecten; en van de R.K. Architecten Vakvereeniging, 1898-1933<span class=\"ez-toc-section-end\"><\/span><\/h5>\n<p><em><span style=\"font-weight: 400;\"><span style=\"color: #800000;\">Notabene \u2014<\/span>&nbsp;<\/span><\/em><span style=\"font-weight: 400;\">Centrale spelers hierin zijn De Maatschappij ter Bevordering van de Bouwkunst en Architectura et Amicitia. Uiteindelijk leidden deze ontwikkeling tot het ontstaan aan de B.N.A. Bij de ondertekenaars van de oproep tot een Bond van Nederlandsche Bouwkundige Vereenigingen zitten onder meer J.H. Leliman, Eug. Gugel, Henri Evers, W. Kromhout, C.B. Posthumus Meyes (doorgestreept), F.J. Nieuwenhuijs, K.P.C. de Bazel, J.W. Boerbooms, C.A. Huijgen, J.L.M. Lauweriks, J. van Gils, D.A.N. Margadant, L.M. Moolenaar, Nic. Moolenaar, C.W. Nijhoff, W. te Riele, J.A.G. van der Steur, Jac. van Straaten, Joseph Cuypers, W.C. Deenik junior (toegevoegd in handschrift JC) (zie artikel David Mulder Cuypersbulletin), J.G. van Gendt (toegevoegd in handschrift JC), D.J. Nijland (toegevoegd in handschrift JC). De R.K. Architecten Vakvereeniging lijkt een initiatief van Joseph Cuypers en Pierre J.J.M. Cuypers (tweespalt standsorganisatie en vakorganisatie).<\/span><\/p>\n<p><span style=\"color: #800000;\"><em>Noot B&amp;M<\/em><\/span> |&nbsp;Lijst nog completeren met namen, functies en de relatie tot Joseph Cuypers.<\/p>\n<p><span style=\"color: #800000;\">__________________<\/span><\/p>\n<h5 class=\"p1\"><span class=\"ez-toc-section\" id=\"GAR_JCC_vn_109_Stukken_met_betrekking_tot_modernisering_van_het_Bernulphusgilde\"><\/span>GAR JCC v.n. 109:<span class=\"Apple-converted-space\">&nbsp;Stukken met betrekking tot modernisering van het Bernulphusgilde<br \/>\n<\/span><span class=\"ez-toc-section-end\"><\/span><\/h5>\n<p class=\"p1\"><em><span style=\"color: #800000;\">Notabene \u2014<\/span>&nbsp;<\/em>Met onder meer statutenwijziging 1896 (reacties van Jan Brom, Hendriks van der Geld, Nics Molenaar, M. Maarschalkerweerd, Hermans Smits Eindhoven). Violier; K.S.A. Het Bernulphusgilde (1869) had als doel om de clerus te sensibiliseren voor historische en eigentijdse kerkelijke kunst en architectuur. De oprichter, monseigneur G.W. van Heukelum, deed dat door middel van bijeenkomsten met lezingen, excursies en de uitgave van een eigen tijdschrift, Het Gildeboek. Aanvankelijk was het lidmaatschap beperkt voor de clerus. Vanaf medio jaren 1880 werd de vereniging opengesteld voor leken. Joseph Cuypers en zijn vriend Antoon Derkinderen werden in 1888 lid.<\/p>\n<p><span style=\"color: #800000;\"><em>Noot B&amp;M<\/em><\/span> |&nbsp;Herkomst: <a href=\"https:\/\/nl.wikipedia.org\/wiki\/St._Bernulphusgilde\">Wikipedia<\/a>. Hubar, <em>De nieuwe Bavo<\/em>, pp. 54, 56.<\/p>\n<p>Nog uitzoeken: K.S.A.<\/p>\n<p><span style=\"color: #800000;\">__________________<\/span><\/p>\n<h5><span class=\"ez-toc-section\" id=\"GAR_JCC_vn_1_Schetsboek_Belgie_Nederland_Engeland_Duitsland_Belgie_Montjoie_Weismes_Vise_Haute_Nederland_Haarzuylens_Zutphen_Denekamp_Wolter_te_Riele_Vondelstraat_Amsterdam_Beverwijk_1914-1915_Meerssen_Tweebruggen_1945_Engeland_WF_Dixon_Londen_Duitsland_Munchen_1914-1945\"><\/span>GAR JCC v.n. 1: Schetsboek Belgi\u00eb, Nederland, Engeland, Duitsland. Belgi\u00eb: Montjoie, Weismes, Vis\u00e9 Haute. Nederland: Haarzuylens, Zutphen, Denekamp (Wolter te Riele), Vondelstraat Amsterdam, Beverwijk (1914-1915), Meerssen Tweebruggen (1945). Engeland: W.F. Dixon Londen. Duitsland: M\u00fcnchen, 1914-1945<span class=\"ez-toc-section-end\"><\/span><\/h5>\n<p><em><span style=\"color: #800000;\">Notabene \u2014 <\/span><\/em>Schutblad: \u2018Jos Cuypers. BNA. C.B.Ing. Vondelstraat 77 Amsterdam APRIL &#8211; 1914 \/ Joh. Van Oostveen (?)\u2019.<\/p>\n<p>Speciale aandacht verdient de vermelding van W.F. Dixon (1847-1929), ontwerper van de glazen van de Voorhal van het Rijksmuseum. Dixon werkte vanaf 1894 voor de firma in kerkelijke kunst, Mayer &amp; Co in M\u00fcnchen, hoewel dit bedrijf ook een vestiging in Londen had. In juni 1914, de maand dat het startschot werd gegeven voor de Eerste Wereldoorlog met de moord op de kroonprins van Oostenrijk-Hongarije, Frans Ferdinand, in Sarajevo, waren Joseph Cuypers en Delphine Cuypers-Povel in Engeland onder meer om dochter Marguerite Cuypers te bezoeken (v.n. 175). Of Dixon toen toevallig ook in Londen was, is onduidelijk. Hij zal zich na de oorlogsverklaring van Engeland aan Duitsland op 4 augustus 1914 &#8211; na de inval in Belgi\u00eb &#8211; niet langer welkom gevoeld hebben in M\u00fcnchen en teruggekeerd zijn naar Engeland. In principe kan Joseph Cuypers Dixon zowel in M\u00fcnchen als Londen bezocht hebben.<\/p>\n<p>Joseph bezocht Dixon eerder in 1882, toen hij met Mia Cuypers in Londen was. Hij laat zich dan overhalen om Dixon mee naar Amsterdam te nemen, waar zijn moeder niet blij was met deze extra gast (v.n. 225, 16 juli 1882).<\/p>\n<p>Door papierschaarste tijdens de Tweede Wereldoorlog werd het schetsboekje hergebruikt, toen Joseph en Delphine verhuisd waren naar Tweebruggen (Meerssen) in 1945.<\/p>\n<p>Voor Dixon zie JCC-boek, bronnenlijst: Banerjee, \u2018W. F. Dixon&#8217; (2016); Van Leeuwen, Julia, \u2018The Stained-Glass Windows in the Entrance Hall of the Rijksmuseum (2022).<\/p>\n<div id=\"attachment_14758\" style=\"width: 610px\" class=\"wp-caption alignnone\"><a href=\"https:\/\/i0.wp.com\/www.vanhellenberghubar.org\/wp-content\/uploads\/2019\/06\/Ontbinding-NV-Kunstwerkplaatsen-P.J.H.-en-J.Th_.J.-Cuypers-1912.png?ssl=1\"><img data-recalc-dims=\"1\" loading=\"lazy\" decoding=\"async\" aria-describedby=\"caption-attachment-14758\" data-attachment-id=\"14758\" data-permalink=\"https:\/\/www.vanhellenberghubar.org\/index.php\/archief\/webitems\/prikbord\/ontbinding-nv-kunstwerkplaatsen-p-j-h-en-j-th-j-cuypers-1912\/#main\" data-orig-file=\"https:\/\/i0.wp.com\/www.vanhellenberghubar.org\/wp-content\/uploads\/2019\/06\/Ontbinding-NV-Kunstwerkplaatsen-P.J.H.-en-J.Th_.J.-Cuypers-1912.png?fit=814%2C675&amp;ssl=1\" data-orig-size=\"814,675\" data-comments-opened=\"0\" data-image-meta=\"{&quot;aperture&quot;:&quot;0&quot;,&quot;credit&quot;:&quot;&quot;,&quot;camera&quot;:&quot;&quot;,&quot;caption&quot;:&quot;&quot;,&quot;created_timestamp&quot;:&quot;0&quot;,&quot;copyright&quot;:&quot;&quot;,&quot;focal_length&quot;:&quot;0&quot;,&quot;iso&quot;:&quot;0&quot;,&quot;shutter_speed&quot;:&quot;0&quot;,&quot;title&quot;:&quot;&quot;,&quot;orientation&quot;:&quot;0&quot;}\" data-image-title=\"Ontbinding NV Kunstwerkplaatsen P.J.H. en J.Th.J. Cuypers 1912\" data-image-description=\"\" data-image-caption=\"\" data-medium-file=\"https:\/\/i0.wp.com\/www.vanhellenberghubar.org\/wp-content\/uploads\/2019\/06\/Ontbinding-NV-Kunstwerkplaatsen-P.J.H.-en-J.Th_.J.-Cuypers-1912.png?fit=800%2C663&amp;ssl=1\" data-large-file=\"https:\/\/i0.wp.com\/www.vanhellenberghubar.org\/wp-content\/uploads\/2019\/06\/Ontbinding-NV-Kunstwerkplaatsen-P.J.H.-en-J.Th_.J.-Cuypers-1912.png?fit=640%2C531&amp;ssl=1\" class=\"wp-image-14758\" title=\"Kennisgeving van de opheffing van de VOF Cuijpers &amp; Co te Roermond tussen P.J.H. Cuypers en J.Th.J. Cuypers op 1 februari 1912. Foto Marij Coenen 2018.\" src=\"https:\/\/i0.wp.com\/www.vanhellenberghubar.org\/wp-content\/uploads\/2019\/06\/Ontbinding-NV-Kunstwerkplaatsen-P.J.H.-en-J.Th_.J.-Cuypers-1912.png?resize=600%2C498&#038;ssl=1\" alt=\"Kennisgeving van de opheffing van de VOF Cuijpers &amp; Co te Roermond tussen P.J.H. Cuypers en J.Th.J. Cuypers op 1 februari 1912. Foto Marij Coenen 2018.\" width=\"600\" height=\"498\" srcset=\"https:\/\/i0.wp.com\/www.vanhellenberghubar.org\/wp-content\/uploads\/2019\/06\/Ontbinding-NV-Kunstwerkplaatsen-P.J.H.-en-J.Th_.J.-Cuypers-1912.png?w=814&amp;ssl=1 814w, https:\/\/i0.wp.com\/www.vanhellenberghubar.org\/wp-content\/uploads\/2019\/06\/Ontbinding-NV-Kunstwerkplaatsen-P.J.H.-en-J.Th_.J.-Cuypers-1912.png?resize=300%2C249&amp;ssl=1 300w, https:\/\/i0.wp.com\/www.vanhellenberghubar.org\/wp-content\/uploads\/2019\/06\/Ontbinding-NV-Kunstwerkplaatsen-P.J.H.-en-J.Th_.J.-Cuypers-1912.png?resize=800%2C663&amp;ssl=1 800w, https:\/\/i0.wp.com\/www.vanhellenberghubar.org\/wp-content\/uploads\/2019\/06\/Ontbinding-NV-Kunstwerkplaatsen-P.J.H.-en-J.Th_.J.-Cuypers-1912.png?resize=768%2C637&amp;ssl=1 768w\" sizes=\"auto, (max-width: 600px) 100vw, 600px\" \/><\/a><p id=\"caption-attachment-14758\" class=\"wp-caption-text\"><em>Kennisgeving van de opheffing van de VOF Cuijpers &amp; Co te Roermond tussen P.J.H. Cuypers en J.Th.J. Cuypers op 1 februari 1912. Joseph zet \u2018de zaken der vennootschap onder denzelfden firmanaam\u2019 voort. Een jaar later, 1913, komt er een nieuwe vennootschap van Joseph en zijn zoon Michael Cuypers die tot circa 1920 blijft bestaan.<a href=\"#4\">4<\/a> Foto Marij Coenen 2018.<\/em><\/p><\/div>\n<p><span id=\"doorgeven\" class=\"sta-anchor \" aria-hidden=\"true\"><\/span>Zoals we hierboven hebben aangegeven gaat het om een uitdijende selectie die als gevolg van voortschrijdend inzicht telkens aangepast wordt. Mocht je bezig zijn met onderzoek of de voorbereiding van een lezing of artikel en feedback willen geven of meer informatie willen hebben, dan kun je ons mailen via&nbsp;<a href=\"mailto:marij.coenen@gmail.com\">postvanhellenberghubar@gmail.com<\/a>.<\/p>\n<p>Naar dit item kan verwezen worden als: Hubar, Bernadette van Hellenberg, en Marij Coenen. \u201cPrikbord met stukken uit de JCC\u201d. <em>VanHellenbergHubar.org (blog)<\/em>, 2018-2019. bit.ly\/2BH5fP1-VanHH2Org.<\/p>\n<p>Wij delen graag, dus iedereen mag gebruik maken van de gegevens die hier staan, maar wel binnen de termen van de Creative Commons licentie.<a href=\"#licentie\">5<\/a><\/p>\n<p>Over delen gesproken, je kunt ons en andere onderzoekers helpen door deze pagina te delen via de knop <strong>delen<\/strong> <a href=\"#delen\">onderaan de pagina<\/a>.<\/p>\n<p>Wordt vervolgd!<\/p>\n<p>;-) B&amp;M<\/p>\n<p><a href=\"https:\/\/i0.wp.com\/www.vanhellenberghubar.org\/wp-content\/uploads\/2015\/09\/BVHH_logo_basis1-rapport-spiegel.png?ssl=1\"><img data-recalc-dims=\"1\" loading=\"lazy\" decoding=\"async\" data-attachment-id=\"6772\" data-permalink=\"https:\/\/www.vanhellenberghubar.org\/?attachment_id=6772#main\" data-orig-file=\"https:\/\/i0.wp.com\/www.vanhellenberghubar.org\/wp-content\/uploads\/2015\/09\/BVHH_logo_basis1-rapport-spiegel.png?fit=368%2C420&amp;ssl=1\" data-orig-size=\"368,420\" data-comments-opened=\"0\" data-image-meta=\"{&quot;aperture&quot;:&quot;0&quot;,&quot;credit&quot;:&quot;&quot;,&quot;camera&quot;:&quot;&quot;,&quot;caption&quot;:&quot;&quot;,&quot;created_timestamp&quot;:&quot;0&quot;,&quot;copyright&quot;:&quot;&quot;,&quot;focal_length&quot;:&quot;0&quot;,&quot;iso&quot;:&quot;0&quot;,&quot;shutter_speed&quot;:&quot;0&quot;,&quot;title&quot;:&quot;&quot;,&quot;orientation&quot;:&quot;0&quot;}\" data-image-title=\"BVHH_logo_basis1-rapport-spiegel\" data-image-description=\"\" data-image-caption=\"\" data-medium-file=\"https:\/\/i0.wp.com\/www.vanhellenberghubar.org\/wp-content\/uploads\/2015\/09\/BVHH_logo_basis1-rapport-spiegel.png?fit=368%2C420&amp;ssl=1\" data-large-file=\"https:\/\/i0.wp.com\/www.vanhellenberghubar.org\/wp-content\/uploads\/2015\/09\/BVHH_logo_basis1-rapport-spiegel.png?fit=368%2C420&amp;ssl=1\" class=\"alignnone wp-image-6772\" title=\"Vragen? Stuur een mailtje naar bernadette@vanhellenberghubar.org!\" src=\"https:\/\/i0.wp.com\/www.vanhellenberghubar.org\/wp-content\/uploads\/2015\/09\/BVHH_logo_basis1-rapport-spiegel.png?resize=71%2C81&#038;ssl=1\" alt=\"Vragen? Stuur een mailtje naar bernadette@vanhellenberghubar.org!\" width=\"71\" height=\"81\" srcset=\"https:\/\/i0.wp.com\/www.vanhellenberghubar.org\/wp-content\/uploads\/2015\/09\/BVHH_logo_basis1-rapport-spiegel.png?resize=263%2C300&amp;ssl=1 263w, https:\/\/i0.wp.com\/www.vanhellenberghubar.org\/wp-content\/uploads\/2015\/09\/BVHH_logo_basis1-rapport-spiegel.png?w=368&amp;ssl=1 368w\" sizes=\"auto, (max-width: 71px) 100vw, 71px\" \/><\/a><\/p>\n<hr \/>\n<h4><span class=\"ez-toc-section\" id=\"Bronnen_en_verdere_informatie\"><\/span>Bronnen en verdere informatie<span class=\"ez-toc-section-end\"><\/span><\/h4>\n<p>De verkorte titels in de tekst hierboven verwijzen naar de bibliografie van de <a href=\"https:\/\/www.vanhellenberghubar.org\/index.php\/projecten\/joseph-cuypers-collectie\/de-jcc-verhalen\/joseph-cuypers-collectie-bibliografie\/\">Joseph Cuypers Collectie<\/a> en\/of van de integrale <a href=\"https:\/\/www.vanhellenberghubar.org\/index.php\/toegang-op-de-site\/bibliografie\/\">website<\/a>.<\/p>\n<ol>\n<li><span id=\"1\" class=\"sta-anchor \" aria-hidden=\"true\"><\/span>GAR JCC v.n. 164 en 96. Precieze verwijzing verifi\u00ebren. Voor de datum van vertrek naar Meerssen zie GAR JCC v.n. 36.<\/li>\n<li><span id=\"2\" class=\"sta-anchor \" aria-hidden=\"true\"><\/span>Cuypers, Pierre M. \u201cCUYPERS &#8211; MyHeritage\u201d. MyHeritage, 2018-2019. <a href=\"http:\/\/bit.ly\/2OGqofQ-JCC\">http:\/\/bit.ly\/2OGqofQ-JCC<\/a>. Delphine Cuypers-Povel overlijdt&nbsp;17 oktober 1948 en Bernadette Veltman-Povel 7 juli 1957.<\/li>\n<li><span id=\"3\" class=\"sta-anchor \" aria-hidden=\"true\"><\/span>Zie v.n. 2 (schetsboek\/notitieboek met onder meer restauratie- en uitbreidingsplannen van het kloosterpension van de de Zusters van de Heilige Harten, 1945). Zie voorts v.n. 263.1, waaruit blijkt dat Joseph Cuypers en Delphine Cuypers-Povel naar dit kloosterpension verhuisd zijn.<\/li>\n<li><span id=\"4\" class=\"sta-anchor \" aria-hidden=\"true\"><\/span>Toepasselijke nummers in GAR JCC nog opzoeken.&nbsp;<\/li>\n<li><span id=\"licentie\" class=\"sta-anchor \" aria-hidden=\"true\"><\/span>In principe mag iedereen gebruik maken van de gegevens die hier staan, maar wel binnen de termen van de Creative&nbsp;Commons gespecificeerd onder deze link:&nbsp;<a href=\"http:\/\/bit.ly\/Copyright-CC-BY-NC-SA-4-0\">http:\/\/bit.ly\/Copyright-CC-BY-NC-SA-4-0<\/a>. Dus geen commercieel gebruik en absoluut naamsvermelding, zoals geldt voor al onze teksten en foto&#8217;s op deze site.&nbsp;Hiertoe rekenen we ook onze pagina\u2019s op <a href=\"http:\/\/bit.ly\/VanHHOrg2FB\">Facebook<\/a> en <a href=\"https:\/\/bernadette-van-hellenberg-hubar.blogspot.com\/\">Blogger<\/a>. Voor de goede orde, alles wat ten dienste komt van kennisverspreiding, beheer en behoud van erfgoed zonderen we uit van commercieel gebruik.<\/li>\n<li><span id=\"6\" class=\"sta-anchor \" aria-hidden=\"true\"><\/span>GAR JCC v.n. 97, Joseph Cuypers aan Yvonne C. (religieuze), \u2018Zondag na Sacramentsdag\u2019 circa 1922: betreft Pater Stoks csr., de bezigheden van Delphine als lid van de vrouwelijke vrijwillige landstorm en de vrouwenbond; voort et betrekking tot de politiek. Ongedateerd, circa 1922. Het begrip spreekkamer duidt erop dat Yvonne religieuze is (dat is vanaf 1922). De verwijzing naar de nieuwe onderwijswet geeft een t.p.q aan van 1920.<br \/>\nVoor de vrijwillige landstorm zie dit lemma op <a href=\"https:\/\/nl.wikipedia.org\/wiki\/Landstorm\">Wikipedia<\/a>, waarin overigens niets over de vrouwelijke tak wordt vermeld.<\/li>\n<li><span id=\"7\" class=\"sta-anchor \" aria-hidden=\"true\"><\/span>GAR JCC v.n. 91, VanHH.org-fotonrs&nbsp;P1300794-P1300796. De bewoningsgeschiedenis van Joseph en Delphine is tamelijk complex en komt vanwege de plaatsen waar de JCC zich heeft ontwikkeld, uitvoerig ter sprake in het E-boek. Wat betreft Amsterdam is het echtpaar begonnen op een appartement in Oud Leyerhoven II, een pension dat ontworpen is door Joseph Cuypers op de hoek Tesselschadestraat 13-Vondelstraat 9: er heeft daar nog een interne verhuizing plaatsgevonden van Tesselschadestraat 13 naar Vondelstraat 9. Daarnaast was Delphine met haar kinderen in de zomer vaak op Hilverheuvel in Hilversum, het zomerverblijf van de familie Povel.<\/li>\n<li><span id=\"8\" class=\"sta-anchor \" aria-hidden=\"true\"><\/span>GAR JCC v.n. 91, VanHH.org-fotonrs&nbsp;P1300794-P1300796. Ibidem v.n. 90, en 164 (voor de laatste zie hierboven). Voor zover tot dusver (augustus 2019) uit de briefwisseling opgemaakt kan worden, heeft soeur Jeanne Povel als lid van de congregatie <em>La Soci\u00e9t\u00e9 du Sacr\u00e9-C\u0153ur de J\u00e9sus<\/em>&nbsp;(kortweg Sacre Coeur) gewoond in de huizen van Sacre Coeur in Jette (bij Brussel) rond 1902 (als novice; ze was een late roeping met haar 31 jaar), in Velp rond 1922 en in Vaals na de Tweede Wereldoorlog. Haar brieven vallen op door een zakelijke, levendige schrijfstijl met nauwelijks religieuze overpeinzingen. Vergelijk onder meer v.n. 90, VanHH.org-fotonummers P1310473-479.JPG: Jeanne Povel aan Joseph en Delphine Cuypers-Povel, 21 juli 1902,&nbsp;aan Delphine waarbij Jeanne Joseph en Delphine vraagt om erbij te zijn als zij geprofest wordt (het habijt aanneemt) bij La Socie\u0301te\u0301 du Sacre\u0301-C\u0153ur de Je\u0301sus (kortweg Sacre Coeur). Ze vertelt ook dat ze er nog altijd van overtuigd is, dat dit voor haar de goede weg is. Ze vermeldt ene Antoinette, mogelijk dezelfde persoon die in 1945 helpt bij de verhuizing naar Meerssen en daar mogelijk de gezelschapsdame is van <a href=\"#veltman\">Bernadette Veltman-Povel<\/a>.\ufffc&nbsp;Na Hilverheuvel was het Cuypershuis in Roermond &#8211; bij Pierre J.H. Cuypers &#8211; het zomerverblijf van Joseph en Delphine. Wat betreft Sacre Coeur zie: Wayback Machine | Sacre-coeur.nl. \u2018Sacre C\u0153ur Vereniging Nederland (S.C.V.) &#8211; Geschiedenis\u2019, 2015. <a href=\"http:\/\/bit.ly\/2Ti0SSz-JCC-WaybackMachine\">http:\/\/bit.ly\/2Ti0SSz-JCC-WaybackMachine<\/a>.<\/li>\n<li><span id=\"9\" class=\"sta-anchor \" aria-hidden=\"true\"><\/span>\u201cNED. R.K. VROUWENBOND.\u201d <em>De T\u0133d\u202f: godsdienstig-staatkundig dagblad<\/em>. 13 november 1912, Dag druk. Delpher Koninklijke Bibliotheek. http:\/\/bit.ly\/2zePnBw-JCC. \u201cSTADSNIEUWS. R.K. Vrouwenbond.\u201d <em>De T\u0133d\u202f: godsdienstig-staatkundig dagblad<\/em>. 29 november 1912, Dag druk. Delpher Koninklijke Bibliotheek. http:\/\/bit.ly\/2NyTWyV-JCC.&nbsp;Rector Stroomer is vrijwel zeker <a href=\"https:\/\/www.genealogieonline.nl\/alle-begijnen-van-amsterdam\/I683.php\">Petrus Stroomer<\/a>&nbsp;(1861-1929), de latere deken van Amsterdam, die van&nbsp;1910 tot 1913 rector was van Joannes de Deo te Amsterdam.&nbsp;<\/li>\n<li><span id=\"#10\" class=\"sta-anchor \" aria-hidden=\"true\"><\/span>Leijnse, Elisabeth, <em>C\u00e9cile en Elsa, strijdbare freules, een biografie<\/em>, Amsterdam 2015. In de JCC bevinden zich verschillende stukken van en over Diepenbrock en zijn dochters (GAR JCC v.n. 73, 142, 153, 192, 199). Voor de invloed van dit boek zie onder meer het lemma &#8216;Hilda van Suylenburg&#8217; op <a href=\"https:\/\/nl.wikipedia.org\/wiki\/Hilda_van_Suylenburg\">Wikipedia<\/a>.<\/li>\n<li><span id=\"11\" class=\"sta-anchor \" aria-hidden=\"true\"><\/span>Hubar, <em>Rien de pareil<\/em>, deel 2, pp. 227-229, onder verwijzing naar&nbsp;GAR I.5. Bevolkingsregisters, inv.nrs 3861 pp. 167 en 172, en 3879, p. 127.&nbsp;Bevolkingsregister Amsterdam Gezinskaarten: NL-SAA-2118784. \u201cProvinciaal Nieuws. R.K. Dioc.&nbsp;Vrouwenbond\u201d. <em>Nieuwe Venlosche courant<\/em>. 15 april 1919, Dag druk. Delpher Koninklijke Bibliotheek. http:\/\/bit.ly\/2NCymtm-JCC. De Roermondse R.K. Vrouwenbond&nbsp;werd ingeschreven in de Staatscourant in januari 1919:&nbsp;\u201cMEDEDEELINGEN VAN VERSCHILLENDEN AARD.\u201d <em>Nederlandsche staatscourant<\/em>. 22 januari 1919, Dag druk. Delpher Koninklijke Bibliotheek. http:\/\/bit.ly\/2ZjdTkz-JCC.&nbsp;Roos, Jan de. \u201cHaan, Mathilda Alexia Frederica Hubertina\u201d. ING Project. Digitaal Vrouwenlexicon van Nederland, 30 mei 2017. http:\/\/bit.ly\/2QhYTz4-JCC (nog toevoegen aan bibliografie).&nbsp;<\/li>\n<li><span id=\"12\" class=\"sta-anchor \" aria-hidden=\"true\"><\/span>\u201cPolitiek en R.-K. Vrouwenbond\u201d. <em>Eindhovensch dagblad<\/em>. 8 maart 1919, Dag druk. Delpher Koninklijke Bibliotheek. http:\/\/bit.ly\/2MGrrQ6-JCC.&nbsp;&nbsp;\u201cNagekomen Nieuws. Maastricht R.K. Vrouwenbond. Roermond R.K. Vrouwenbond.\u201d <em>Limburger koerier: provinciaal dagblad<\/em>. 24 november 1920, Dag druk. Delpher Koninklijke Bibliotheek. http:\/\/bit.ly\/344FKDu-JCC (Maastricht: juridische positie van de vrouw. Roermond: kiesrecht).&nbsp;Zie verder de lemma&#8217;s <a href=\"https:\/\/nl.wikipedia.org\/wiki\/Vrouwenkiesrecht\">Vrouwenkiesrecht<\/a>&nbsp;en&nbsp;<a href=\"https:\/\/nl.wikipedia.org\/wiki\/Algemeene_Bond_van_RK-kiesverenigingen\">Algemeene Bond van RK-kiesverenigingen<\/a> op Wikipedia.<\/li>\n<li><span id=\"13\" class=\"sta-anchor \" aria-hidden=\"true\"><\/span>Voor Frans J. Bolsius zie het betreffende lemma op <a href=\"https:\/\/nl.wikipedia.org\/wiki\/Frans_Bolsius\">Wikipedia<\/a>. Voorts Linssen, G. (2013) &#8220;Mr. Frans Bolsius, politicus en president (1911-1939)&#8221; in Berkvens, A.M.J.A. et al. <em>Rechtspraak in Roermond: van Soevereine Raad naar Rechtbank Limburg (1580-2012)<\/em>. Hilversum: Verloren. ISBN 978-908704-351-3. pp. 165-167 (nog toevoegen aan de bibliografie van de JCC).&nbsp; Bij gelegenheid van zijn benoeming tot president van de rechtbank ontving Bolsius van de oude Pierre een beschilderd paneel met een persoonlijke opdracht aan de achterkant. Dit paneel is in particuliere handen.<\/li>\n<li><span id=\"14\" class=\"sta-anchor \" aria-hidden=\"true\"><\/span>GAR JCC v.n. 96, brief van Emmy Cuypers-Kneepkens aan Charles Cuypers d.d. 22 januari 1949: het portret is gemaakt door fotograaf Mathieu Koch in Roermond, de tekst is geschreven door deken H. Steegmans van Meerssen. De collectie van Mathieu Koch berust bij het GAR.<\/li>\n<li><span id=\"15\" class=\"sta-anchor \" aria-hidden=\"true\"><\/span>A.C. Bolsius (1830\/1839-1874) was een zoon uit het derde huwelijk van notaris Antoon Petrus Bolsius uit Den Bosch die weduwnaar was van Maria Theresia Cuypers (1787-1820), een tante van Pierre. Ontleend aan&nbsp;Schiphorst, Toevloed van werk, pp. 72; 76 ; 174-175; 184; 186; 188; 217; 296. Schiphorst vermeldt dat hij overleed in 1874 en geboren is in 1830. Volgens het bevolkingsregister van Roermond is Antoine Bolsius geboren in 1839. Zie Hubar, <em>Rien de pareil, <\/em>deel 1, p. 167.<\/li>\n<li><span id=\"16\" class=\"sta-anchor \" aria-hidden=\"true\"><\/span>Voor Marguerite Cuypers als vrijwillige oorlogsverpleegster zie de conceptbrief van haar vader aan pater&nbsp;Herman Ermann sj, d.d.&nbsp;20 mei 1918,&nbsp; in GAR JCC v.n. 90. Voor haar grootmoeder, Delphine Marie Povel-Guillot zie&nbsp;Eijt, Jos\u00e9. <em>Religieuze vrouwen: bruid, moeder, zuster: Geschiedenis van twee Nederlandse zustercongregaties<\/em>, <em>1820-1940<\/em>. Hilversum: Verloren, 1995.&nbsp;http:\/\/bit.ly\/2rsiyR0-JCC (nog opnemen in de bibliografie).<\/li>\n<li><span id=\"executeur\" class=\"sta-anchor \" aria-hidden=\"true\"><\/span>GAR JCC v.n. 83, 134, 179, 183.<\/li>\n<li><span id=\"cursus\" class=\"sta-anchor \" aria-hidden=\"true\"><\/span><\/li>\n<\/ol>\n<p>Over Joseph Cuypers is nog meer te vinden bij&nbsp;<a href=\"https:\/\/www.vanhellenberghubar.org\/index.php\/projecten\/nieuwe-bavokathedraal\/\">De nieuwe Bavokathedraal<\/a> en&nbsp;<a href=\"https:\/\/www.vanhellenberghubar.org\/index.php\/projecten\/cuyperiana\/\">Cuypers assortiment<\/a>.<\/p>\n<p>Het project komt verder met grote regelmaat aan de orde op onze Facebookpagina:&nbsp;<a href=\"http:\/\/bit.ly\/VanHHOrg2FB\">http:\/\/bit.ly\/VanHHOrg2FB<\/a><br \/>\nGa eens kijken en <a href=\"http:\/\/bit.ly\/VanHHOrg2FB\">&#8216;like&#8217; de pagina<\/a>, zodat de berichten over Joseph Cuypers en dit project een nog grotere actieradius bereiken!<\/p>\n<p>Deze pagina is in maart 2024 bijgewerkt!&nbsp;<\/p>\n<p>Verkorte links:<\/p>\n<ul>\n<li>Verkorte link van deze pagina:&nbsp;bit.ly\/2BH5fP1-VanHH2Org<\/li>\n<li>Verkorte link van de notitie over Delphine Cuypers-Povel en de R.K. Vrouwenbond http:\/\/bit.ly\/2kXgjlM-JCC<\/li>\n<\/ul>\n<p><em><a href=\"http:\/\/bit.ly\/JCC-VanHH2Org\">\u2190 Naar de hoofdpagina<\/a>&nbsp;van de Joseph Cuypers Collectie<\/em><\/p>\n<span id=\"delen\" class=\"sta-anchor \" aria-hidden=\"true\"><\/span>\n","protected":false},"excerpt":{"rendered":"<p>&#8230; Welkom op dit prikbord! Let op! \u2014 Op dit moment, begin maart 2024, is de eindversie&nbsp; van het E-boek met de verantwoordingen van de inventarisatie en de biografie\u00ebn van de hoofdrolspelers klaar. De beschrijving van de individuele nummers van de collectie is nagenoeg klaar. Binnenkort start de tweede toets van het boek door de [&hellip;]<\/p>\n","protected":false},"author":2,"featured_media":15750,"parent":13082,"menu_order":114,"comment_status":"closed","ping_status":"closed","template":"","meta":{"ngg_post_thumbnail":0,"jetpack_post_was_ever_published":false,"footnotes":""},"tags":[1647,1850,1895,1907,1846,1707,1847,1909,1908,1848,1893,1892,1906,1894,1687,1143,1910,1849,1891,1916,1851,1920,409,1905,1911,1926,1912],"class_list":["post-12994","page","type-page","status-publish","has-post-thumbnail","hentry","tag-alphons-diepenbrock","tag-annie-anny-j-t-m-mathon-cuypers-1873-1961","tag-bernadette-veltman-povel","tag-cecile-de-jong-van-beek-en-donk","tag-charles-j-a-g-cuypers-1906-1985","tag-delphine-cuypers-povel","tag-delphine-m-c-a-cuypers-povel-1868-1948","tag-elisabeth-leijnse","tag-elsa-de-jong-van-beek-en-donk","tag-emmy-h-j-cuypers-kneepkens-1905-2007","tag-francois-stoltzenberg","tag-frans-stoltzenberg","tag-hilda-van-suylenburg","tag-jeanne-povel","tag-joseph-cuypers-collectie","tag-jozef-alberdingk-thijm","tag-mais-flexis","tag-marguerite-m-d-a-glastra-van-loon-cuypers-1896-1986","tag-marike-van-roon","tag-mathilde-de-haan","tag-michel-michael-e-j-a-cuypers-1892-1971","tag-myriam-everard","tag-nenny-alberdingk-thijm","tag-petrus-stroomer","tag-r-k-vrouwenbond","tag-verpleging","tag-vrouwenkiesrecht"],"yoast_head":"<!-- This site is optimized with the Yoast SEO plugin v26.8 - https:\/\/yoast.com\/product\/yoast-seo-wordpress\/ -->\n<title>Prikbord met stukken uit de JCC - VanHellenbergHubar.org<\/title>\n<meta name=\"description\" content=\"Prikbord | Er komt veel informatie vrij bij het werk aan de Joseph Cuypers Collectie (#JCC); mooi voor het E-boek over deze collectie.\" \/>\n<meta name=\"robots\" content=\"index, follow, max-snippet:-1, max-image-preview:large, max-video-preview:-1\" \/>\n<link rel=\"canonical\" href=\"https:\/\/www.vanhellenberghubar.org\/index.php\/archief\/webitems\/prikbord\/\" \/>\n<meta property=\"og:locale\" content=\"nl_NL\" \/>\n<meta property=\"og:type\" content=\"article\" \/>\n<meta property=\"og:title\" content=\"Prikbord met stukken uit de JCC - VanHellenbergHubar.org\" \/>\n<meta property=\"og:description\" content=\"Prikbord | Er komt veel informatie vrij bij het werk aan de Joseph Cuypers Collectie (#JCC); mooi voor het E-boek over deze collectie.\" \/>\n<meta property=\"og:url\" content=\"https:\/\/www.vanhellenberghubar.org\/index.php\/archief\/webitems\/prikbord\/\" \/>\n<meta property=\"og:site_name\" content=\"VanHellenbergHubar.org\" \/>\n<meta property=\"article:publisher\" content=\"https:\/\/www.facebook.com\/bern4dette\" \/>\n<meta property=\"article:modified_time\" content=\"2024-03-24T08:11:52+00:00\" \/>\n<meta property=\"og:image\" content=\"https:\/\/www.vanhellenberghubar.org\/wp-content\/uploads\/2019\/09\/Delphine-Cuypers-Povel-Cuypershuis-6501-.png\" \/>\n\t<meta property=\"og:image:width\" content=\"788\" \/>\n\t<meta property=\"og:image:height\" content=\"923\" \/>\n\t<meta property=\"og:image:type\" content=\"image\/png\" \/>\n<meta name=\"twitter:label1\" content=\"Geschatte leestijd\" \/>\n\t<meta name=\"twitter:data1\" content=\"34 minuten\" \/>\n<script type=\"application\/ld+json\" class=\"yoast-schema-graph\">{\"@context\":\"https:\/\/schema.org\",\"@graph\":[{\"@type\":\"WebPage\",\"@id\":\"https:\/\/www.vanhellenberghubar.org\/index.php\/archief\/webitems\/prikbord\/\",\"url\":\"https:\/\/www.vanhellenberghubar.org\/index.php\/archief\/webitems\/prikbord\/\",\"name\":\"Prikbord met stukken uit de JCC - VanHellenbergHubar.org\",\"isPartOf\":{\"@id\":\"https:\/\/www.vanhellenberghubar.org\/#website\"},\"primaryImageOfPage\":{\"@id\":\"https:\/\/www.vanhellenberghubar.org\/index.php\/archief\/webitems\/prikbord\/#primaryimage\"},\"image\":{\"@id\":\"https:\/\/www.vanhellenberghubar.org\/index.php\/archief\/webitems\/prikbord\/#primaryimage\"},\"thumbnailUrl\":\"https:\/\/i0.wp.com\/www.vanhellenberghubar.org\/wp-content\/uploads\/2019\/09\/Delphine-Cuypers-Povel-Cuypershuis-6501-.png?fit=788%2C923&ssl=1\",\"datePublished\":\"2018-12-21T08:31:53+00:00\",\"dateModified\":\"2024-03-24T08:11:52+00:00\",\"description\":\"Prikbord | Er komt veel informatie vrij bij het werk aan de Joseph Cuypers Collectie (#JCC); mooi voor het E-boek over deze collectie.\",\"breadcrumb\":{\"@id\":\"https:\/\/www.vanhellenberghubar.org\/index.php\/archief\/webitems\/prikbord\/#breadcrumb\"},\"inLanguage\":\"nl-NL\",\"potentialAction\":[{\"@type\":\"ReadAction\",\"target\":[\"https:\/\/www.vanhellenberghubar.org\/index.php\/archief\/webitems\/prikbord\/\"]}]},{\"@type\":\"ImageObject\",\"inLanguage\":\"nl-NL\",\"@id\":\"https:\/\/www.vanhellenberghubar.org\/index.php\/archief\/webitems\/prikbord\/#primaryimage\",\"url\":\"https:\/\/i0.wp.com\/www.vanhellenberghubar.org\/wp-content\/uploads\/2019\/09\/Delphine-Cuypers-Povel-Cuypershuis-6501-.png?fit=788%2C923&ssl=1\",\"contentUrl\":\"https:\/\/i0.wp.com\/www.vanhellenberghubar.org\/wp-content\/uploads\/2019\/09\/Delphine-Cuypers-Povel-Cuypershuis-6501-.png?fit=788%2C923&ssl=1\",\"width\":788,\"height\":923},{\"@type\":\"BreadcrumbList\",\"@id\":\"https:\/\/www.vanhellenberghubar.org\/index.php\/archief\/webitems\/prikbord\/#breadcrumb\",\"itemListElement\":[{\"@type\":\"ListItem\",\"position\":1,\"name\":\"Home\",\"item\":\"https:\/\/www.vanhellenberghubar.org\/\"},{\"@type\":\"ListItem\",\"position\":2,\"name\":\"Archief &#038;\",\"item\":\"https:\/\/www.vanhellenberghubar.org\/index.php\/archief\/\"},{\"@type\":\"ListItem\",\"position\":3,\"name\":\"Webitems te kust en te keur\",\"item\":\"https:\/\/www.vanhellenberghubar.org\/index.php\/archief\/webitems\/\"},{\"@type\":\"ListItem\",\"position\":4,\"name\":\"Prikbord met stukken uit de JCC\"}]},{\"@type\":\"WebSite\",\"@id\":\"https:\/\/www.vanhellenberghubar.org\/#website\",\"url\":\"https:\/\/www.vanhellenberghubar.org\/\",\"name\":\"VanHellenbergHubar.org\",\"description\":\"Kunst, cultuur &amp; erfgoed\",\"publisher\":{\"@id\":\"https:\/\/www.vanhellenberghubar.org\/#organization\"},\"potentialAction\":[{\"@type\":\"SearchAction\",\"target\":{\"@type\":\"EntryPoint\",\"urlTemplate\":\"https:\/\/www.vanhellenberghubar.org\/?s={search_term_string}\"},\"query-input\":{\"@type\":\"PropertyValueSpecification\",\"valueRequired\":true,\"valueName\":\"search_term_string\"}}],\"inLanguage\":\"nl-NL\"},{\"@type\":\"Organization\",\"@id\":\"https:\/\/www.vanhellenberghubar.org\/#organization\",\"name\":\"VanHellenbergHubar.Org\",\"url\":\"https:\/\/www.vanhellenberghubar.org\/\",\"logo\":{\"@type\":\"ImageObject\",\"inLanguage\":\"nl-NL\",\"@id\":\"https:\/\/www.vanhellenberghubar.org\/#\/schema\/logo\/image\/\",\"url\":\"https:\/\/i1.wp.com\/www.vanhellenberghubar.org\/wp-content\/uploads\/2015\/11\/BVHH_logo_basis1-kleiner.png?fit=456%2C506&ssl=1\",\"contentUrl\":\"https:\/\/i1.wp.com\/www.vanhellenberghubar.org\/wp-content\/uploads\/2015\/11\/BVHH_logo_basis1-kleiner.png?fit=456%2C506&ssl=1\",\"width\":456,\"height\":506,\"caption\":\"VanHellenbergHubar.Org\"},\"image\":{\"@id\":\"https:\/\/www.vanhellenberghubar.org\/#\/schema\/logo\/image\/\"},\"sameAs\":[\"https:\/\/www.facebook.com\/bern4dette\",\"https:\/\/x.com\/Bern4dette\",\"https:\/\/www.instagram.com\/bernadettevanhellenberghubar\/\",\"https:\/\/www.linkedin.com\/in\/vanhellenberghubar\/\",\"https:\/\/nl.pinterest.com\/bern4dette\/\",\"https:\/\/www.youtube.com\/channel\/UCYTa5JeAX_BImf33KUQDBYA\"]}]}<\/script>\n<!-- \/ Yoast SEO plugin. -->","yoast_head_json":{"title":"Prikbord met stukken uit de JCC - VanHellenbergHubar.org","description":"Prikbord | Er komt veel informatie vrij bij het werk aan de Joseph Cuypers Collectie (#JCC); mooi voor het E-boek over deze collectie.","robots":{"index":"index","follow":"follow","max-snippet":"max-snippet:-1","max-image-preview":"max-image-preview:large","max-video-preview":"max-video-preview:-1"},"canonical":"https:\/\/www.vanhellenberghubar.org\/index.php\/archief\/webitems\/prikbord\/","og_locale":"nl_NL","og_type":"article","og_title":"Prikbord met stukken uit de JCC - VanHellenbergHubar.org","og_description":"Prikbord | Er komt veel informatie vrij bij het werk aan de Joseph Cuypers Collectie (#JCC); mooi voor het E-boek over deze collectie.","og_url":"https:\/\/www.vanhellenberghubar.org\/index.php\/archief\/webitems\/prikbord\/","og_site_name":"VanHellenbergHubar.org","article_publisher":"https:\/\/www.facebook.com\/bern4dette","article_modified_time":"2024-03-24T08:11:52+00:00","og_image":[{"width":788,"height":923,"url":"https:\/\/www.vanhellenberghubar.org\/wp-content\/uploads\/2019\/09\/Delphine-Cuypers-Povel-Cuypershuis-6501-.png","type":"image\/png"}],"twitter_misc":{"Geschatte leestijd":"34 minuten"},"schema":{"@context":"https:\/\/schema.org","@graph":[{"@type":"WebPage","@id":"https:\/\/www.vanhellenberghubar.org\/index.php\/archief\/webitems\/prikbord\/","url":"https:\/\/www.vanhellenberghubar.org\/index.php\/archief\/webitems\/prikbord\/","name":"Prikbord met stukken uit de JCC - VanHellenbergHubar.org","isPartOf":{"@id":"https:\/\/www.vanhellenberghubar.org\/#website"},"primaryImageOfPage":{"@id":"https:\/\/www.vanhellenberghubar.org\/index.php\/archief\/webitems\/prikbord\/#primaryimage"},"image":{"@id":"https:\/\/www.vanhellenberghubar.org\/index.php\/archief\/webitems\/prikbord\/#primaryimage"},"thumbnailUrl":"https:\/\/i0.wp.com\/www.vanhellenberghubar.org\/wp-content\/uploads\/2019\/09\/Delphine-Cuypers-Povel-Cuypershuis-6501-.png?fit=788%2C923&ssl=1","datePublished":"2018-12-21T08:31:53+00:00","dateModified":"2024-03-24T08:11:52+00:00","description":"Prikbord | Er komt veel informatie vrij bij het werk aan de Joseph Cuypers Collectie (#JCC); mooi voor het E-boek over deze collectie.","breadcrumb":{"@id":"https:\/\/www.vanhellenberghubar.org\/index.php\/archief\/webitems\/prikbord\/#breadcrumb"},"inLanguage":"nl-NL","potentialAction":[{"@type":"ReadAction","target":["https:\/\/www.vanhellenberghubar.org\/index.php\/archief\/webitems\/prikbord\/"]}]},{"@type":"ImageObject","inLanguage":"nl-NL","@id":"https:\/\/www.vanhellenberghubar.org\/index.php\/archief\/webitems\/prikbord\/#primaryimage","url":"https:\/\/i0.wp.com\/www.vanhellenberghubar.org\/wp-content\/uploads\/2019\/09\/Delphine-Cuypers-Povel-Cuypershuis-6501-.png?fit=788%2C923&ssl=1","contentUrl":"https:\/\/i0.wp.com\/www.vanhellenberghubar.org\/wp-content\/uploads\/2019\/09\/Delphine-Cuypers-Povel-Cuypershuis-6501-.png?fit=788%2C923&ssl=1","width":788,"height":923},{"@type":"BreadcrumbList","@id":"https:\/\/www.vanhellenberghubar.org\/index.php\/archief\/webitems\/prikbord\/#breadcrumb","itemListElement":[{"@type":"ListItem","position":1,"name":"Home","item":"https:\/\/www.vanhellenberghubar.org\/"},{"@type":"ListItem","position":2,"name":"Archief &#038;","item":"https:\/\/www.vanhellenberghubar.org\/index.php\/archief\/"},{"@type":"ListItem","position":3,"name":"Webitems te kust en te keur","item":"https:\/\/www.vanhellenberghubar.org\/index.php\/archief\/webitems\/"},{"@type":"ListItem","position":4,"name":"Prikbord met stukken uit de JCC"}]},{"@type":"WebSite","@id":"https:\/\/www.vanhellenberghubar.org\/#website","url":"https:\/\/www.vanhellenberghubar.org\/","name":"VanHellenbergHubar.org","description":"Kunst, cultuur &amp; erfgoed","publisher":{"@id":"https:\/\/www.vanhellenberghubar.org\/#organization"},"potentialAction":[{"@type":"SearchAction","target":{"@type":"EntryPoint","urlTemplate":"https:\/\/www.vanhellenberghubar.org\/?s={search_term_string}"},"query-input":{"@type":"PropertyValueSpecification","valueRequired":true,"valueName":"search_term_string"}}],"inLanguage":"nl-NL"},{"@type":"Organization","@id":"https:\/\/www.vanhellenberghubar.org\/#organization","name":"VanHellenbergHubar.Org","url":"https:\/\/www.vanhellenberghubar.org\/","logo":{"@type":"ImageObject","inLanguage":"nl-NL","@id":"https:\/\/www.vanhellenberghubar.org\/#\/schema\/logo\/image\/","url":"https:\/\/i1.wp.com\/www.vanhellenberghubar.org\/wp-content\/uploads\/2015\/11\/BVHH_logo_basis1-kleiner.png?fit=456%2C506&ssl=1","contentUrl":"https:\/\/i1.wp.com\/www.vanhellenberghubar.org\/wp-content\/uploads\/2015\/11\/BVHH_logo_basis1-kleiner.png?fit=456%2C506&ssl=1","width":456,"height":506,"caption":"VanHellenbergHubar.Org"},"image":{"@id":"https:\/\/www.vanhellenberghubar.org\/#\/schema\/logo\/image\/"},"sameAs":["https:\/\/www.facebook.com\/bern4dette","https:\/\/x.com\/Bern4dette","https:\/\/www.instagram.com\/bernadettevanhellenberghubar\/","https:\/\/www.linkedin.com\/in\/vanhellenberghubar\/","https:\/\/nl.pinterest.com\/bern4dette\/","https:\/\/www.youtube.com\/channel\/UCYTa5JeAX_BImf33KUQDBYA"]}]}},"jetpack_sharing_enabled":true,"jetpack-related-posts":[{"id":13487,"url":"https:\/\/www.vanhellenberghubar.org\/index.php\/archief\/webitems\/varia-deel-2\/","url_meta":{"origin":12994,"position":0},"title":"Varia deel 2 | Van Nenny, Joseph, Katy &#038; in de JCC","author":"Bernadette van Hellenberg Hubar","date":"28 januari 2019","format":false,"excerpt":"Varia deel 2 \u2014 Welkom in het open atelier van de JCC. Deze pagina wordt voortdurend bijgewerkt, dus soms kom je stukjes tegen die nog niet helemaal af zijn of inmiddels (anno 2025) voor een deel bijgesteld moeten worden. Van onderstaande gegevens hebben we dankbaar gebruik gemaakt bij het schrijven\u2026","rel":"","context":"In \"Antoinette Catherine Th\u00e9r\u00e8se Cuypers-Alberdingk Thijm\"","block_context":{"text":"Antoinette Catherine Th\u00e9r\u00e8se Cuypers-Alberdingk Thijm","link":"https:\/\/www.vanhellenberghubar.org\/index.php\/tag\/antoinette-catherine-therese-cuypers-alberdingk-thijm\/"},"img":{"alt_text":"","src":"https:\/\/i0.wp.com\/www.vanhellenberghubar.org\/wp-content\/uploads\/2020\/03\/Nenny-achter-piano-Jean-Lauweriks-Cuypershuis.png?fit=760%2C968&ssl=1&resize=350%2C200","width":350,"height":200,"srcset":"https:\/\/i0.wp.com\/www.vanhellenberghubar.org\/wp-content\/uploads\/2020\/03\/Nenny-achter-piano-Jean-Lauweriks-Cuypershuis.png?fit=760%2C968&ssl=1&resize=350%2C200 1x, https:\/\/i0.wp.com\/www.vanhellenberghubar.org\/wp-content\/uploads\/2020\/03\/Nenny-achter-piano-Jean-Lauweriks-Cuypershuis.png?fit=760%2C968&ssl=1&resize=525%2C300 1.5x, https:\/\/i0.wp.com\/www.vanhellenberghubar.org\/wp-content\/uploads\/2020\/03\/Nenny-achter-piano-Jean-Lauweriks-Cuypershuis.png?fit=760%2C968&ssl=1&resize=700%2C400 2x"},"classes":[]},{"id":12027,"url":"https:\/\/www.vanhellenberghubar.org\/index.php\/projecten\/joseph-cuypers-collectie\/","url_meta":{"origin":12994,"position":1},"title":"Joseph Cuypers Collectie","author":"Bernadette van Hellenberg Hubar","date":"24 mei 2018","format":false,"excerpt":"Joseph Cuypers Collectie? Je leest er meer over na de inhoudsopgave! ... Let op! Onze website is in transitie, waardoor verschillende links en URL\u2019s tijdelijk zijn uitgeschakeld! Op 23 maart 2025 is ons E-boek over de Joseph Cuypers Collectie verschenen. Daarin staat de laatste versie van verschillende items die hieronder\u2026","rel":"","context":"In \"Arbeid en Bezieling\"","block_context":{"text":"Arbeid en Bezieling","link":"https:\/\/www.vanhellenberghubar.org\/index.php\/tag\/arbeid-en-bezieling\/"},"img":{"alt_text":"","src":"https:\/\/i0.wp.com\/www.vanhellenberghubar.org\/wp-content\/uploads\/2021\/11\/Joseph-Cuypers-en-Delphine-Cuypers-Povel-foto-van-voor-1940-van-Koch-IMG_1004-bewerkt-scaled.jpg?fit=1200%2C983&ssl=1&resize=350%2C200","width":350,"height":200,"srcset":"https:\/\/i0.wp.com\/www.vanhellenberghubar.org\/wp-content\/uploads\/2021\/11\/Joseph-Cuypers-en-Delphine-Cuypers-Povel-foto-van-voor-1940-van-Koch-IMG_1004-bewerkt-scaled.jpg?fit=1200%2C983&ssl=1&resize=350%2C200 1x, https:\/\/i0.wp.com\/www.vanhellenberghubar.org\/wp-content\/uploads\/2021\/11\/Joseph-Cuypers-en-Delphine-Cuypers-Povel-foto-van-voor-1940-van-Koch-IMG_1004-bewerkt-scaled.jpg?fit=1200%2C983&ssl=1&resize=525%2C300 1.5x, https:\/\/i0.wp.com\/www.vanhellenberghubar.org\/wp-content\/uploads\/2021\/11\/Joseph-Cuypers-en-Delphine-Cuypers-Povel-foto-van-voor-1940-van-Koch-IMG_1004-bewerkt-scaled.jpg?fit=1200%2C983&ssl=1&resize=700%2C400 2x, https:\/\/i0.wp.com\/www.vanhellenberghubar.org\/wp-content\/uploads\/2021\/11\/Joseph-Cuypers-en-Delphine-Cuypers-Povel-foto-van-voor-1940-van-Koch-IMG_1004-bewerkt-scaled.jpg?fit=1200%2C983&ssl=1&resize=1050%2C600 3x"},"classes":[]},{"id":12063,"url":"https:\/\/www.vanhellenberghubar.org\/index.php\/archief\/webitems\/verhalen-bij-de-vleet\/","url_meta":{"origin":12994,"position":2},"title":"Verhalen bij de vleet | JCC","author":"Bernadette van Hellenberg Hubar","date":"26 mei 2018","format":false,"excerpt":"Verhalen bij de vleet?\u00a0Je leest er meer over na de inhoudsopgave! ... Wat is nu feitelijk het begin? 158 jaar alweer | Joseph Cuypers 1861-1949 Hoe een verhaal op Facebook ontstond What\u2019s in a name: Jos, Jos. of Joseph? De architecten Cuypers en het Vitruvianisme De nieuwe Bavo in verhalen\u2026","rel":"","context":"In \"familiegraf\"","block_context":{"text":"familiegraf","link":"https:\/\/www.vanhellenberghubar.org\/index.php\/tag\/familiegraf\/"},"img":{"alt_text":"","src":"https:\/\/i0.wp.com\/www.vanhellenberghubar.org\/wp-content\/uploads\/2018\/06\/Collage-verjaardag-Joseph-Cuypers-Jun-10-2018.png?fit=1200%2C724&ssl=1&resize=350%2C200","width":350,"height":200,"srcset":"https:\/\/i0.wp.com\/www.vanhellenberghubar.org\/wp-content\/uploads\/2018\/06\/Collage-verjaardag-Joseph-Cuypers-Jun-10-2018.png?fit=1200%2C724&ssl=1&resize=350%2C200 1x, https:\/\/i0.wp.com\/www.vanhellenberghubar.org\/wp-content\/uploads\/2018\/06\/Collage-verjaardag-Joseph-Cuypers-Jun-10-2018.png?fit=1200%2C724&ssl=1&resize=525%2C300 1.5x, https:\/\/i0.wp.com\/www.vanhellenberghubar.org\/wp-content\/uploads\/2018\/06\/Collage-verjaardag-Joseph-Cuypers-Jun-10-2018.png?fit=1200%2C724&ssl=1&resize=700%2C400 2x, https:\/\/i0.wp.com\/www.vanhellenberghubar.org\/wp-content\/uploads\/2018\/06\/Collage-verjaardag-Joseph-Cuypers-Jun-10-2018.png?fit=1200%2C724&ssl=1&resize=1050%2C600 3x"},"classes":[]},{"id":14763,"url":"https:\/\/www.vanhellenberghubar.org\/index.php\/archief\/webitems\/wie-is-wie-in-de-jcc\/","url_meta":{"origin":12994,"position":3},"title":"Wie is wie in de JCC (Joseph Cuypers Collectie)","author":"Bernadette van Hellenberg Hubar","date":"15 juni 2019","format":false,"excerpt":"Wie is wie in de JCC? \u2014 Op deze pagina van het open atelier van de Joseph Cuypers Collectie introduceren we de spelers en figuranten in het levensverhaal van onze architect\/kunstenaar\/pater familias\/netwerker\/zoon van Pierre J.H. Cuypers et cetera.\u00a0Denk eraan, dit is een groeidocument: omdat er voortdurend aan veranderd wordt, staan\u2026","rel":"","context":"In \"Charles J.A.G. Cuypers (1906-1985)\"","block_context":{"text":"Charles J.A.G. Cuypers (1906-1985)","link":"https:\/\/www.vanhellenberghubar.org\/index.php\/tag\/charles-j-a-g-cuypers-1906-1985\/"},"img":{"alt_text":"Pierre J.J.M. Cuypers beschikte over een vliegbrevet. Wanneer de foto precies genomen is, is niet bekend (GAR JCC, fotonummer P1310611).","src":"https:\/\/i0.wp.com\/www.vanhellenberghubar.org\/wp-content\/uploads\/2019\/06\/Pierre-J.J.M.-Cuypers-JCC-P1310611.jpg?fit=1052%2C745&ssl=1&resize=350%2C200","width":350,"height":200,"srcset":"https:\/\/i0.wp.com\/www.vanhellenberghubar.org\/wp-content\/uploads\/2019\/06\/Pierre-J.J.M.-Cuypers-JCC-P1310611.jpg?fit=1052%2C745&ssl=1&resize=350%2C200 1x, https:\/\/i0.wp.com\/www.vanhellenberghubar.org\/wp-content\/uploads\/2019\/06\/Pierre-J.J.M.-Cuypers-JCC-P1310611.jpg?fit=1052%2C745&ssl=1&resize=525%2C300 1.5x, https:\/\/i0.wp.com\/www.vanhellenberghubar.org\/wp-content\/uploads\/2019\/06\/Pierre-J.J.M.-Cuypers-JCC-P1310611.jpg?fit=1052%2C745&ssl=1&resize=700%2C400 2x, https:\/\/i0.wp.com\/www.vanhellenberghubar.org\/wp-content\/uploads\/2019\/06\/Pierre-J.J.M.-Cuypers-JCC-P1310611.jpg?fit=1052%2C745&ssl=1&resize=1050%2C600 3x"},"classes":[]},{"id":12053,"url":"https:\/\/www.vanhellenberghubar.org\/index.php\/archief\/webitems\/varia-deel-1\/","url_meta":{"origin":12994,"position":4},"title":"Varia deel 1 | Van Th\u00e9r\u00e8se Schwartze en de regie &#038; in de JCC","author":"Bernadette van Hellenberg Hubar","date":"26 mei 2018","format":false,"excerpt":"Varia deel 1 van de JCC\u00a0 \u2014 Een mens komt zoveel tegen als hij bezig is met historische stukken. Rijp, maar vooral groen passeren allerlei zaken de revue. Bij een collectie gaat het dan niet alleen om de inhoud, maar ook om de vorm. Hoe werden de stukken bewaard en\u2026","rel":"","context":"In \"allerlei\"","block_context":{"text":"allerlei","link":"https:\/\/www.vanhellenberghubar.org\/index.php\/tag\/allerlei\/"},"img":{"alt_text":"Pierre J.H. Cuypers (I) door Th\u00e9r\u00e8se Schwartze (1885-1909). Herkomst en verblijfplaats Rijksmuseum.","src":"https:\/\/i0.wp.com\/www.vanhellenberghubar.org\/wp-content\/uploads\/2018\/06\/Rijksmuseum-P.J.H.-Cuypers-door-Therese-Schwartze-SK-A-4948.jpg?fit=965%2C1200&ssl=1&resize=350%2C200","width":350,"height":200,"srcset":"https:\/\/i0.wp.com\/www.vanhellenberghubar.org\/wp-content\/uploads\/2018\/06\/Rijksmuseum-P.J.H.-Cuypers-door-Therese-Schwartze-SK-A-4948.jpg?fit=965%2C1200&ssl=1&resize=350%2C200 1x, https:\/\/i0.wp.com\/www.vanhellenberghubar.org\/wp-content\/uploads\/2018\/06\/Rijksmuseum-P.J.H.-Cuypers-door-Therese-Schwartze-SK-A-4948.jpg?fit=965%2C1200&ssl=1&resize=525%2C300 1.5x, https:\/\/i0.wp.com\/www.vanhellenberghubar.org\/wp-content\/uploads\/2018\/06\/Rijksmuseum-P.J.H.-Cuypers-door-Therese-Schwartze-SK-A-4948.jpg?fit=965%2C1200&ssl=1&resize=700%2C400 2x"},"classes":[]},{"id":12101,"url":"https:\/\/www.vanhellenberghubar.org\/index.php\/archief\/webitems\/joseph-cuypers-collectie-bibliografie\/","url_meta":{"origin":12994,"position":5},"title":"Joseph Cuypers Collectie bibliografie","author":"Bernadette van Hellenberg Hubar","date":"28 mei 2018","format":false,"excerpt":"Bij dit project is gekozen voor een aparte bibliografie on line ter ondersteuning van de verschillende blogs et cetera. De bronnen zijn deels opgemaakt met Zotero\u00a0en deels afkomstig uit oudere bibliografie\u00ebn, zoals die van De genade van de steiger en De nieuwe Bavo te Haarlem. Vandaar dat bij enkele titels\u2026","rel":"","context":"In \"bibliografie\"","block_context":{"text":"bibliografie","link":"https:\/\/www.vanhellenberghubar.org\/index.php\/tag\/bibliografie\/"},"img":{"alt_text":"De Joseph Cuypers Collectie op het gemeentearchief van Roermond bestaat niet alleen uit archiefstukken, maar ook uit ontwerpen, topografische tekeningen, foto\u2019s en boeken. Foto bvhh.nu 2018.","src":"https:\/\/i0.wp.com\/www.vanhellenberghubar.org\/wp-content\/uploads\/2018\/05\/JoCuy-IMG_4131.png?fit=1200%2C900&ssl=1&resize=350%2C200","width":350,"height":200,"srcset":"https:\/\/i0.wp.com\/www.vanhellenberghubar.org\/wp-content\/uploads\/2018\/05\/JoCuy-IMG_4131.png?fit=1200%2C900&ssl=1&resize=350%2C200 1x, https:\/\/i0.wp.com\/www.vanhellenberghubar.org\/wp-content\/uploads\/2018\/05\/JoCuy-IMG_4131.png?fit=1200%2C900&ssl=1&resize=525%2C300 1.5x, https:\/\/i0.wp.com\/www.vanhellenberghubar.org\/wp-content\/uploads\/2018\/05\/JoCuy-IMG_4131.png?fit=1200%2C900&ssl=1&resize=700%2C400 2x, https:\/\/i0.wp.com\/www.vanhellenberghubar.org\/wp-content\/uploads\/2018\/05\/JoCuy-IMG_4131.png?fit=1200%2C900&ssl=1&resize=1050%2C600 3x"},"classes":[]}],"jetpack_likes_enabled":true,"_links":{"self":[{"href":"https:\/\/www.vanhellenberghubar.org\/index.php\/wp-json\/wp\/v2\/pages\/12994","targetHints":{"allow":["GET"]}}],"collection":[{"href":"https:\/\/www.vanhellenberghubar.org\/index.php\/wp-json\/wp\/v2\/pages"}],"about":[{"href":"https:\/\/www.vanhellenberghubar.org\/index.php\/wp-json\/wp\/v2\/types\/page"}],"author":[{"embeddable":true,"href":"https:\/\/www.vanhellenberghubar.org\/index.php\/wp-json\/wp\/v2\/users\/2"}],"replies":[{"embeddable":true,"href":"https:\/\/www.vanhellenberghubar.org\/index.php\/wp-json\/wp\/v2\/comments?post=12994"}],"version-history":[{"count":213,"href":"https:\/\/www.vanhellenberghubar.org\/index.php\/wp-json\/wp\/v2\/pages\/12994\/revisions"}],"predecessor-version":[{"id":19638,"href":"https:\/\/www.vanhellenberghubar.org\/index.php\/wp-json\/wp\/v2\/pages\/12994\/revisions\/19638"}],"up":[{"embeddable":true,"href":"https:\/\/www.vanhellenberghubar.org\/index.php\/wp-json\/wp\/v2\/pages\/13082"}],"wp:featuredmedia":[{"embeddable":true,"href":"https:\/\/www.vanhellenberghubar.org\/index.php\/wp-json\/wp\/v2\/media\/15750"}],"wp:attachment":[{"href":"https:\/\/www.vanhellenberghubar.org\/index.php\/wp-json\/wp\/v2\/media?parent=12994"}],"wp:term":[{"taxonomy":"post_tag","embeddable":true,"href":"https:\/\/www.vanhellenberghubar.org\/index.php\/wp-json\/wp\/v2\/tags?post=12994"}],"curies":[{"name":"wp","href":"https:\/\/api.w.org\/{rel}","templated":true}]}}